{"id":137,"date":"2018-06-03T22:09:14","date_gmt":"2018-06-03T20:09:14","guid":{"rendered":"https:\/\/ch2021.ch\/?page_id=137"},"modified":"2022-05-01T17:35:40","modified_gmt":"2022-05-01T15:35:40","slug":"associazione","status":"publish","type":"page","link":"https:\/\/ch2021.ch\/it\/associazione\/","title":{"rendered":"Associazione"},"content":{"rendered":"\n<style type=\"text\/css\" data-created_by=\"avia_inline_auto\" id=\"style-css-av-jkjmqted-96d309932e062c5df088f1a8463b3a0b\">\n.avia-section.av-jkjmqted-96d309932e062c5df088f1a8463b3a0b{\nbackground-color:#7ecdca;\nbackground:linear-gradient( to bottom right, #7ecdca, #ff7707 );\n}\n.avia-section.av-jkjmqted-96d309932e062c5df088f1a8463b3a0b .av-extra-border-element .av-extra-border-inner{\nbackground-color:#ffffff;\n}\n<\/style>\n<div id='av_section_1'  class='avia-section av-jkjmqted-96d309932e062c5df088f1a8463b3a0b header_color avia-section-no-padding avia-no-shadow  avia-builder-el-0  el_before_av_section  avia-builder-el-first  avia-bg-style-scroll av-minimum-height av-minimum-height-custom av-height-custom  container_wrap sidebar_right'   data-av_minimum_height_px='350'><div class='container av-section-cont-open' style='height:350px'><main  role=\"main\" itemprop=\"mainContentOfPage\"  class='template-page content  av-content-small alpha units'><div class='post-entry post-entry-type-page post-entry-137'><div class='entry-content-wrapper clearfix'>\n\n<style type=\"text\/css\" data-created_by=\"avia_inline_auto\" id=\"style-css-av-1xn9f-60a3102d85cb0bac4be34634a8c4da3f\">\n.flex_column.av-1xn9f-60a3102d85cb0bac4be34634a8c4da3f{\nborder-radius:0px 0px 0px 0px;\npadding:0px 0px 0px 0px;\n}\n<\/style>\n<div  class='flex_column av-1xn9f-60a3102d85cb0bac4be34634a8c4da3f av_one_full  avia-builder-el-1  avia-builder-el-no-sibling  first flex_column_div av-animated-generic pop-up av-zero-column-padding  '     ><style type=\"text\/css\" data-created_by=\"avia_inline_auto\" id=\"style-css-av-jzttkcrf-1f862926bc18ecfc9159905d00d1c84e\">\n#top .av-special-heading.av-jzttkcrf-1f862926bc18ecfc9159905d00d1c84e{\npadding-bottom:10px;\nfont-size:5vw;\n}\nbody .av-special-heading.av-jzttkcrf-1f862926bc18ecfc9159905d00d1c84e .av-special-heading-tag .heading-char{\nfont-size:25px;\n}\n#top #wrap_all .av-special-heading.av-jzttkcrf-1f862926bc18ecfc9159905d00d1c84e .av-special-heading-tag{\nfont-size:5vw;\n}\n.av-special-heading.av-jzttkcrf-1f862926bc18ecfc9159905d00d1c84e .av-subheading{\nfont-size:15px;\n}\n\n@media only screen and (min-width: 480px) and (max-width: 767px){ \n#top #wrap_all .av-special-heading.av-jzttkcrf-1f862926bc18ecfc9159905d00d1c84e .av-special-heading-tag{\nfont-size:0.8em;\n}\n}\n\n@media only screen and (max-width: 479px){ \n#top #wrap_all .av-special-heading.av-jzttkcrf-1f862926bc18ecfc9159905d00d1c84e .av-special-heading-tag{\nfont-size:0.8em;\n}\n}\n<\/style>\n<div  class='av-special-heading av-jzttkcrf-1f862926bc18ecfc9159905d00d1c84e av-special-heading-h1 blockquote modern-quote  avia-builder-el-2  avia-builder-el-no-sibling  av-inherit-size'><h1 class='av-special-heading-tag '  itemprop=\"headline\"  >Associazione<\/h1><div class=\"special-heading-border\"><div class=\"special-heading-inner-border\"><\/div><\/div><\/div><\/div>\n\n<\/div><\/div><\/main><!-- close content main element --><\/div><div class='av-extra-border-element border-extra-diagonal border-extra-diagonal-inverse '><div class='av-extra-border-outer'><div class='av-extra-border-inner'><\/div><\/div><\/div><\/div><div id='av_section_2'  class='avia-section av-1fivo-75596acf190f84408c561d0d4dcff2b0 main_color avia-section-default avia-no-border-styling  avia-builder-el-3  el_after_av_section  avia-builder-el-last  avia-bg-style-scroll container_wrap sidebar_right'  ><div class='container av-section-cont-open' ><div class='template-page content  av-content-small alpha units'><div class='post-entry post-entry-type-page post-entry-137'><div class='entry-content-wrapper clearfix'>\n<section  class='av_textblock_section av-p69o-f6e908e53bb56d0c9df80319ebde2a04 '   itemscope=\"itemscope\" itemtype=\"https:\/\/schema.org\/CreativeWork\" ><div class='avia_textblock'  itemprop=\"text\" ><p>Nel 2021, abbiamo celebrato il cinquantesimo anniversario del suffragio femminile in Svizzera. Si trattato di un\u2019ottima occasione per riflettere su che cosa questo cambiamento abbia portato alle donne, alla politica, alla scienza, alla cultura e alla societ\u00e0 nel nostro paese, ma anche su come mai sia stato necessario attendere tanto, sulla strada percorsa per riuscirvi e sull\u2019importanza fondamentale del suffragio e dell\u2019eleggibilit\u00e0 femminili per la democrazia elvetica. Che cosa significa per il concetto di democrazia di ciascuno di noi il fatto che la met\u00e0 della popolazione \u00e8 stata esclusa cos\u00ec a lungo? Quali effetti ha avuto? Uno sguardo all\u2019evoluzione negli ultimi cinquant\u2019anni ha indotto una riflessione sullo stato attuale della nostra democrazia, una riflessione che abbiamo inteso incentivare e allargare a quante pi\u00f9 persone possibile.<\/p>\n<p>Al fine di coordinare al meglio le attivit\u00e0 previste nel quadro dell\u2019anniversario, l\u2019associazione CH2021 ha creato una piattaforma informativa (online e offline) trilingue, al centro della quale c\u2019era una <strong>cartina delle iniziative<\/strong> interattiva, pubblica e aggiornata regolarmente. Con l\u2019ausilio di tale cartina e del sito ch2021.ch, gli interessati potevano farsi un\u2019idea delle persone, delle organizzazioni e degli istituti coinvolti, nonch\u00e9 delle iniziative e dei progetti lanciati in occasione dell\u2019anniversario.<\/p>\n<\/div><\/section>\n<div  class='flex_column av-a8sc9-6d220606d5158b159896685249669f83 av_one_full  avia-builder-el-5  el_after_av_textblock  el_before_av_hr  first flex_column_div  column-top-margin'     ><p>\n<style type=\"text\/css\" data-created_by=\"avia_inline_auto\" id=\"style-css-av-l2nge434-18d11f4036b189a05991d40a8ed30de1\">\n#top .av-special-heading.av-l2nge434-18d11f4036b189a05991d40a8ed30de1{\npadding-bottom:10px;\ncolor:#181971;\nfont-size:3.5vw;\n}\nbody .av-special-heading.av-l2nge434-18d11f4036b189a05991d40a8ed30de1 .av-special-heading-tag .heading-char{\nfont-size:25px;\n}\n#top #wrap_all .av-special-heading.av-l2nge434-18d11f4036b189a05991d40a8ed30de1 .av-special-heading-tag{\nfont-size:3.5vw;\n}\n.av-special-heading.av-l2nge434-18d11f4036b189a05991d40a8ed30de1 .special-heading-inner-border{\nborder-color:#181971;\n}\n.av-special-heading.av-l2nge434-18d11f4036b189a05991d40a8ed30de1 .av-subheading{\nfont-size:15px;\n}\n\n@media only screen and (min-width: 768px) and (max-width: 989px){ \n#top #wrap_all .av-special-heading.av-l2nge434-18d11f4036b189a05991d40a8ed30de1 .av-special-heading-tag{\nfont-size:65px;\n}\n}\n\n@media only screen and (min-width: 480px) and (max-width: 767px){ \n#top #wrap_all .av-special-heading.av-l2nge434-18d11f4036b189a05991d40a8ed30de1 .av-special-heading-tag{\nfont-size:54px;\n}\n}\n\n@media only screen and (max-width: 479px){ \n#top #wrap_all .av-special-heading.av-l2nge434-18d11f4036b189a05991d40a8ed30de1 .av-special-heading-tag{\nfont-size:48px;\n}\n}\n<\/style>\n<div  class='av-special-heading av-l2nge434-18d11f4036b189a05991d40a8ed30de1 av-special-heading-h4 custom-color-heading blockquote modern-quote modern-centered  avia-builder-el-6  el_before_av_textblock  avia-builder-el-first  av-inherit-size av-linked-heading'><h4 class='av-special-heading-tag '  itemprop=\"headline\"  ><span class='special_amp'>&#8220;<\/span>L\u2019anno scorso \u00e8 stato molto significativo, prezioso e intenso. Pieno di incontri, pensieri, attivit\u00e0, scoperte\u2026 un\u2019abbondanza che avevamo auspicato e che \u00e8 arrivata.<span class='special_amp'>&#8221;<\/span><\/h4><div class=\"special-heading-border\"><div class=\"special-heading-inner-border\"><\/div><\/div><\/div><br \/>\n\n<style type=\"text\/css\" data-created_by=\"avia_inline_auto\" id=\"style-css-av-l2ngf2bz-797cf323a60162f240fba816ff984d28\">\n#top .av_textblock_section.av-l2ngf2bz-797cf323a60162f240fba816ff984d28 .avia_textblock{\nfont-size:15px;\n}\n<\/style>\n<section  class='av_textblock_section av-l2ngf2bz-797cf323a60162f240fba816ff984d28 '   itemscope=\"itemscope\" itemtype=\"https:\/\/schema.org\/CreativeWork\" ><div class='avia_textblock'  itemprop=\"text\" ><p style=\"text-align: center;\">Zita K\u00fcng, presidente dell&#8217;associazione CH2021 nel marzo 2022<\/p>\n<\/div><\/section><\/p><\/div>\n<style type=\"text\/css\" data-created_by=\"avia_inline_auto\" id=\"style-css-av-jxyrg20q-10c87e94e1edc51a08c274604af83ede\">\n#top .hr.av-jxyrg20q-10c87e94e1edc51a08c274604af83ede{\nmargin-top:50px;\nmargin-bottom:90px;\n}\n.hr.av-jxyrg20q-10c87e94e1edc51a08c274604af83ede .hr-inner{\nwidth:40px;\nborder-color:#ff7707;\nmax-width:45%;\n}\n.hr.av-jxyrg20q-10c87e94e1edc51a08c274604af83ede .av-seperator-icon{\ncolor:#ff7707;\n}\n.hr.av-jxyrg20q-10c87e94e1edc51a08c274604af83ede .av-seperator-icon.avia-svg-icon svg:first-child{\nfill:#ff7707;\nstroke:#ff7707;\n}\n<\/style>\n<div  class='hr av-jxyrg20q-10c87e94e1edc51a08c274604af83ede hr-custom  avia-builder-el-8  el_after_av_one_full  el_before_av_heading  hr-center hr-icon-yes'><span class='hr-inner inner-border-av-border-thin'><span class=\"hr-inner-style\"><\/span><\/span><span class='av-seperator-icon avia-iconfont avia-font-entypo-fontello' data-av_icon='\ue89a' data-av_iconfont='entypo-fontello' ><\/span><span class='hr-inner inner-border-av-border-thin'><span class=\"hr-inner-style\"><\/span><\/span><\/div>\n\n<style type=\"text\/css\" data-created_by=\"avia_inline_auto\" id=\"style-css-av-mdx81-aea06fd4861b58a991576f6624cc8e15\">\n#top .av-special-heading.av-mdx81-aea06fd4861b58a991576f6624cc8e15{\nmargin:50px 0 0 0;\npadding-bottom:10px;\n}\nbody .av-special-heading.av-mdx81-aea06fd4861b58a991576f6624cc8e15 .av-special-heading-tag .heading-char{\nfont-size:25px;\n}\n.av-special-heading.av-mdx81-aea06fd4861b58a991576f6624cc8e15 .av-subheading{\nfont-size:15px;\n}\n<\/style>\n<div  class='av-special-heading av-mdx81-aea06fd4861b58a991576f6624cc8e15 av-special-heading-h2 blockquote modern-quote  avia-builder-el-9  el_after_av_hr  el_before_av_textblock '><h2 class='av-special-heading-tag '  itemprop=\"headline\"  >Promotrici:<\/h2><div class=\"special-heading-border\"><div class=\"special-heading-inner-border\"><\/div><\/div><\/div>\n<section  class='av_textblock_section av-p69o-2-d9363602337c8d54de2fc0c97140c4fd '   itemscope=\"itemscope\" itemtype=\"https:\/\/schema.org\/CreativeWork\" ><div class='avia_textblock'  itemprop=\"text\" ><p>L\u2019associazione CH2021 \u00e8 stata costituita il 14 giugno 2018 nel tradizionale Caf\u00e9 F\u00e9d\u00e9ral di Berna, su iniziativa della professoressa basilese per studi di genere prof.ssa dott.ssa <a href=\"https:\/\/ch2021.ch\/it\/comitato-e-team\/\" target=\"_blank\" rel=\"noopener\">Andrea Maihofer<\/a> e del membro del Consiglio di fondazione FRI lic. iur. <a href=\"https:\/\/ch2021.ch\/it\/comitato-e-team\/\" target=\"_blank\" rel=\"noopener\">Zita K\u00fcng<\/a>.<\/p>\n<\/div><\/section>\n\n<style type=\"text\/css\" data-created_by=\"avia_inline_auto\" id=\"style-css-av-e9w3t-af0d47bfee22c2064d444d6dab7255ab\">\n#top .av-special-heading.av-e9w3t-af0d47bfee22c2064d444d6dab7255ab{\nmargin:50px 0 0 0;\npadding-bottom:10px;\n}\nbody .av-special-heading.av-e9w3t-af0d47bfee22c2064d444d6dab7255ab .av-special-heading-tag .heading-char{\nfont-size:25px;\n}\n.av-special-heading.av-e9w3t-af0d47bfee22c2064d444d6dab7255ab .av-subheading{\nfont-size:15px;\n}\n<\/style>\n<div  class='av-special-heading av-e9w3t-af0d47bfee22c2064d444d6dab7255ab av-special-heading-h2 blockquote modern-quote  avia-builder-el-11  el_after_av_textblock  el_before_av_textblock '><h2 class='av-special-heading-tag '  itemprop=\"headline\"  >Fondatrici:<\/h2><div class=\"special-heading-border\"><div class=\"special-heading-inner-border\"><\/div><\/div><\/div>\n<section  class='av_textblock_section av-jxyrfstm-e7bb7a501a338fcb6827f1c1522176dc '   itemscope=\"itemscope\" itemtype=\"https:\/\/schema.org\/CreativeWork\" ><div class='avia_textblock'  itemprop=\"text\" ><ul>\n<li><a href=\"http:\/\/100frauen.ch\/tag\/margrith-bigler-eggenberger\/\" target=\"_blank\" rel=\"noopener\">Margrith Bigler-Eggenberger<\/a> (prima Giudice federale svizzera, solo in tedesco)<\/li>\n<li><a href=\"https:\/\/www.admin.ch\/gov\/it\/pagina-iniziale\/consiglio-federale\/membri-del-consiglio-federale\/ruth-dreifuss.html\" target=\"_blank\" rel=\"noopener\">Ruth Dreifuss<\/a> (gi\u00e0 Consigliera federale)<\/li>\n<li><a href=\"https:\/\/www.parlament.ch\/it\/biografie\/chiara-simoneschi-cortesi\/511\" target=\"_blank\" rel=\"noopener\">Chiara Simoneschi-Cortesi<\/a> (gi\u00e0 Presidente del Consiglio nazionale)<\/li>\n<li>Susanne Leuzinger-Naef (gi\u00e0 Vicepresidente del Tribunale federale)<\/li>\n<li><a href=\"https:\/\/genderstudies.philhist.unibas.ch\/de\/personen\/andrea-maihofer\/\" target=\"_blank\" rel=\"noopener\">Andrea Maihofer<\/a> (professoressa all\u2019Universit\u00e0 di Basilea, solo in tedesco)<\/li>\n<li>Yvonne Sch\u00e4rli (Presidente della Commissione federale per le questioni femminili)<\/li>\n<li><a href=\"https:\/\/www.mayagraf.ch\/\" target=\"_blank\" rel=\"noopener\">Maya Graf<\/a> (co-Presidente di Alliance F, solo in tedesco)<\/li>\n<li><a href=\"http:\/\/www.kathrinbertschy.ch\/\" target=\"_blank\" rel=\"noopener\">Kathrin Bertschy<\/a> (co-Presidente di Alliance F, solo in tedesco)<\/li>\n<li>Petra Volpe (regista de <a href=\"https:\/\/www.rsi.ch\/la1\/film-e-telefilm\/film\/Lordine-divino-11526808.html\" target=\"_blank\" rel=\"noopener\">\u00abL&#8217;ordine divino\u00bb<\/a>)<\/li>\n<li><a href=\"https:\/\/www.equality-consulting.ch\/\" target=\"_blank\" rel=\"noopener\">Zita K\u00fcng<\/a> (membro del Consiglio di fondazione FRI, solo in tedesco)<\/li>\n<\/ul>\n<\/div><\/section>\n\n<style type=\"text\/css\" data-created_by=\"avia_inline_auto\" id=\"style-css-av-b9to9-53278e54a016ccd8d1dfeb2e2e12c32b\">\n#top .av-special-heading.av-b9to9-53278e54a016ccd8d1dfeb2e2e12c32b{\nmargin:50px 0 0 0;\npadding-bottom:10px;\n}\nbody .av-special-heading.av-b9to9-53278e54a016ccd8d1dfeb2e2e12c32b .av-special-heading-tag .heading-char{\nfont-size:25px;\n}\n.av-special-heading.av-b9to9-53278e54a016ccd8d1dfeb2e2e12c32b .av-subheading{\nfont-size:15px;\n}\n<\/style>\n<div  class='av-special-heading av-b9to9-53278e54a016ccd8d1dfeb2e2e12c32b av-special-heading-h2 blockquote modern-quote  avia-builder-el-13  el_after_av_textblock  el_before_av_textblock '><h2 class='av-special-heading-tag '  itemprop=\"headline\"  >Organizzazioni costitutive:<\/h2><div class=\"special-heading-border\"><div class=\"special-heading-inner-border\"><\/div><\/div><\/div>\n<section  class='av_textblock_section av-jxyrfstm-1-f9c059eacc71e31090b66b25538a3dd6 '   itemscope=\"itemscope\" itemtype=\"https:\/\/schema.org\/CreativeWork\" ><div class='avia_textblock'  itemprop=\"text\" ><ul>\n<li><a href=\"http:\/\/www.genderlaw.ch\/deutsch\/fri\/startseite\/index.html\" target=\"_blank\" rel=\"noopener\">FRI \u2013 Istituto svizzero per scienze giuridiche femministe e gender law<\/a> (solo in tedesco)<\/li>\n<li><a href=\"https:\/\/lawandwomen.ch\" target=\"_blank\" rel=\"noopener\">Guiriste Svizzera<\/a><\/li>\n<li><a href=\"http:\/\/www.ig-frauenmuseum.ch\/\" target=\"_blank\" rel=\"noopener\">Interessengemeinschaft Frau und Museum<\/a>\u00a0(solo in tedesco)<\/li>\n<li><a href=\"https:\/\/alliancef.ch\/index.php\/de\/\" target=\"_blank\" rel=\"noopener\">Alliance F &#8211; Alleanza delle societ\u00e0 femminili svizzere<\/a>\u00a0(solo in tedesco)<\/li>\n<\/ul>\n<\/div><\/section>\n<section  class='av_textblock_section av-jy5qcvdq-088aeeadb243e302274c36ae0009d61f '   itemscope=\"itemscope\" itemtype=\"https:\/\/schema.org\/CreativeWork\" ><div class='avia_textblock'  itemprop=\"text\" ><p><a href=\"https:\/\/ch2021.ch\/wp-content\/uploads\/2019\/09\/Statuti-associazione-CH2021-29.08.2019-ITA.pdf\" target=\"_blank\" rel=\"noopener\">Qui<\/a> potete leggere gli statuti dell\u2019associazione.<\/p>\n<\/div><\/section>\n<\/div><\/div><\/div><!-- close content main div --><\/div><\/div><div id='after_section_2'  class='main_color av_default_container_wrap container_wrap sidebar_right'  ><div class='container av-section-cont-open' ><div class='template-page content  av-content-small alpha units'><div class='post-entry post-entry-type-page post-entry-137'><div class='entry-content-wrapper clearfix'>\n","protected":false},"excerpt":{"rendered":"","protected":false},"author":5,"featured_media":0,"parent":0,"menu_order":0,"comment_status":"closed","ping_status":"closed","template":"","meta":{"_monsterinsights_skip_tracking":false,"_monsterinsights_sitenote_active":false,"_monsterinsights_sitenote_note":"","_monsterinsights_sitenote_category":0,"footnotes":""},"class_list":["post-137","page","type-page","status-publish","hentry"],"_links":{"self":[{"href":"https:\/\/ch2021.ch\/it\/wp-json\/wp\/v2\/pages\/137","targetHints":{"allow":["GET"]}}],"collection":[{"href":"https:\/\/ch2021.ch\/it\/wp-json\/wp\/v2\/pages"}],"about":[{"href":"https:\/\/ch2021.ch\/it\/wp-json\/wp\/v2\/types\/page"}],"author":[{"embeddable":true,"href":"https:\/\/ch2021.ch\/it\/wp-json\/wp\/v2\/users\/5"}],"replies":[{"embeddable":true,"href":"https:\/\/ch2021.ch\/it\/wp-json\/wp\/v2\/comments?post=137"}],"version-history":[{"count":8,"href":"https:\/\/ch2021.ch\/it\/wp-json\/wp\/v2\/pages\/137\/revisions"}],"predecessor-version":[{"id":18248,"href":"https:\/\/ch2021.ch\/it\/wp-json\/wp\/v2\/pages\/137\/revisions\/18248"}],"wp:attachment":[{"href":"https:\/\/ch2021.ch\/it\/wp-json\/wp\/v2\/media?parent=137"}],"curies":[{"name":"wp","href":"https:\/\/api.w.org\/{rel}","templated":true}]}}