{"id":3574,"date":"2019-10-31T16:04:21","date_gmt":"2019-10-31T15:04:21","guid":{"rendered":"https:\/\/ch2021.ch\/?page_id=3574"},"modified":"2022-01-23T18:18:38","modified_gmt":"2022-01-23T17:18:38","slug":"testimonials","status":"publish","type":"page","link":"https:\/\/ch2021.ch\/rm\/testimonials\/","title":{"rendered":"Testimonials"},"content":{"rendered":"\n<style type=\"text\/css\" data-created_by=\"avia_inline_auto\" id=\"style-css-av-jkjmqted-96d309932e062c5df088f1a8463b3a0b\">\n.avia-section.av-jkjmqted-96d309932e062c5df088f1a8463b3a0b{\nbackground-color:#7ecdca;\nbackground:linear-gradient( to bottom right, #7ecdca, #ff7707 );\n}\n.avia-section.av-jkjmqted-96d309932e062c5df088f1a8463b3a0b .av-extra-border-element .av-extra-border-inner{\nbackground-color:#ffffff;\n}\n<\/style>\n<div id='av_section_1'  class='avia-section av-jkjmqted-96d309932e062c5df088f1a8463b3a0b header_color avia-section-no-padding avia-no-shadow  avia-builder-el-0  el_before_av_section  avia-builder-el-first  avia-bg-style-scroll av-minimum-height av-minimum-height-custom av-height-custom  container_wrap sidebar_right'   data-av_minimum_height_px='350'><div class='container av-section-cont-open' style='height:350px'><main  role=\"main\" itemprop=\"mainContentOfPage\"  class='template-page content  av-content-small alpha units'><div class='post-entry post-entry-type-page post-entry-3574'><div class='entry-content-wrapper clearfix'>\n\n<style type=\"text\/css\" data-created_by=\"avia_inline_auto\" id=\"style-css-av-1xn9f-60a3102d85cb0bac4be34634a8c4da3f\">\n.flex_column.av-1xn9f-60a3102d85cb0bac4be34634a8c4da3f{\nborder-radius:0px 0px 0px 0px;\npadding:0px 0px 0px 0px;\n}\n<\/style>\n<div  class='flex_column av-1xn9f-60a3102d85cb0bac4be34634a8c4da3f av_one_full  avia-builder-el-1  avia-builder-el-no-sibling  first flex_column_div av-animated-generic pop-up av-zero-column-padding  '     ><style type=\"text\/css\" data-created_by=\"avia_inline_auto\" id=\"style-css-av-k6usrbmx-73297a68b4359fafc4cb54ce2d1b9614\">\n#top .av-special-heading.av-k6usrbmx-73297a68b4359fafc4cb54ce2d1b9614{\npadding-bottom:10px;\nfont-size:5vw;\n}\nbody .av-special-heading.av-k6usrbmx-73297a68b4359fafc4cb54ce2d1b9614 .av-special-heading-tag .heading-char{\nfont-size:25px;\n}\n#top #wrap_all .av-special-heading.av-k6usrbmx-73297a68b4359fafc4cb54ce2d1b9614 .av-special-heading-tag{\nfont-size:5vw;\n}\n.av-special-heading.av-k6usrbmx-73297a68b4359fafc4cb54ce2d1b9614 .av-subheading{\nfont-size:15px;\n}\n\n@media only screen and (min-width: 480px) and (max-width: 767px){ \n#top #wrap_all .av-special-heading.av-k6usrbmx-73297a68b4359fafc4cb54ce2d1b9614 .av-special-heading-tag{\nfont-size:0.8em;\n}\n}\n\n@media only screen and (max-width: 479px){ \n#top #wrap_all .av-special-heading.av-k6usrbmx-73297a68b4359fafc4cb54ce2d1b9614 .av-special-heading-tag{\nfont-size:0.8em;\n}\n}\n<\/style>\n<div  class='av-special-heading av-k6usrbmx-73297a68b4359fafc4cb54ce2d1b9614 av-special-heading-h1 blockquote modern-quote  avia-builder-el-2  avia-builder-el-no-sibling  av-inherit-size av-linked-heading'><h1 class='av-special-heading-tag '  itemprop=\"headline\"  >Testimonials<\/h1><div class=\"special-heading-border\"><div class=\"special-heading-inner-border\"><\/div><\/div><\/div><\/div>\n\n<\/div><\/div><\/main><!-- close content main element --><\/div><div class='av-extra-border-element border-extra-diagonal border-extra-diagonal-inverse '><div class='av-extra-border-outer'><div class='av-extra-border-inner'><\/div><\/div><\/div><\/div><div id='av_section_2'  class='avia-section av-1fivo-75596acf190f84408c561d0d4dcff2b0 main_color avia-section-default avia-no-border-styling  avia-builder-el-3  el_after_av_section  el_before_av_one_full  avia-bg-style-scroll container_wrap sidebar_right'  ><div class='container av-section-cont-open' ><div class='template-page content  av-content-small alpha units'><div class='post-entry post-entry-type-page post-entry-3574'><div class='entry-content-wrapper clearfix'>\n<section  class='av_textblock_section av-p69o-53fc4d0bdd6f41acd9d885e59e13dbbc '   itemscope=\"itemscope\" itemtype=\"https:\/\/schema.org\/CreativeWork\" ><div class='avia_textblock'  itemprop=\"text\" ><p>Zahlreiche Pers\u00f6nlichkeiten aus Politik, Wirtschaft\u00a0und Gesellschaft unterst\u00fctzen die Jubil\u00e4umskampagne von CH2021.\u00a0Hier lesen Sie ihre Statements\u00a0zu 50 Jahren Stimm- und Wahlrecht f\u00fcr Frauen, aber auch\u00a0zu\u00a0den aktuellen Herausforderungen UNSERER DEMOKRATIE\u00a0rund um\u00a0die Themen\u00a0Gleichstellung und gleichberechtigte\u00a0politische\u00a0Teilhabe von Frauen und M\u00e4nnern.<\/p>\n<\/div><\/section>\n<\/div><\/div><\/div><!-- close content main div --><\/div><\/div><div id='after_section_2'  class='main_color av_default_container_wrap container_wrap sidebar_right'  ><div class='container av-section-cont-open' ><div class='template-page content  av-content-small alpha units'><div class='post-entry post-entry-type-page post-entry-3574'><div class='entry-content-wrapper clearfix'>\n\n<style type=\"text\/css\" data-created_by=\"avia_inline_auto\" id=\"style-css-av-7ukie-af1691b84ce252bb67c0e9765537827d\">\n.flex_column.av-7ukie-af1691b84ce252bb67c0e9765537827d{\nborder-radius:0px 0px 0px 0px;\npadding:0px 0px 0px 0px;\n}\n<\/style>\n<div  class='flex_column av-7ukie-af1691b84ce252bb67c0e9765537827d av_one_full  avia-builder-el-5  el_after_av_section  el_before_av_section  avia-builder-el-no-sibling  first flex_column_div av-zero-column-padding  '     ><div  class='avia-video av-kkv0c4p2-f6dddab692046385497cb09b67199d08 avia-video-16-9 av-no-preview-image avia-video-load-always avia-video-html5'  itemprop=\"video\" itemtype=\"https:\/\/schema.org\/VideoObject\"  data-original_url='https:\/\/ch2021.ch\/wp-content\/uploads\/2021\/02\/Jubilaeum_DE_16zu9.mp4'><video class='avia_video'    preload=\"auto\"  controls id='player_3574_570590267_207869172'><source src='https:\/\/ch2021.ch\/wp-content\/uploads\/2021\/02\/Jubilaeum_DE_16zu9.mp4' type='video\/mp4' \/><\/video><\/div><\/div>\n<\/div><\/div><\/div><!-- close content main div --><\/div><\/div><div id='av_section_3'  class='avia-section av-jkjmqted-6e72a3dbdbab44809a2195f75cbe6dd8 main_color avia-section-default avia-no-border-styling  avia-builder-el-7  el_after_av_one_full  avia-builder-el-last  avia-bg-style-scroll container_wrap sidebar_right'  ><div class='container av-section-cont-open' ><div class='template-page content  av-content-small alpha units'><div class='post-entry post-entry-type-page post-entry-3574'><div class='entry-content-wrapper clearfix'>\n\n<style type=\"text\/css\" data-created_by=\"avia_inline_auto\" id=\"style-css-av-4095ob-a31eca771dc9f8078ce3a9ac73ba9a65\">\n.flex_column.av-4095ob-a31eca771dc9f8078ce3a9ac73ba9a65{\nborder-radius:0px 0px 0px 0px;\npadding:0px 0px 0px 0px;\n}\n<\/style>\n<div  class='flex_column av-4095ob-a31eca771dc9f8078ce3a9ac73ba9a65 av_one_third  avia-builder-el-8  el_before_av_one_third  avia-builder-el-first  first flex_column_div av-zero-column-padding  '     ><section  class='avia-team-member av-jy496p8d-93e38ad2078dbe0b1a3e0d939c9b668a  avia-builder-el-9  avia-builder-el-no-sibling '  itemscope=\"itemscope\" itemtype=\"https:\/\/schema.org\/Person\" ><div class=\"team-img-container\"><img fetchpriority=\"high\" class='wp-image-3650 avia-img-lazy-loading-not-3650 avia_image avia_image_team' src='https:\/\/ch2021.ch\/wp-content\/uploads\/2019\/11\/1547738248049-200x300.jpg' alt='Karin Keller-Sutter'  itemprop=\"image\"   height=\"300\" width=\"200\" \/><\/div><h3 class='team-member-name '  itemprop=\"name\" >Karin Keller-Sutter<\/h3><div class='team-member-job-title '  itemprop=\"jobTitle\" >Bundesr\u00e4tin, Vorsteherin des Eidg. Justiz- und Polizeidepartements<\/div><div class='team-member-description '  itemprop=\"description\" ><p>Mit dem Frauenstimmrecht wurde die Grundlage f\u00fcr eine Demokratie geschaffen, in der Frauen und M\u00e4nner die gleichen Chancen haben und gemeinsam Verantwortung \u00fcbernehmen. Es war daher nicht nur eine demokratie-politische, sondern auch eine gesellschaftspolitische Errungenschaft.<\/p>\n<\/div><span class='hidden team-member-affiliation'  itemprop=\"affiliation\" >CH2021<\/span><\/section><\/div>\n<style type=\"text\/css\" data-created_by=\"avia_inline_auto\" id=\"style-css-av-6lkn17-6c7086f3d3ed85b0a727e7f6cea76414\">\n.flex_column.av-6lkn17-6c7086f3d3ed85b0a727e7f6cea76414{\nborder-radius:0px 0px 0px 0px;\npadding:0px 0px 0px 0px;\n}\n<\/style>\n<div  class='flex_column av-6lkn17-6c7086f3d3ed85b0a727e7f6cea76414 av_one_third  avia-builder-el-10  el_after_av_one_third  el_before_av_one_third  flex_column_div av-zero-column-padding  '     ><section  class='avia-team-member av-k2eu0vg9-4c88ed5d4f4a6f3bdc5483c69d622725  avia-builder-el-11  avia-builder-el-no-sibling '  itemscope=\"itemscope\" itemtype=\"https:\/\/schema.org\/Person\" ><div class=\"team-img-container\"><img fetchpriority=\"high\" class='wp-image-3604 avia-img-lazy-loading-not-3604 avia_image avia_image_team' src='https:\/\/ch2021.ch\/wp-content\/uploads\/2019\/10\/IMG_1344-300x300.jpg' alt='Yvonne Sch\u00e4rli'  itemprop=\"image\"   height=\"300\" width=\"300\" \/><\/div><h3 class='team-member-name '  itemprop=\"name\" >Yvonne Sch\u00e4rli<\/h3><div class='team-member-job-title '  itemprop=\"jobTitle\" >Pr\u00e4sidentin der Eidgen\u00f6ssischen Kommission f\u00fcr Frauenfragen EKF<\/div><div class='team-member-description '  itemprop=\"description\" ><p>Der Blick in die Geschichte zeigt: Frauenrechte m\u00fcssen erk\u00e4mpft werden. Den Schweizer*innen wurden die politischen Rechte besonders lange verwehrt. Es ist dem beharrlichen Einsatz vieler mutiger Frauen zu verdanken, dass wir 2021 nun 50 Jahre Frauenwahlrecht feiern - und damit auch die Einl\u00f6sung des zentralen Anspruchs einer Demokratie: das allgemeine Stimm- und Wahlrecht.<\/p>\n<\/div><span class='hidden team-member-affiliation'  itemprop=\"affiliation\" >CH2021<\/span><\/section><\/div>\n<style type=\"text\/css\" data-created_by=\"avia_inline_auto\" id=\"style-css-av-6lkn17-6c7086f3d3ed85b0a727e7f6cea76414\">\n.flex_column.av-6lkn17-6c7086f3d3ed85b0a727e7f6cea76414{\nborder-radius:0px 0px 0px 0px;\npadding:0px 0px 0px 0px;\n}\n<\/style>\n<div  class='flex_column av-6lkn17-6c7086f3d3ed85b0a727e7f6cea76414 av_one_third  avia-builder-el-12  el_after_av_one_third  el_before_av_one_third  flex_column_div av-zero-column-padding  '     ><section  class='avia-team-member av-jy496p8d-a26ead5d11da7a2848a3796f1b7a589c  avia-builder-el-13  avia-builder-el-no-sibling '  itemscope=\"itemscope\" itemtype=\"https:\/\/schema.org\/Person\" ><div class=\"team-img-container\"><img fetchpriority=\"high\" class='wp-image-3600 avia-img-lazy-loading-not-3600 avia_image avia_image_team' src='https:\/\/ch2021.ch\/wp-content\/uploads\/2019\/10\/HT_2019_Portr\u00e4t-218x300.jpg' alt='Helena Trachsel'  itemprop=\"image\"   height=\"300\" width=\"218\" \/><\/div><h3 class='team-member-name '  itemprop=\"name\" >Helena Trachsel<\/h3><div class='team-member-job-title '  itemprop=\"jobTitle\" >Leiterin der Fachstelle Gleichstellung des Kanton Z\u00fcrichs<\/div><div class='team-member-description '  itemprop=\"description\" ><p>\u00abEs scheint immer unm\u00f6glich, bis es geschafft ist\u00bb - Nelson Mandela<br \/>\nGenau das ist der springende Punkt. Auch wenn es unm\u00f6glich scheint, sollten wir uns weiterhin f\u00fcr einen 50:50 Frauenanteil im nationalen Parlament engagieren und somit unsere Vork\u00e4mpfer*innen mit dem 50 Jahre Frauenstimmrecht-Jubil\u00e4um im Kanton Z\u00fcrich und schweizweit 2020\/2021 w\u00fcrdigen.<\/p>\n<\/div><span class='hidden team-member-affiliation'  itemprop=\"affiliation\" >CH2021<\/span><\/section><\/div>\n<style type=\"text\/css\" data-created_by=\"avia_inline_auto\" id=\"style-css-av-6lkn17-acb04b16a4e7eeb860502a78c87bcb45\">\n.flex_column.av-6lkn17-acb04b16a4e7eeb860502a78c87bcb45{\nborder-radius:0px 0px 0px 0px;\npadding:0px 0px 0px 0px;\n}\n<\/style>\n<div  class='flex_column av-6lkn17-acb04b16a4e7eeb860502a78c87bcb45 av_one_third  avia-builder-el-14  el_after_av_one_third  el_before_av_one_third  first flex_column_div av-zero-column-padding  column-top-margin'     ><section  class='avia-team-member av-jy496p8d-8d44247be1b4bbde885f1806e22fa462  avia-builder-el-15  avia-builder-el-no-sibling '  itemscope=\"itemscope\" itemtype=\"https:\/\/schema.org\/Person\" ><div class=\"team-img-container\"><img fetchpriority=\"high\" class='wp-image-3584 avia-img-lazy-loading-not-3584 avia_image avia_image_team' src='https:\/\/ch2021.ch\/wp-content\/uploads\/2019\/10\/2533.jpg' alt='Chiara Simoneschi-Cortesi'  itemprop=\"image\"   height=\"260\" width=\"260\" \/><\/div><h3 class='team-member-name '  itemprop=\"name\" >Chiara Simoneschi-Cortesi<\/h3><div class='team-member-job-title '  itemprop=\"jobTitle\" >gi\u00e0 Presidente del Consiglio Nazionale e Fondatrice di CH2021<\/div><div class='team-member-description '  itemprop=\"description\" ><p>La concessione del diritto di voto nel 1971 fu un primo passo verso la democrazia. I successivi 50 anni ci hanno dimostrato che i cambiamenti sono molto lenti e che la parit\u00e0 tra donne e uomini non \u00e8 ancora realizzata. La Svizzera sar\u00e0 una piena democrazia solo quando donne e uomini saranno equamente rappresentate nelle istituzioni e nella societ\u00e0.<\/p>\n<\/div><span class='hidden team-member-affiliation'  itemprop=\"affiliation\" >CH2021<\/span><\/section><\/div>\n<style type=\"text\/css\" data-created_by=\"avia_inline_auto\" id=\"style-css-av-6lkn17-6c7086f3d3ed85b0a727e7f6cea76414\">\n.flex_column.av-6lkn17-6c7086f3d3ed85b0a727e7f6cea76414{\nborder-radius:0px 0px 0px 0px;\npadding:0px 0px 0px 0px;\n}\n<\/style>\n<div  class='flex_column av-6lkn17-6c7086f3d3ed85b0a727e7f6cea76414 av_one_third  avia-builder-el-16  el_after_av_one_third  el_before_av_one_third  flex_column_div av-zero-column-padding  column-top-margin'     ><section  class='avia-team-member av-jy496p8d-19dfc1eccb06d6d07649649577281cd8  avia-builder-el-17  avia-builder-el-no-sibling '  itemscope=\"itemscope\" itemtype=\"https:\/\/schema.org\/Person\" ><div class=\"team-img-container\"><img fetchpriority=\"high\" class='wp-image-3596 avia-img-lazy-loading-not-3596 avia_image avia_image_team' src='https:\/\/ch2021.ch\/wp-content\/uploads\/2019\/10\/Jessica-Zuber-300x225.jpg' alt='Jessica Zuber'  itemprop=\"image\"   height=\"225\" width=\"300\" \/><\/div><h3 class='team-member-name '  itemprop=\"name\" >Jessica Zuber<\/h3><div class='team-member-job-title '  itemprop=\"jobTitle\" >Kampagnenleiterin bei Alliance F<\/div><div class='team-member-description '  itemprop=\"description\" ><p>Wir sind weit davon entfernt, dass Frauen zu gleichen Teilen an politischen Entscheiden teilhaben. Es ist an der Zeit, dass Frauen die Gesetze, welche das Zusammenleben von uns allen gestalten, gleichermassen mitpr\u00e4gen.<\/p>\n<\/div><span class='hidden team-member-affiliation'  itemprop=\"affiliation\" >CH2021<\/span><\/section><\/div>\n<style type=\"text\/css\" data-created_by=\"avia_inline_auto\" id=\"style-css-av-2onddy-f9f5a771205240012f987c665e1519c4\">\n.flex_column.av-2onddy-f9f5a771205240012f987c665e1519c4{\nborder-radius:0px 0px 0px 0px;\npadding:0px 0px 0px 0px;\n}\n<\/style>\n<div  class='flex_column av-2onddy-f9f5a771205240012f987c665e1519c4 av_one_third  avia-builder-el-18  el_after_av_one_third  el_before_av_one_third  flex_column_div av-zero-column-padding  column-top-margin'     ><section  class='avia-team-member av-k2q3lht2-160d61dbe15ec81cf44fa88a4ccddcff  avia-builder-el-19  avia-builder-el-no-sibling '  itemscope=\"itemscope\" itemtype=\"https:\/\/schema.org\/Person\" ><div class=\"team-img-container\"><img fetchpriority=\"high\" class='wp-image-3674 avia-img-lazy-loading-not-3674 avia_image avia_image_team' src='https:\/\/ch2021.ch\/wp-content\/uploads\/2019\/11\/Foto-SL-292x300.jpg' alt='Susanne Leuzinger'  itemprop=\"image\"   height=\"300\" width=\"292\" \/><\/div><h3 class='team-member-name '  itemprop=\"name\" >Susanne Leuzinger<\/h3><div class='team-member-job-title '  itemprop=\"jobTitle\" >altBundesrichterin und Gr\u00fcndungsmitglied CH2021<\/div><div class='team-member-description '  itemprop=\"description\" ><p>Kaum zu glauben in einer der \u00e4ltesten Demokratien der Welt: Als ich zu studieren begann, konnten Frauen nicht als Bundesrichterinnen gew\u00e4hlt werden. Seither ist viel \u2013 aber nicht genug \u2013 passiert: Von den 38 Mitgliedern des Bundesgerichts sind 14 Frauen und 24 M\u00e4nner.<\/p>\n<\/div><span class='hidden team-member-affiliation'  itemprop=\"affiliation\" >CH2021<\/span><\/section><\/div>\n<style type=\"text\/css\" data-created_by=\"avia_inline_auto\" id=\"style-css-av-2qzlsm-1b801c876982c99bff6afc0652ebb7fb\">\n.flex_column.av-2qzlsm-1b801c876982c99bff6afc0652ebb7fb{\nborder-radius:0px 0px 0px 0px;\npadding:0px 0px 0px 0px;\n}\n<\/style>\n<div  class='flex_column av-2qzlsm-1b801c876982c99bff6afc0652ebb7fb av_one_third  avia-builder-el-20  el_after_av_one_third  el_before_av_one_third  first flex_column_div av-zero-column-padding  column-top-margin'     ><section  class='avia-team-member av-k6t9z3cr-ed26b093a22de640a2bc1a997e6e9d60  avia-builder-el-21  avia-builder-el-no-sibling '  itemscope=\"itemscope\" itemtype=\"https:\/\/schema.org\/Person\" ><div class=\"team-img-container\"><img fetchpriority=\"high\" class='wp-image-4163 avia-img-lazy-loading-not-4163 avia_image avia_image_team' src='https:\/\/ch2021.ch\/wp-content\/uploads\/2020\/02\/Germaine-Zenh\u00e4usern-200x300.jpg' alt='Germaine Zenh\u00e4user'  itemprop=\"image\"   height=\"300\" width=\"200\" \/><\/div><h3 class='team-member-name '  itemprop=\"name\" >Germaine Zenh\u00e4user<\/h3><div class='team-member-job-title '  itemprop=\"jobTitle\" >F\u00fcr die Rechte der Frau - in allen Belangen!<\/div><div class='team-member-description '  itemprop=\"description\" ><p>\"Man kommt sich auf dem Gebiete der Frauenfrage immer wie ein Wiederk\u00e4uer vor.\"<br \/>\nZitat von Hedwig Dohm (1831-1919, deutsche Schriftstellerin und feministische Theoretikerin)<\/p>\n<\/div><span class='hidden team-member-affiliation'  itemprop=\"affiliation\" >CH2021<\/span><\/section><\/div>\n<style type=\"text\/css\" data-created_by=\"avia_inline_auto\" id=\"style-css-av-35ziiu-d6cc0c56190b6f12b68aab36480d0dc5\">\n.flex_column.av-35ziiu-d6cc0c56190b6f12b68aab36480d0dc5{\nborder-radius:0px 0px 0px 0px;\npadding:0px 0px 0px 0px;\n}\n<\/style>\n<div  class='flex_column av-35ziiu-d6cc0c56190b6f12b68aab36480d0dc5 av_one_third  avia-builder-el-22  el_after_av_one_third  el_before_av_one_third  flex_column_div av-zero-column-padding  column-top-margin'     ><section  class='avia-team-member av-k2vuc494-2ac42b65728ad56f6ad374d602844f86  avia-builder-el-23  avia-builder-el-no-sibling '  itemscope=\"itemscope\" itemtype=\"https:\/\/schema.org\/Person\" ><div class=\"team-img-container\"><img fetchpriority=\"high\" class='wp-image-3210 avia-img-lazy-loading-not-3210 avia_image avia_image_team' src='https:\/\/ch2021.ch\/wp-content\/uploads\/2019\/09\/Zita-K\u00fcng-e1595938255690-300x300.jpg' alt='Zita K\u00fcng'  itemprop=\"image\"   height=\"300\" width=\"300\" \/><\/div><h3 class='team-member-name '  itemprop=\"name\" >Zita K\u00fcng<\/h3><div class='team-member-job-title '  itemprop=\"jobTitle\" >Pr\u00e4sidentin CH2021<\/div><div class='team-member-description '  itemprop=\"description\" ><p>Die Schweizer Demokratie ohne, wird eine mit Frauen. Wo stehen wir 2021 mit 50 Jahren Erfahrung? Einsch\u00e4tzungen, Austausch und Pl\u00e4ne f\u00fcr die Zukunft. Hopp Demokratie!<\/p>\n<\/div><span class='hidden team-member-affiliation'  itemprop=\"affiliation\" >CH2021<\/span><\/section><\/div>\n<style type=\"text\/css\" data-created_by=\"avia_inline_auto\" id=\"style-css-av-2mw55i-0230dc328337bfc71e395e0c569f50c7\">\n.flex_column.av-2mw55i-0230dc328337bfc71e395e0c569f50c7{\nborder-radius:0px 0px 0px 0px;\npadding:0px 0px 0px 0px;\n}\n<\/style>\n<div  class='flex_column av-2mw55i-0230dc328337bfc71e395e0c569f50c7 av_one_third  avia-builder-el-24  el_after_av_one_third  el_before_av_one_third  flex_column_div av-zero-column-padding  column-top-margin'     ><section  class='avia-team-member av-k5gro4xv-8f858f7a6ca0cac1ad8e8805f1bf8aa8  avia-builder-el-25  avia-builder-el-no-sibling '  itemscope=\"itemscope\" itemtype=\"https:\/\/schema.org\/Person\" ><div class=\"team-img-container\"><img fetchpriority=\"high\" class='wp-image-3943 avia-img-lazy-loading-not-3943 avia_image avia_image_team' src='https:\/\/ch2021.ch\/wp-content\/uploads\/2020\/01\/SEITZ_20190917_227-dellavalle-200x300.jpg' alt='Werner Seitz'  itemprop=\"image\"   height=\"300\" width=\"200\" \/><\/div><h3 class='team-member-name '  itemprop=\"name\" >Werner Seitz<\/h3><div class='team-member-job-title '  itemprop=\"jobTitle\" >Politologe<\/div><div class='team-member-description '  itemprop=\"description\" ><p>Die Geschichte der Frauenrepr\u00e4sentation in der Politik zeigt, dass sich die politische Gleichstellung nicht von selbst einstellt und dass auch einmal errungene Erfolge nicht automatisch garantiert bleiben. Wie einst um das Frauenstimmrecht muss nun um eine parit\u00e4tische Vertretung von Frauen und M\u00e4nnern in allen politischen Institutionen gek\u00e4mpft werden.<\/p>\n<\/div><span class='hidden team-member-affiliation'  itemprop=\"affiliation\" >CH2021<\/span><\/section><\/div>\n<style type=\"text\/css\" data-created_by=\"avia_inline_auto\" id=\"style-css-av-90d52-fb3ffb20ec2c473ec5b9f5ce786a06a5\">\n.flex_column.av-90d52-fb3ffb20ec2c473ec5b9f5ce786a06a5{\nborder-radius:0px 0px 0px 0px;\npadding:0px 0px 0px 0px;\n}\n<\/style>\n<div  class='flex_column av-90d52-fb3ffb20ec2c473ec5b9f5ce786a06a5 av_one_third  avia-builder-el-26  el_after_av_one_third  el_before_av_one_third  first flex_column_div av-zero-column-padding  column-top-margin'     ><section  class='avia-team-member av-k6c4rrl2-4acda10537786db9a974938971432ed0  avia-builder-el-27  avia-builder-el-no-sibling '  itemscope=\"itemscope\" itemtype=\"https:\/\/schema.org\/Person\" ><div class=\"team-img-container\"><img fetchpriority=\"high\" class='wp-image-4019 avia-img-lazy-loading-not-4019 avia_image avia_image_team' src='https:\/\/ch2021.ch\/wp-content\/uploads\/2020\/02\/Judith-Stamm-300x200.jpeg' alt='Judith Stamm'  itemprop=\"image\"   height=\"200\" width=\"300\" \/><\/div><h3 class='team-member-name '  itemprop=\"name\" >Judith Stamm<\/h3><div class='team-member-job-title '  itemprop=\"jobTitle\" >alt Nationalr\u00e4tin<\/div><div class='team-member-description '  itemprop=\"description\" ><p>Die durchschnittliche Stimmbeteiligung an eidgen\u00f6ssischen Volksabstimmungen betr\u00e4gt aktuell unter 50% (BA f\u00fcr Statistik).<\/p>\n<p>\"Was Du ererbt von Deinen M\u00fcttern hast, Erwirb es, um es zu besitzen. Was man nicht n\u00fctzt, ist eine schwere Last, Nur was der Augenblick erschafft, das kann er n\u00fctzen.\"<br \/>\nFrei nach Johann Wolfgang von Goethe (1749 - 1832), Faust, erster Teil<\/p>\n<\/div><span class='hidden team-member-affiliation'  itemprop=\"affiliation\" >CH2021<\/span><\/section><\/div>\n<style type=\"text\/css\" data-created_by=\"avia_inline_auto\" id=\"style-css-av-466ukr-cd4918aa9bc2bdece8ba8a00aa722147\">\n.flex_column.av-466ukr-cd4918aa9bc2bdece8ba8a00aa722147{\nborder-radius:0px 0px 0px 0px;\npadding:0px 0px 0px 0px;\n}\n<\/style>\n<div  class='flex_column av-466ukr-cd4918aa9bc2bdece8ba8a00aa722147 av_one_third  avia-builder-el-28  el_after_av_one_third  el_before_av_one_third  flex_column_div av-zero-column-padding  column-top-margin'     ><section  class='avia-team-member av-k2eu8b4q-6723dd68b268b955081afad00f4df129  avia-builder-el-29  avia-builder-el-no-sibling '  itemscope=\"itemscope\" itemtype=\"https:\/\/schema.org\/Person\" ><div class=\"team-img-container\"><img fetchpriority=\"high\" class='wp-image-1491 avia-img-lazy-loading-not-1491 avia_image avia_image_team' src='https:\/\/ch2021.ch\/wp-content\/uploads\/2019\/07\/Isabel-Rohner-by-Christian-Kruppa-283x300.jpg' alt='Isabel Rohner'  itemprop=\"image\"   height=\"300\" width=\"283\" \/><\/div><h3 class='team-member-name '  itemprop=\"name\" >Isabel Rohner<\/h3><div class='team-member-job-title '  itemprop=\"jobTitle\" >Publizistin und Wahlrechtsexpertin<\/div><div class='team-member-description '  itemprop=\"description\" ><p>Wenn wir 2021 in der Schweiz 50 Jahre Frauenwahlrecht feiern, feiern wir damit auch 50 Jahre Demokratie. Man kann nicht von Demokratie sprechen, wenn die H\u00e4lfte der Bev\u00f6lkerung kein Wahlrecht hat.<\/p>\n<\/div><span class='hidden team-member-affiliation'  itemprop=\"affiliation\" >CH2021<\/span><\/section><\/div>\n<style type=\"text\/css\" data-created_by=\"avia_inline_auto\" id=\"style-css-av-35wihy-3b8143d64a90c0a7c36226e5429989ba\">\n.flex_column.av-35wihy-3b8143d64a90c0a7c36226e5429989ba{\nborder-radius:0px 0px 0px 0px;\npadding:0px 0px 0px 0px;\n}\n<\/style>\n<div  class='flex_column av-35wihy-3b8143d64a90c0a7c36226e5429989ba av_one_third  avia-builder-el-30  el_after_av_one_third  el_before_av_one_third  flex_column_div av-zero-column-padding  column-top-margin'     ><section  class='avia-team-member av-k6j9k4m7-b5095a16dade6fd3d9543964101dc470  avia-builder-el-31  avia-builder-el-no-sibling '  itemscope=\"itemscope\" itemtype=\"https:\/\/schema.org\/Person\" ><div class=\"team-img-container\"><img fetchpriority=\"high\" class='wp-image-4107 avia-img-lazy-loading-not-4107 avia_image avia_image_team' src='https:\/\/ch2021.ch\/wp-content\/uploads\/2020\/02\/Carol_web-300x200.jpeg' alt='Carol Schafroth'  itemprop=\"image\"   height=\"200\" width=\"300\" \/><\/div><h3 class='team-member-name '  itemprop=\"name\" >Carol Schafroth<\/h3><div class='team-member-job-title '  itemprop=\"jobTitle\" >Gesch\u00e4ftsf\u00fchrerin Campus f\u00fcr Demokratie<\/div><div class='team-member-description '  itemprop=\"description\" ><p>Demokratie dient nicht dazu die beste L\u00f6sung, sondern gute Kompromisse zu finden. So tragen wir gemeinsam die Verantwortung f\u00fcr unsere Zukunft. Deshalb ist es so wichtig, dass m\u00f6glichst viele mitsprechen.<\/p>\n<\/div><span class='hidden team-member-affiliation'  itemprop=\"affiliation\" >CH2021<\/span><\/section><\/div>\n<style type=\"text\/css\" data-created_by=\"avia_inline_auto\" id=\"style-css-av-2xd5om-f64c88cadbb8fad1c9de287fb73ba8f8\">\n.flex_column.av-2xd5om-f64c88cadbb8fad1c9de287fb73ba8f8{\nborder-radius:0px 0px 0px 0px;\npadding:0px 0px 0px 0px;\n}\n<\/style>\n<div  class='flex_column av-2xd5om-f64c88cadbb8fad1c9de287fb73ba8f8 av_one_third  avia-builder-el-32  el_after_av_one_third  el_before_av_one_third  first flex_column_div av-zero-column-padding  column-top-margin'     ><section  class='avia-team-member av-k7p8fopz-d073bdc94e74cf78a8cf726994c50717  avia-builder-el-33  avia-builder-el-no-sibling '  itemscope=\"itemscope\" itemtype=\"https:\/\/schema.org\/Person\" ><div class=\"team-img-container\"><img fetchpriority=\"high\" class='wp-image-5519 avia-img-lazy-loading-not-5519 avia_image avia_image_team' src='https:\/\/ch2021.ch\/wp-content\/uploads\/2020\/05\/EleonoraHeim-225x300.jpg' alt='Eleonora Heim'  itemprop=\"image\"   height=\"300\" width=\"225\" \/><\/div><h3 class='team-member-name '  itemprop=\"name\" >Eleonora Heim<\/h3><div class='team-member-job-title '  itemprop=\"jobTitle\" >Vostandsmitglied Frauenstadtrundgang Basel<\/div><div class='team-member-description '  itemprop=\"description\" ><p>Der Kampf, bis einigen Frauen in der Schweiz ihre politischen Rechte zugesprochen wurde, war lang. K\u00e4mpfen wir weiter, f\u00fcr alle Frauen, die bis heute nicht mitbestimmen d\u00fcrfen \u2013 mit den Worten der US-amerikanischen Dichterin und Aktivistin Audre Lorde (1934-1992): \u00abI am not free while any woman is unfree, even when her shackles are very different from my own.\u00bb<\/p>\n<\/div><span class='hidden team-member-affiliation'  itemprop=\"affiliation\" >CH2021<\/span><\/section><\/div>\n<style type=\"text\/css\" data-created_by=\"avia_inline_auto\" id=\"style-css-av-36odl2-d0d7a9a0d33b9793b5d65e72a464cd2e\">\n.flex_column.av-36odl2-d0d7a9a0d33b9793b5d65e72a464cd2e{\nborder-radius:0px 0px 0px 0px;\npadding:0px 0px 0px 0px;\n}\n<\/style>\n<div  class='flex_column av-36odl2-d0d7a9a0d33b9793b5d65e72a464cd2e av_one_third  avia-builder-el-34  el_after_av_one_third  el_before_av_one_third  flex_column_div av-zero-column-padding  column-top-margin'     ><section  class='avia-team-member av-k7awq9ru-d7db22cd361bf8de0ff1098baa0b14ee  avia-builder-el-35  avia-builder-el-no-sibling '  itemscope=\"itemscope\" itemtype=\"https:\/\/schema.org\/Person\" ><div class=\"team-img-container\"><img fetchpriority=\"high\" class='wp-image-4365 avia-img-lazy-loading-not-4365 avia_image avia_image_team' src='https:\/\/ch2021.ch\/wp-content\/uploads\/2020\/03\/IMG_6088-225x300.jpg' alt='Luzius Wildhaber (1937-2020)'  itemprop=\"image\"   height=\"300\" width=\"225\" \/><\/div><h3 class='team-member-name '  itemprop=\"name\" >Luzius Wildhaber (1937-2020)<\/h3><div class='team-member-job-title '  itemprop=\"jobTitle\" >ehemaliger Professor und Pr\u00e4sident Europ\u00e4ischer Gerichtshofs f\u00fcr Menschenrechte <\/div><div class='team-member-description '  itemprop=\"description\" ><p>Die Einf\u00fchrung des Frauenstimmrechts war 1971 l\u00e4ngstens und offensichtlich geboten durch elementare Grunds\u00e4tze unseres Staates: Gleichheit und Gerechtigkeit, Demokratie und Menschenrechte. Ich h\u00e4tte ernsthaft M\u00fche gehabt, weiterhin in einem Land ohne Frauenstimmrecht zu leben.<\/p>\n<\/div><span class='hidden team-member-affiliation'  itemprop=\"affiliation\" >CH2021<\/span><\/section><\/div>\n<style type=\"text\/css\" data-created_by=\"avia_inline_auto\" id=\"style-css-av-47dbli-88ca7e6496098526b43042bd245f05e3\">\n.flex_column.av-47dbli-88ca7e6496098526b43042bd245f05e3{\nborder-radius:0px 0px 0px 0px;\npadding:0px 0px 0px 0px;\n}\n<\/style>\n<div  class='flex_column av-47dbli-88ca7e6496098526b43042bd245f05e3 av_one_third  avia-builder-el-36  el_after_av_one_third  el_before_av_one_third  flex_column_div av-zero-column-padding  column-top-margin'     ><section  class='avia-team-member av-k7awo5ox-557a49ec87e19e702e17c797b8601347  avia-builder-el-37  avia-builder-el-no-sibling '  itemscope=\"itemscope\" itemtype=\"https:\/\/schema.org\/Person\" ><div class=\"team-img-container\"><img fetchpriority=\"high\" class='wp-image-4361 avia-img-lazy-loading-not-4361 avia_image avia_image_team' src='https:\/\/ch2021.ch\/wp-content\/uploads\/2020\/03\/Foto-von-Tscharner-239x300.jpg' alt='Renata von Tscharner'  itemprop=\"image\"   height=\"300\" width=\"239\" \/><\/div><h3 class='team-member-name '  itemprop=\"name\" >Renata von Tscharner<\/h3><div class='team-member-job-title '  itemprop=\"jobTitle\" >Dipl. Arch. ETH, SIA; Mitglied der FBB Z\u00fcrich 1970\/71<\/div><div class='team-member-description '  itemprop=\"description\" ><p>Ich lebe in den Vereinigten Staaten. Wenn vom Frauenstimmrecht in der Schweiz die Rede ist, wird grosses Erstaunen laut angesichts der sp\u00e4ten Einf\u00fchrung 1971. Sowohl hier als auch in der Schweiz sind viele der erk\u00e4mpften Frauenrechte immer wieder gef\u00e4hrdet und m\u00fcssen wachsam gesch\u00fctzt und erweitert werden.<\/p>\n<\/div><span class='hidden team-member-affiliation'  itemprop=\"affiliation\" >CH2021<\/span><\/section><\/div>\n<style type=\"text\/css\" data-created_by=\"avia_inline_auto\" id=\"style-css-av-20u8wm-a2b80ec6b85a43157df279deb428e613\">\n.flex_column.av-20u8wm-a2b80ec6b85a43157df279deb428e613{\nborder-radius:0px 0px 0px 0px;\npadding:0px 0px 0px 0px;\n}\n<\/style>\n<div  class='flex_column av-20u8wm-a2b80ec6b85a43157df279deb428e613 av_one_third  avia-builder-el-38  el_after_av_one_third  el_before_av_one_third  first flex_column_div av-zero-column-padding  column-top-margin'     ><section  class='avia-team-member av-k88ne21f-27bb2facc158883a032d813c7f651ff2  avia-builder-el-39  avia-builder-el-no-sibling '  itemscope=\"itemscope\" itemtype=\"https:\/\/schema.org\/Person\" ><div class=\"team-img-container\"><img fetchpriority=\"high\" class='wp-image-5156 avia-img-lazy-loading-not-5156 avia_image avia_image_team' src='https:\/\/ch2021.ch\/wp-content\/uploads\/2020\/04\/Testimonial_Federica-De-Rossa.jpg' alt='Federica De Rossa'  itemprop=\"image\"   height=\"300\" width=\"215\" \/><\/div><h3 class='team-member-name '  itemprop=\"name\" >Federica De Rossa<\/h3><div class='team-member-job-title '  itemprop=\"jobTitle\" > Professoressa di Diritto e Giudice supplente del Tribunale federale<\/div><div class='team-member-description '  itemprop=\"description\" ><p>Il diritto di voto alle donne ha rappresentato l\u2018inizio di un processo di condivisione di responsabilit\u00e0 che deve portare ad un ripensamento delle modalit\u00e0 di (inter)azione in ogni ambito della societ\u00e0, ma che \u00e8 ancora lungi dall\u2019essere compiuto. Per accelerare il cambiamento, sono necessari interventi pi\u00f9 decisi nelle leggi: dobbiamo chiederli noi donne, ora che siamo pi\u00f9 presenti negli organi legislativi!<\/p>\n<\/div><span class='hidden team-member-affiliation'  itemprop=\"affiliation\" >CH2021<\/span><\/section><\/div>\n<style type=\"text\/css\" data-created_by=\"avia_inline_auto\" id=\"style-css-av-20u8wm-e73c36ca626902650de0d6791f1a867b\">\n.flex_column.av-20u8wm-e73c36ca626902650de0d6791f1a867b{\nborder-radius:0px 0px 0px 0px;\npadding:0px 0px 0px 0px;\n}\n<\/style>\n<div  class='flex_column av-20u8wm-e73c36ca626902650de0d6791f1a867b av_one_third  avia-builder-el-40  el_after_av_one_third  el_before_av_one_third  flex_column_div av-zero-column-padding  column-top-margin'     ><section  class='avia-team-member av-k88ne21f-48752ba2de210a166769f2e97dd26928  avia-builder-el-41  avia-builder-el-no-sibling '  itemscope=\"itemscope\" itemtype=\"https:\/\/schema.org\/Person\" ><div class=\"team-img-container\"><img fetchpriority=\"high\" class='wp-image-4831 avia-img-lazy-loading-not-4831 avia_image avia_image_team' src='https:\/\/ch2021.ch\/wp-content\/uploads\/2020\/03\/image002-1-300x244.jpg' alt='Val\u00e9rie Vuille'  itemprop=\"image\"   height=\"244\" width=\"300\" \/><\/div><h3 class='team-member-name '  itemprop=\"name\" >Val\u00e9rie Vuille<\/h3><div class='team-member-job-title '  itemprop=\"jobTitle\" > Directrice D\u00e9cadr\u00e9e, Institut de recherches et de formations sur l\u2019\u00e9galit\u00e9 dans les m\u00e9dias<\/div><div class='team-member-description '  itemprop=\"description\" ><p> C\u00e9l\u00e9brer 50 ans du droit de vote des femmes, c\u2019est prendre conscience du chemin accompli, mais aussi du chemin qu\u2019il reste \u00e0 accomplir. Les m\u00e9dias, la presse, mais aussi les r\u00e9seaux sociaux, la publicit\u00e9 et la langue, jouent un r\u00f4le central dans la d\u00e9mocratie et la participation. Or les in\u00e9galit\u00e9s y sont encore nombreuses. Il est temps de prendre le probl\u00e8me \u00e0 la racine et de lutter contre ces st\u00e9r\u00e9otypes pour que notre d\u00e9mocratie repose enfin sur des bases stables et \u00e9galitaires.<\/p>\n<\/div><span class='hidden team-member-affiliation'  itemprop=\"affiliation\" >CH2021<\/span><\/section><\/div>\n<style type=\"text\/css\" data-created_by=\"avia_inline_auto\" id=\"style-css-av-2xd5om-bc121c27bf03dd72364f6bdda22eec3d\">\n.flex_column.av-2xd5om-bc121c27bf03dd72364f6bdda22eec3d{\nborder-radius:0px 0px 0px 0px;\npadding:0px 0px 0px 0px;\n}\n<\/style>\n<div  class='flex_column av-2xd5om-bc121c27bf03dd72364f6bdda22eec3d av_one_third  avia-builder-el-42  el_after_av_one_third  el_before_av_one_third  flex_column_div av-zero-column-padding  column-top-margin'     ><section  class='avia-team-member av-k7p8fopz-1e51f0362b8bae98e2206d01426fc6cc  avia-builder-el-43  avia-builder-el-no-sibling '  itemscope=\"itemscope\" itemtype=\"https:\/\/schema.org\/Person\" ><div class=\"team-img-container\"><img fetchpriority=\"high\" class='wp-image-4599 avia-img-lazy-loading-not-4599 avia_image avia_image_team' src='https:\/\/ch2021.ch\/wp-content\/uploads\/2020\/03\/IMG_6314-215x300.jpg' alt='Carolina M\u00fcller-M\u00f6hl'  itemprop=\"image\"   height=\"300\" width=\"215\" \/><\/div><h3 class='team-member-name '  itemprop=\"name\" >Carolina M\u00fcller-M\u00f6hl<\/h3><div class='team-member-job-title '  itemprop=\"jobTitle\" >Pr\u00e4sidentin M\u00fcller-M\u00f6hl Group und M\u00fcller-M\u00f6hl Foundation<\/div><div class='team-member-description '  itemprop=\"description\" ><p>50 Jahre Frauenstimmrecht ist ein Grund zum Feiern. Nichtsdestotrotz sind Frauen heutzutage in vielen gesellschaftlichen Bereichen nicht gleichgestellt. Eine bessere Vereinbarkeit von Beruf und Familie k\u00f6nnte dieser Gesetzeswidrigkeit Abhilfe verschaffen. Und was hilft? 1) Einf\u00fchrung einer Individualbesteuerung mit h\u00f6heren Erwerbanreizen f\u00fcr Zweitverdienende in einer Partnerschaft, 2) schweizweite und bezahlbare externe Kinderbetreuung und 3) Ganztagesschulen!<\/p>\n<\/div><span class='hidden team-member-affiliation'  itemprop=\"affiliation\" >CH2021<\/span><\/section><\/div>\n<style type=\"text\/css\" data-created_by=\"avia_inline_auto\" id=\"style-css-av-20u8wm-a2b80ec6b85a43157df279deb428e613\">\n.flex_column.av-20u8wm-a2b80ec6b85a43157df279deb428e613{\nborder-radius:0px 0px 0px 0px;\npadding:0px 0px 0px 0px;\n}\n<\/style>\n<div  class='flex_column av-20u8wm-a2b80ec6b85a43157df279deb428e613 av_one_third  avia-builder-el-44  el_after_av_one_third  el_before_av_one_third  first flex_column_div av-zero-column-padding  column-top-margin'     ><section  class='avia-team-member av-k88ne21f-7c27fb8760fa4d8b9ac8d22d3803a779  avia-builder-el-45  avia-builder-el-no-sibling '  itemscope=\"itemscope\" itemtype=\"https:\/\/schema.org\/Person\" ><div class=\"team-img-container\"><img fetchpriority=\"high\" class='wp-image-8552 avia-img-lazy-loading-not-8552 avia_image avia_image_team' src='https:\/\/ch2021.ch\/wp-content\/uploads\/2020\/09\/Testimonial_aarau.jpg' alt='Andreas Glaser'  itemprop=\"image\"   height=\"200\" width=\"300\" \/><\/div><h3 class='team-member-name '  itemprop=\"name\" >Andreas Glaser<\/h3><div class='team-member-job-title '  itemprop=\"jobTitle\" > Direktor Zentrum f\u00fcr Demokratie Aarau<\/div><div class='team-member-description '  itemprop=\"description\" ><p>Erst mit dem Stimm- und Wahlrecht f\u00fcr Frauen wurde die Schweiz zu einer vollwertigen Demokratie. Bis Frauen effektiv in \u00c4mter gew\u00e4hlt wurden, dauerte es nochmals lange. Derzeit sind die Signale widerspr\u00fcchlich: Ausgewogene Verh\u00e4ltnisse in Bundesrat und einigen Kantonsregierungen (ZH, TG), r\u00fcckl\u00e4ufiger Frauenanteil in einigen Kantonsparlamenten und -regierungen.<\/p>\n<\/div><span class='hidden team-member-affiliation'  itemprop=\"affiliation\" >CH2021<\/span><\/section><\/div>\n<style type=\"text\/css\" data-created_by=\"avia_inline_auto\" id=\"style-css-av-20u8wm-e73c36ca626902650de0d6791f1a867b\">\n.flex_column.av-20u8wm-e73c36ca626902650de0d6791f1a867b{\nborder-radius:0px 0px 0px 0px;\npadding:0px 0px 0px 0px;\n}\n<\/style>\n<div  class='flex_column av-20u8wm-e73c36ca626902650de0d6791f1a867b av_one_third  avia-builder-el-46  el_after_av_one_third  el_before_av_one_third  flex_column_div av-zero-column-padding  column-top-margin'     ><section  class='avia-team-member av-k88ne21f-63833b98e60213dda4ef3cc65eb3c3cd  avia-builder-el-47  avia-builder-el-no-sibling '  itemscope=\"itemscope\" itemtype=\"https:\/\/schema.org\/Person\" ><div class=\"team-img-container\"><img fetchpriority=\"high\" class='wp-image-8728 avia-img-lazy-loading-not-8728 avia_image avia_image_team' src='https:\/\/ch2021.ch\/wp-content\/uploads\/2020\/10\/GabrielaAllemann-1.jpg' alt='Gabriela Allemann'  itemprop=\"image\"   height=\"600\" width=\"430\" \/><\/div><h3 class='team-member-name '  itemprop=\"name\" >Gabriela Allemann<\/h3><div class='team-member-job-title '  itemprop=\"jobTitle\" >Pr\u00e4sidentin Evangelische Frauen Schweiz EFS<\/div><div class='team-member-description '  itemprop=\"description\" ><p>In den Kirchen hatten die Frauen schon vor 1971 das Stimmrecht.<br \/>\nKirchen k\u00f6nnen Vorreiterinnen sein und Menschen erm\u00f6glichen, ihre Stimmen in die Gesellschaft einzubringen. Darum werden wir als Evangelische Frauen Schweiz EFS im Jahr 2021 feiern, w\u00fcrdigen und aufbrechen - die gelebte Gleichberechtigung in allen Bereichen des Lebens weiter vorantreiben!<\/p>\n<\/div><span class='hidden team-member-affiliation'  itemprop=\"affiliation\" >CH2021<\/span><\/section><\/div>\n<style type=\"text\/css\" data-created_by=\"avia_inline_auto\" id=\"style-css-av-20u8wm-e73c36ca626902650de0d6791f1a867b\">\n.flex_column.av-20u8wm-e73c36ca626902650de0d6791f1a867b{\nborder-radius:0px 0px 0px 0px;\npadding:0px 0px 0px 0px;\n}\n<\/style>\n<div  class='flex_column av-20u8wm-e73c36ca626902650de0d6791f1a867b av_one_third  avia-builder-el-48  el_after_av_one_third  el_before_av_one_third  flex_column_div av-zero-column-padding  column-top-margin'     ><section  class='avia-team-member av-k88ne21f-64ffcdc0b4e3b89a8a4d02a4a0bd53cc  avia-builder-el-49  avia-builder-el-no-sibling '  itemscope=\"itemscope\" itemtype=\"https:\/\/schema.org\/Person\" ><div class=\"team-img-container\"><img fetchpriority=\"high\" class='wp-image-8684 avia-img-lazy-loading-not-8684 avia_image avia_image_team' src='https:\/\/ch2021.ch\/wp-content\/uploads\/2020\/10\/Unbenannt-1.jpg' alt='Dr. Caroline Kr\u00fcger'  itemprop=\"image\"   height=\"200\" width=\"300\" \/><\/div><h3 class='team-member-name '  itemprop=\"name\" >Dr. Caroline Kr\u00fcger<\/h3><div class='team-member-job-title '  itemprop=\"jobTitle\" >Vorstandsmitglied WiC (\u00abWirtschaft ist Care\u00bb)<\/div><div class='team-member-description '  itemprop=\"description\" ><p>Wir feiern 50 Jahre Frauenstimmrecht und werden nicht m\u00fcde, uns f\u00fcr eine gerechtere und bessere Welt einzusetzen. F\u00fcr eine gerechtere Gesellschaft braucht es die Perspektive auf das \u00abGanze der Arbeit\u00bb (A. Biesecker). Der Einbezug der neuerdings \u00absystemrelevant\u00bb genannten Care-Arbeit, die traditionell abseits der \u00d6ffentlichkeit von Frauen* verrichtet wurde in \u00dcberlegungen zur Umgestaltung der so genannten Wirtschaft ist unverzichtbar. Care muss zum Kriterium f\u00fcr gutes T\u00e4tigsein und ein anderes, eigentlich urspr\u00fcnglicheres Verst\u00e4ndnis von Wirtschaft werden. Wirtschaft (die Oiko-nomia, eigentlich die Lehre vom Haushalt) soll der Befriedigung von Bed\u00fcrfnissen dienen, nicht der Profitmaximierung. Ohne Care gibt es keine Menschen, und ohne Menschen braucht es keine Wirtschaft.<\/p>\n<\/div><span class='hidden team-member-affiliation'  itemprop=\"affiliation\" >CH2021<\/span><\/section><\/div>\n<style type=\"text\/css\" data-created_by=\"avia_inline_auto\" id=\"style-css-av-20u8wm-a2b80ec6b85a43157df279deb428e613\">\n.flex_column.av-20u8wm-a2b80ec6b85a43157df279deb428e613{\nborder-radius:0px 0px 0px 0px;\npadding:0px 0px 0px 0px;\n}\n<\/style>\n<div  class='flex_column av-20u8wm-a2b80ec6b85a43157df279deb428e613 av_one_third  avia-builder-el-50  el_after_av_one_third  el_before_av_one_third  first flex_column_div av-zero-column-padding  column-top-margin'     ><section  class='avia-team-member av-k88ne21f-807bc696774c00e804cd74f2faee8374  avia-builder-el-51  avia-builder-el-no-sibling '  itemscope=\"itemscope\" itemtype=\"https:\/\/schema.org\/Person\" ><div class=\"team-img-container\"><img fetchpriority=\"high\" class='wp-image-10169 avia-img-lazy-loading-not-10169 avia_image avia_image_team' src='https:\/\/ch2021.ch\/wp-content\/uploads\/2021\/01\/TamaraF_Portrait.jpg' alt='Tamara Funiciello'  itemprop=\"image\"   height=\"400\" width=\"495\" \/><\/div><h3 class='team-member-name '  itemprop=\"name\" >Tamara Funiciello<\/h3><div class='team-member-job-title '  itemprop=\"jobTitle\" >SP Nationalr\u00e4tin, Co-Pr\u00e4sidentin SP Frauen<\/div><div class='team-member-description '  itemprop=\"description\" ><p>50 Jahre Frauenstimmrecht \u2013 Ein Grund f\u00fcr mich zur\u00fcckzublicken, den Frauen zu danken, die daf\u00fcr gek\u00e4mpft haben, dass ich heute politisieren kann, wie ich es tue. Auf den Schultern dieser Gigantinnen steht meine Generation Feministinnen \u2013 ohne ihre Arbeit w\u00e4ren wir nichts. Es ist aber auch eine Gelegenheit kritisch zu sein. Um es in den Worten von Luisa Muraro zu sagen: \u00abWir wollten die Welt ver\u00e4ndern, und sie haben uns die Gleichstellung angeboten\u00bb. Gleichstellung ist h\u00f6chstens eine Zwischenetappe, das Ziel muss Freiheit sein. Der Feminismus ist der Weg dazu.<\/p>\n<\/div><span class='hidden team-member-affiliation'  itemprop=\"affiliation\" >CH2021<\/span><\/section><\/div>\n<style type=\"text\/css\" data-created_by=\"avia_inline_auto\" id=\"style-css-av-20u8wm-e73c36ca626902650de0d6791f1a867b\">\n.flex_column.av-20u8wm-e73c36ca626902650de0d6791f1a867b{\nborder-radius:0px 0px 0px 0px;\npadding:0px 0px 0px 0px;\n}\n<\/style>\n<div  class='flex_column av-20u8wm-e73c36ca626902650de0d6791f1a867b av_one_third  avia-builder-el-52  el_after_av_one_third  el_before_av_one_third  flex_column_div av-zero-column-padding  column-top-margin'     ><section  class='avia-team-member av-k88ne21f-1c2b62213fb6e640619413b172205eef  avia-builder-el-53  avia-builder-el-no-sibling '  itemscope=\"itemscope\" itemtype=\"https:\/\/schema.org\/Person\" ><div class=\"team-img-container\"><img fetchpriority=\"high\" class='wp-image-8816 avia-img-lazy-loading-not-8816 avia_image avia_image_team' src='https:\/\/ch2021.ch\/wp-content\/uploads\/2020\/10\/EllenRingier_Testimonial.jpg' alt='Ellen Ringier'  itemprop=\"image\"   height=\"892\" width=\"645\" \/><\/div><h3 class='team-member-name '  itemprop=\"name\" >Ellen Ringier<\/h3><div class='team-member-job-title '  itemprop=\"jobTitle\" >Dr. iur., Pr\u00e4sidentin der Stiftung \"Elternsein\" und Herausgeberin der Elternzeitschrift Fritz+Fr\u00e4nzi<\/div><div class='team-member-description '  itemprop=\"description\" ><p>Vor 50 Jahren glaubte ich als junge Rechtsstudentin daran, dass sich in einer Demokratie Gerechtigkeit in Form von Chancengleichheit durchsetzen werde.....<br \/>\nSeither ist die Entt\u00e4uschung, dass die gesamtgesellschaftlichen Kr\u00e4fte in unserem Land es bis heute noch nicht einmal geschafft haben, fl\u00e4chendeckende Ganztagsschulen zusammen mit nachschulischer Betreuung, als Bedingung der beruflichen Chancengleichheit, einzuf\u00fchren, mit jedem Jahr gewachsen!<\/p>\n<\/div><span class='hidden team-member-affiliation'  itemprop=\"affiliation\" >CH2021<\/span><\/section><\/div>\n<style type=\"text\/css\" data-created_by=\"avia_inline_auto\" id=\"style-css-av-20u8wm-e73c36ca626902650de0d6791f1a867b\">\n.flex_column.av-20u8wm-e73c36ca626902650de0d6791f1a867b{\nborder-radius:0px 0px 0px 0px;\npadding:0px 0px 0px 0px;\n}\n<\/style>\n<div  class='flex_column av-20u8wm-e73c36ca626902650de0d6791f1a867b av_one_third  avia-builder-el-54  el_after_av_one_third  el_before_av_one_third  flex_column_div av-zero-column-padding  column-top-margin'     ><section  class='avia-team-member av-k88ne21f-d9338f6e7017fe021ea117093e0578e8  avia-builder-el-55  avia-builder-el-no-sibling '  itemscope=\"itemscope\" itemtype=\"https:\/\/schema.org\/Person\" ><div class=\"team-img-container\"><img fetchpriority=\"high\" class='wp-image-8806 avia-img-lazy-loading-not-8806 avia_image avia_image_team' src='https:\/\/ch2021.ch\/wp-content\/uploads\/2020\/10\/PatriziaLaeri.jpeg' alt='Patrizia Laeri'  itemprop=\"image\"   height=\"213\" width=\"320\" \/><\/div><h3 class='team-member-name '  itemprop=\"name\" >Patrizia Laeri<\/h3><div class='team-member-job-title '  itemprop=\"jobTitle\" >Wirtschaftsjournalistin<\/div><div class='team-member-description '  itemprop=\"description\" ><p>Frauenstimmrecht: Wir waren fast die Letzten. Jetzt sind wir unter den Ersten. Innerhalb von 50 Jahren haben es so viele Schweizer Frauen ins Parlament geschafft wie fast nirgendwo sonst auf der Welt. Zusammen k\u00f6nnen wir noch viel mehr erreichen. Jetzt gilt es, die Grossbaustelle Wirtschaft anzugehen. Es ist einfach so un\u00f6konomisch, Frauen zu \u00fcbersehen.<\/p>\n<\/div><span class='hidden team-member-affiliation'  itemprop=\"affiliation\" >CH2021<\/span><\/section><\/div>\n<style type=\"text\/css\" data-created_by=\"avia_inline_auto\" id=\"style-css-av-20u8wm-a2b80ec6b85a43157df279deb428e613\">\n.flex_column.av-20u8wm-a2b80ec6b85a43157df279deb428e613{\nborder-radius:0px 0px 0px 0px;\npadding:0px 0px 0px 0px;\n}\n<\/style>\n<div  class='flex_column av-20u8wm-a2b80ec6b85a43157df279deb428e613 av_one_third  avia-builder-el-56  el_after_av_one_third  el_before_av_one_third  first flex_column_div av-zero-column-padding  column-top-margin'     ><section  class='avia-team-member av-k88ne21f-0edec0652183d1cf02d3481b3fe837bc  avia-builder-el-57  avia-builder-el-no-sibling '  itemscope=\"itemscope\" itemtype=\"https:\/\/schema.org\/Person\" ><div class=\"team-img-container\"><img fetchpriority=\"high\" class='wp-image-8928 avia-img-lazy-loading-not-8928 avia_image avia_image_team' src='https:\/\/ch2021.ch\/wp-content\/uploads\/2020\/10\/Niederberger-Lukas-12.jpg' alt='Lukas Niederberger '  itemprop=\"image\"   height=\"975\" width=\"726\" \/><\/div><h3 class='team-member-name '  itemprop=\"name\" >Lukas Niederberger <\/h3><div class='team-member-job-title '  itemprop=\"jobTitle\" >Gesch\u00e4ftsleiter Schweizerische Gemeinn\u00fctzige Gesellschaft<\/div><div class='team-member-description '  itemprop=\"description\" ><p>50 Jahre nach Einf\u00fchrung des Wahl- und Stimmrechts der Frauen sind wir hierzulande in mehreren Lebensbereichen noch immer von gleichen Rechten der Geschlechter entfernt. Und falls die Schweiz ihren Stolz auf die direkte Demokratie weiterhin kultivieren will, muss sie auch die Frauen ohne Schweizerpass, die in der Schweiz leben und sich hier engagieren, am politischen Leben teilhaben lassen. Als Leiter der SGG, die das R\u00fctli verwaltet, freut es mich speziell, dass am 1. August 2021 Frauen aus allen Landesteilen, Generationen und politischen Lagern das Erreichte an diesem symboltr\u00e4chtigen Ort gemeinsam feiern und sich gegenseitig best\u00e4rken f\u00fcr weitere Schritte in Richtung Gleichberechtigung.<\/p>\n<\/div><span class='hidden team-member-affiliation'  itemprop=\"affiliation\" >CH2021<\/span><\/section><\/div>\n<style type=\"text\/css\" data-created_by=\"avia_inline_auto\" id=\"style-css-av-20u8wm-e73c36ca626902650de0d6791f1a867b\">\n.flex_column.av-20u8wm-e73c36ca626902650de0d6791f1a867b{\nborder-radius:0px 0px 0px 0px;\npadding:0px 0px 0px 0px;\n}\n<\/style>\n<div  class='flex_column av-20u8wm-e73c36ca626902650de0d6791f1a867b av_one_third  avia-builder-el-58  el_after_av_one_third  el_before_av_one_third  flex_column_div av-zero-column-padding  column-top-margin'     ><section  class='avia-team-member av-k88ne21f-e096002c4467e167436951ea8d42a625  avia-builder-el-59  avia-builder-el-no-sibling '  itemscope=\"itemscope\" itemtype=\"https:\/\/schema.org\/Person\" ><div class=\"team-img-container\"><img fetchpriority=\"high\" class='wp-image-9835 avia-img-lazy-loading-not-9835 avia_image avia_image_team' src='https:\/\/ch2021.ch\/wp-content\/uploads\/2020\/12\/Dr.-Sibylle-von-Heydebrand-Arlesheim-495x400.jpg' alt='Sibylle von Heydebrand'  itemprop=\"image\"   height=\"400\" width=\"495\" \/><\/div><h3 class='team-member-name '  itemprop=\"name\" >Sibylle von Heydebrand<\/h3><div class='team-member-job-title '  itemprop=\"jobTitle\" >Dr. iur., Dozentin, Stimmrechtsexpertin, Gr\u00fcnderin Frauennetzwerk FrauenBasel, internationale NGO-Vertreterin bei den Vereinten Nationen in Genf<\/div><div class='team-member-description '  itemprop=\"description\" ><p>Die Einf\u00fchrung des Frauenstimmrechts 1971 war ein Meilenstein auf dem Weg zu einer gerechteren Schweiz. Nun ist es Zeit f\u00fcr die Erkenntnis, dass ein Leben von Frauen und M\u00e4nnern auf Augenh\u00f6he in der Wirtschaft, in der Politik und im Privaten f\u00fcr alle ein Mehrwert ist. Der Geschlechterkampf ist pass\u00e9, fokussieren wir uns auf das, was uns verbindet, nicht was uns trennt.<\/p>\n<\/div><span class='hidden team-member-affiliation'  itemprop=\"affiliation\" >CH2021<\/span><\/section><\/div>\n<style type=\"text\/css\" data-created_by=\"avia_inline_auto\" id=\"style-css-av-20u8wm-e73c36ca626902650de0d6791f1a867b\">\n.flex_column.av-20u8wm-e73c36ca626902650de0d6791f1a867b{\nborder-radius:0px 0px 0px 0px;\npadding:0px 0px 0px 0px;\n}\n<\/style>\n<div  class='flex_column av-20u8wm-e73c36ca626902650de0d6791f1a867b av_one_third  avia-builder-el-60  el_after_av_one_third  el_before_av_one_third  flex_column_div av-zero-column-padding  column-top-margin'     ><section  class='avia-team-member av-k88ne21f-f9b11d3c112bf327127bcdf7265ac95a  avia-builder-el-61  avia-builder-el-no-sibling '  itemscope=\"itemscope\" itemtype=\"https:\/\/schema.org\/Person\" ><div class=\"team-img-container\"><img fetchpriority=\"high\" class='wp-image-10622 avia-img-lazy-loading-not-10622 avia_image avia_image_team' src='https:\/\/ch2021.ch\/wp-content\/uploads\/2021\/01\/Testimonial-Sommaruga.jpg' alt='Simonetta Sommaruga '  itemprop=\"image\"   height=\"892\" width=\"645\" \/><\/div><h3 class='team-member-name '  itemprop=\"name\" >Simonetta Sommaruga <\/h3><div class='team-member-job-title '  itemprop=\"jobTitle\" >Bundesr\u00e4tin, Vorsteherin des Eidgen\u00f6ssischen Departements f\u00fcr Umwelt, Verkehr, Energie und Kommunikation UVEK<\/div><div class='team-member-description '  itemprop=\"description\" ><p>Die Schweiz ist erst seit 50 Jahren eine richtige Demokratie \u2013 vorher war eine Mehrheit der Bev\u00f6lkerung von den politischen Entscheiden ausgeschlossen. Dann aber ging es vorw\u00e4rts: mit der allerersten Abstimmung nach Einf\u00fchrung des Frauenstimmrechts verankerte eine grosse Mehrheit der Frauen zusammen mit den M\u00e4nnern den neuen Umweltschutzartikel in der Bundesverfassung. Ich bin zuversichtlich, dass die Frauen auch beim Klimaschutz daf\u00fcr sorgen, dass es vorw\u00e4rts geht. Damit auch unsere Enkelinnen und Enkel dankbar zur\u00fcckschauen auf unsere vorausschauende Politik.<\/p>\n<\/div><span class='hidden team-member-affiliation'  itemprop=\"affiliation\" >CH2021<\/span><\/section><\/div>\n<style type=\"text\/css\" data-created_by=\"avia_inline_auto\" id=\"style-css-av-20u8wm-a2b80ec6b85a43157df279deb428e613\">\n.flex_column.av-20u8wm-a2b80ec6b85a43157df279deb428e613{\nborder-radius:0px 0px 0px 0px;\npadding:0px 0px 0px 0px;\n}\n<\/style>\n<div  class='flex_column av-20u8wm-a2b80ec6b85a43157df279deb428e613 av_one_third  avia-builder-el-62  el_after_av_one_third  el_before_av_one_third  first flex_column_div av-zero-column-padding  column-top-margin'     ><section  class='avia-team-member av-k88ne21f-a282f78c4da3d0a88b3bcbedd46da966  avia-builder-el-63  avia-builder-el-no-sibling '  itemscope=\"itemscope\" itemtype=\"https:\/\/schema.org\/Person\" ><div class=\"team-img-container\"><img fetchpriority=\"high\" class='wp-image-8938 avia-img-lazy-loading-not-8938 avia_image avia_image_team' src='https:\/\/ch2021.ch\/wp-content\/uploads\/2020\/10\/SylvieDurrer.jpg' alt='Sylvie Durrer '  itemprop=\"image\"   height=\"892\" width=\"645\" \/><\/div><h3 class='team-member-name '  itemprop=\"name\" >Sylvie Durrer <\/h3><div class='team-member-job-title '  itemprop=\"jobTitle\" >Direktorin Eidgen\u00f6ssisches B\u00fcro f\u00fcr die Gleichstellung von Frau und Mann EBG<\/div><div class='team-member-description '  itemprop=\"description\" ><p>Im 2021 j\u00e4hrt sich zum 50. Mal der Tag an dem die Frauen das Stimm- und Wahlrecht erhielten, das Datum, an dem die Schweiz endlich eine echte Demokratie wurde. Der Blick zur\u00fcck gen\u00fcgt allerdings nicht - es bleibt noch viel zu tun. Wie k\u00f6nnen wir wirkliche Gleichstellung in der Bildung, im Arbeitsleben oder der Politik, in der Familie und der Gesellschaft erreichen? Wie k\u00f6nnen wir sicherstellen, dass h\u00e4usliche Gewalt bek\u00e4mpft wird, dass Respekt gegen\u00fcber Frauen selbstverst\u00e4ndlich ist? Hier m\u00fcssen wir, alle zusammen, konkrete L\u00f6sungen finden, die auch die jungen Generationen ansprechen!<\/p>\n<\/div><span class='hidden team-member-affiliation'  itemprop=\"affiliation\" >CH2021<\/span><\/section><\/div>\n<style type=\"text\/css\" data-created_by=\"avia_inline_auto\" id=\"style-css-av-20u8wm-e73c36ca626902650de0d6791f1a867b\">\n.flex_column.av-20u8wm-e73c36ca626902650de0d6791f1a867b{\nborder-radius:0px 0px 0px 0px;\npadding:0px 0px 0px 0px;\n}\n<\/style>\n<div  class='flex_column av-20u8wm-e73c36ca626902650de0d6791f1a867b av_one_third  avia-builder-el-64  el_after_av_one_third  el_before_av_one_third  flex_column_div av-zero-column-padding  column-top-margin'     ><section  class='avia-team-member av-k88ne21f-ec761608a6c5fde69311bd9767f88434  avia-builder-el-65  avia-builder-el-no-sibling '  itemscope=\"itemscope\" itemtype=\"https:\/\/schema.org\/Person\" ><div class=\"team-img-container\"><img fetchpriority=\"high\" class='wp-image-10159 avia-img-lazy-loading-not-10159 avia_image avia_image_team' src='https:\/\/ch2021.ch\/wp-content\/uploads\/2021\/01\/Portrait_Metzler.jpg' alt='Ruth Metzler-Arnold'  itemprop=\"image\"   height=\"892\" width=\"645\" \/><\/div><h3 class='team-member-name '  itemprop=\"name\" >Ruth Metzler-Arnold<\/h3><div class='team-member-job-title '  itemprop=\"jobTitle\" >ehemalige Bundesr\u00e4tin<\/div><div class='team-member-description '  itemprop=\"description\" ><p>Bei den Diskussionen ums Frauenstimmrecht ging \u2013 und geht immer noch \u2013 oft vergessen, dass es nicht nur darum geht, an der Urne oder der Landsgemeinde abzustimmen oder zu w\u00e4hlen, sondern vor allem auch darum, dass Frauen \u00fcberhaupt gew\u00e4hlt werden k\u00f6nnen. Erst dieser Teil des Stimm- und Wahlrechtes erm\u00f6glichte den Frauen, endlich direkt an den Schalthebeln der Politik zu gestalten, Einfluss zu nehmen und Themen voranzubringen, welche f\u00fcr unser Land und unsere Gesellschaft zentral sind. Dazu geh\u00f6rt auch die Umsetzung des Gleichstellungsartikels unserer Bundesverfassung in der Gesetzgebung und im gelebten Alltag.<\/p>\n<\/div><span class='hidden team-member-affiliation'  itemprop=\"affiliation\" >CH2021<\/span><\/section><\/div>\n<style type=\"text\/css\" data-created_by=\"avia_inline_auto\" id=\"style-css-av-20u8wm-e73c36ca626902650de0d6791f1a867b\">\n.flex_column.av-20u8wm-e73c36ca626902650de0d6791f1a867b{\nborder-radius:0px 0px 0px 0px;\npadding:0px 0px 0px 0px;\n}\n<\/style>\n<div  class='flex_column av-20u8wm-e73c36ca626902650de0d6791f1a867b av_one_third  avia-builder-el-66  el_after_av_one_third  el_before_av_one_third  flex_column_div av-zero-column-padding  column-top-margin'     ><section  class='avia-team-member av-k88ne21f-62918125dc9c46335ae42a509209bb7b  avia-builder-el-67  avia-builder-el-no-sibling '  itemscope=\"itemscope\" itemtype=\"https:\/\/schema.org\/Person\" ><div class=\"team-img-container\"><img fetchpriority=\"high\" class='wp-image-11462 avia-img-lazy-loading-not-11462 avia_image avia_image_team' src='https:\/\/ch2021.ch\/wp-content\/uploads\/2021\/02\/Testimonial-Lea-Lu.jpg' alt='Lea Lu'  itemprop=\"image\"   height=\"400\" width=\"495\" \/><\/div><h3 class='team-member-name '  itemprop=\"name\" >Lea Lu<\/h3><div class='team-member-job-title '  itemprop=\"jobTitle\" >Musikerin<\/div><div class='team-member-description '  itemprop=\"description\" ><p>Die Einf\u00fchrung des Frauenstimmechts vor 50 Jahren war \u00fcberhaupt erst die Grundlage f\u00fcr eine Demokratie. Das Jubil\u00e4umsjahr fordert auf, genau hinzuschauen, wie es um die Gleichstellung heute steht und was noch getan werden muss. Ich w\u00fcnsche mir gleichen Lohn f\u00fcr die gleiche Arbeit, Chancengleichheit und mehr Sichtbarkeit f\u00fcr Frauen, in den Medien, in der Politik, in Entscheidungspositionen. Jede\/r kann etwas bewirken und unsere Gesellschaft mit gestalten. Wir haben eine Stimme. Diese sollen wir nutzen.<br \/>\n(Foto: Claudio Strueby)<\/p>\n<\/div><span class='hidden team-member-affiliation'  itemprop=\"affiliation\" >CH2021<\/span><\/section><\/div>\n<style type=\"text\/css\" data-created_by=\"avia_inline_auto\" id=\"style-css-av-20u8wm-a2b80ec6b85a43157df279deb428e613\">\n.flex_column.av-20u8wm-a2b80ec6b85a43157df279deb428e613{\nborder-radius:0px 0px 0px 0px;\npadding:0px 0px 0px 0px;\n}\n<\/style>\n<div  class='flex_column av-20u8wm-a2b80ec6b85a43157df279deb428e613 av_one_third  avia-builder-el-68  el_after_av_one_third  el_before_av_one_third  first flex_column_div av-zero-column-padding  column-top-margin'     ><section  class='avia-team-member av-k88ne21f-b60dcaecbd2c7ced49bc1632b9e9b505  avia-builder-el-69  avia-builder-el-no-sibling '  itemscope=\"itemscope\" itemtype=\"https:\/\/schema.org\/Person\" ><div class=\"team-img-container\"><img fetchpriority=\"high\" class='wp-image-10181 avia-img-lazy-loading-not-10181 avia_image avia_image_team' src='https:\/\/ch2021.ch\/wp-content\/uploads\/2021\/01\/Portra\u0308t.jpg' alt='Anita Fetz'  itemprop=\"image\"   height=\"400\" width=\"495\" \/><\/div><h3 class='team-member-name '  itemprop=\"name\" >Anita Fetz<\/h3><div class='team-member-job-title '  itemprop=\"jobTitle\" >alt St\u00e4nder\u00e4tin<\/div><div class='team-member-description '  itemprop=\"description\" ><p>50 Jahre Frauenstimmrecht k\u00f6nnen wir feiern. Nie vergessen sollten wir, dass die sogenannte \u201abeste Demokratie der Welt\u2018 123 Jahre lang eine Mannokratie war. Es brauchte Generationen von mutigen Frauen, die sich hartn\u00e4ckig daf\u00fcr eingesetzt haben. Ihnen allen geh\u00f6rt unser Jubil\u00e4umsdank. Auf ihren Schultern habe ich mich f\u00fcr die Gleichberechtigung engagieren k\u00f6nnen. Jede einzelne Forderung brauchte nochmals Marathon-F\u00e4higkeiten bis sie umgesetzt war. Und immer noch gibt es viel zu verbessern. Dazu k\u00f6nnen wir den Schwung des Jubil\u00e4umsjahres nutzen!<\/p>\n<\/div><span class='hidden team-member-affiliation'  itemprop=\"affiliation\" >CH2021<\/span><\/section><\/div>\n<style type=\"text\/css\" data-created_by=\"avia_inline_auto\" id=\"style-css-av-20u8wm-e73c36ca626902650de0d6791f1a867b\">\n.flex_column.av-20u8wm-e73c36ca626902650de0d6791f1a867b{\nborder-radius:0px 0px 0px 0px;\npadding:0px 0px 0px 0px;\n}\n<\/style>\n<div  class='flex_column av-20u8wm-e73c36ca626902650de0d6791f1a867b av_one_third  avia-builder-el-70  el_after_av_one_third  el_before_av_one_third  flex_column_div av-zero-column-padding  column-top-margin'     ><section  class='avia-team-member av-k88ne21f-57da16c61a6b89021ce926f246304090  avia-builder-el-71  avia-builder-el-no-sibling '  itemscope=\"itemscope\" itemtype=\"https:\/\/schema.org\/Person\" ><div class=\"team-img-container\"><img fetchpriority=\"high\" class='wp-image-10411 avia-img-lazy-loading-not-10411 avia_image avia_image_team' src='https:\/\/ch2021.ch\/wp-content\/uploads\/2021\/01\/Testimonial_Karin-Ottiger.jpg' alt='Karin Ottiger'  itemprop=\"image\"   height=\"892\" width=\"645\" \/><\/div><h3 class='team-member-name '  itemprop=\"name\" >Karin Ottiger<\/h3><div class='team-member-job-title '  itemprop=\"jobTitle\" >Co-Gesch\u00e4ftsleiterin SKF Schweizerischer Katholischer Frauenbund<\/div><div class='team-member-description '  itemprop=\"description\" ><p>Dass Frauen so lange nicht aktiv das politische Geschehen mitgestalten konnten, hat das Schweizerische Demokratieverst\u00e4ndnis in Frage gestellt. Der fehlende Zugang zu politischen Rechten f\u00fcr Ausl\u00e4nderinnen und Ausl\u00e4nder in Kombination mit einer rigiden Einb\u00fcrgerungspolitik beeintr\u00e4chtigt auf lange Sicht genauso die Qualit\u00e4t der demokratischen Ordnung in der Schweiz.<\/p>\n<\/div><span class='hidden team-member-affiliation'  itemprop=\"affiliation\" >CH2021<\/span><\/section><\/div>\n<style type=\"text\/css\" data-created_by=\"avia_inline_auto\" id=\"style-css-av-20u8wm-e73c36ca626902650de0d6791f1a867b\">\n.flex_column.av-20u8wm-e73c36ca626902650de0d6791f1a867b{\nborder-radius:0px 0px 0px 0px;\npadding:0px 0px 0px 0px;\n}\n<\/style>\n<div  class='flex_column av-20u8wm-e73c36ca626902650de0d6791f1a867b av_one_third  avia-builder-el-72  el_after_av_one_third  el_before_av_one_third  flex_column_div av-zero-column-padding  column-top-margin'     ><section  class='avia-team-member av-k88ne21f-7b897faf35ef1b12b0742f4748440767  avia-builder-el-73  avia-builder-el-no-sibling '  itemscope=\"itemscope\" itemtype=\"https:\/\/schema.org\/Person\" ><div class=\"team-img-container\"><img fetchpriority=\"high\" class='wp-image-10241 avia-img-lazy-loading-not-10241 avia_image avia_image_team' src='https:\/\/ch2021.ch\/wp-content\/uploads\/2021\/01\/Ju\u0308rgMeier_Testimonial.jpg' alt='J\u00fcrgmeier'  itemprop=\"image\"   height=\"1000\" width=\"1000\" \/><\/div><h3 class='team-member-name '  itemprop=\"name\" >J\u00fcrgmeier<\/h3><div class='team-member-job-title '  itemprop=\"jobTitle\" >Schriftsteller<\/div><div class='team-member-description '  itemprop=\"description\" ><p>1971 machten die m\u00e4chtigen Herren von BaselBernBrigLuganoZ\u00fcrich \u2013 obwohl die Minderheit der Bev\u00f6lkerung \u2013 die Frauen, endlich, zu B\u00fcrger*innen. Ganz demokratisch. Seit f\u00fcnfzig Jahren schliesst die Mehrheit der Fraue &amp; Manne mit Schweizer Pass s\u00e4mtliche U-18er*innen und alle ohne das rote B\u00fcchlein von den Verhandlungen der Zukunft ihrer Heimat aus. Wann werden alle Menschen B\u00fcrger*innen. Nicht nur in der Schweiz. Endlich.<\/p>\n<\/div><span class='hidden team-member-affiliation'  itemprop=\"affiliation\" >CH2021<\/span><\/section><\/div>\n<style type=\"text\/css\" data-created_by=\"avia_inline_auto\" id=\"style-css-av-20u8wm-a2b80ec6b85a43157df279deb428e613\">\n.flex_column.av-20u8wm-a2b80ec6b85a43157df279deb428e613{\nborder-radius:0px 0px 0px 0px;\npadding:0px 0px 0px 0px;\n}\n<\/style>\n<div  class='flex_column av-20u8wm-a2b80ec6b85a43157df279deb428e613 av_one_third  avia-builder-el-74  el_after_av_one_third  el_before_av_one_third  first flex_column_div av-zero-column-padding  column-top-margin'     ><section  class='avia-team-member av-k88ne21f-2e2daff8785490d3cf6710a48126f8ea  avia-builder-el-75  avia-builder-el-no-sibling '  itemscope=\"itemscope\" itemtype=\"https:\/\/schema.org\/Person\" ><div class=\"team-img-container\"><img fetchpriority=\"high\" class='wp-image-10453 avia-img-lazy-loading-not-10453 avia_image avia_image_team' src='https:\/\/ch2021.ch\/wp-content\/uploads\/2021\/01\/Testimonial_Viola-Amherd.jpg' alt='Viola Amherd'  itemprop=\"image\"   height=\"400\" width=\"495\" \/><\/div><h3 class='team-member-name '  itemprop=\"name\" >Viola Amherd<\/h3><div class='team-member-job-title '  itemprop=\"jobTitle\" >Bundesr\u00e4tin, Chefin des Eidg. Departements f\u00fcr Verteidigung, Bev\u00f6lkerungsschutz und Sport VBS<\/div><div class='team-member-description '  itemprop=\"description\" ><p>Dank dem Einsatz von zahlreichen mutigen und engagierten Frauen \u2013 und auch M\u00e4nnern \u2013 k\u00f6nnen wir Frauen seit 50 Jahren in der Politik mitbestimmen. Vieles, das hart erk\u00e4mpft werden musste, ist heute selbstverst\u00e4ndlich! Es bleibt jedoch noch viel zu tun, damit nicht nur die rechtliche Gleichstellung von Frauen und M\u00e4nnern erreicht ist, sondern auch die tats\u00e4chliche \u2013 in der Politik, Wirtschaft und Gesellschaft. Packen wir es an! <\/p>\n<\/div><span class='hidden team-member-affiliation'  itemprop=\"affiliation\" >CH2021<\/span><\/section><\/div>\n<style type=\"text\/css\" data-created_by=\"avia_inline_auto\" id=\"style-css-av-20u8wm-e73c36ca626902650de0d6791f1a867b\">\n.flex_column.av-20u8wm-e73c36ca626902650de0d6791f1a867b{\nborder-radius:0px 0px 0px 0px;\npadding:0px 0px 0px 0px;\n}\n<\/style>\n<div  class='flex_column av-20u8wm-e73c36ca626902650de0d6791f1a867b av_one_third  avia-builder-el-76  el_after_av_one_third  el_before_av_one_third  flex_column_div av-zero-column-padding  column-top-margin'     ><section  class='avia-team-member av-k88ne21f-4b119137ee1453169353087969978ee2  avia-builder-el-77  avia-builder-el-no-sibling '  itemscope=\"itemscope\" itemtype=\"https:\/\/schema.org\/Person\" ><div class=\"team-img-container\"><img fetchpriority=\"high\" class='wp-image-10463 avia-img-lazy-loading-not-10463 avia_image avia_image_team' src='https:\/\/ch2021.ch\/wp-content\/uploads\/2021\/01\/Testimonial-Petra-Volpe.jpg' alt='Petra Volpe'  itemprop=\"image\"   height=\"400\" width=\"495\" \/><\/div><h3 class='team-member-name '  itemprop=\"name\" >Petra Volpe<\/h3><div class='team-member-job-title '  itemprop=\"jobTitle\" >Regisseurin und Autorin<\/div><div class='team-member-description '  itemprop=\"description\" ><p>Das Frauenstimmrecht war ein grosser und wichtiger Schritt f\u00fcr die Gleichberechtigung der Frauen. Aber auch heute 2021 haben Frauen nach wie vor mit unbewussten Vorurteilen und Diskriminierung zu k\u00e4mpfen. Das ist in vielen Arbeitsbereichen so aber auch in der politischen Arena. Es ist ein z\u00e4her Prozess und wir d\u00fcrfen nicht locker lassen.<\/p>\n<\/div><span class='hidden team-member-affiliation'  itemprop=\"affiliation\" >CH2021<\/span><\/section><\/div>\n<style type=\"text\/css\" data-created_by=\"avia_inline_auto\" id=\"style-css-av-20u8wm-e73c36ca626902650de0d6791f1a867b\">\n.flex_column.av-20u8wm-e73c36ca626902650de0d6791f1a867b{\nborder-radius:0px 0px 0px 0px;\npadding:0px 0px 0px 0px;\n}\n<\/style>\n<div  class='flex_column av-20u8wm-e73c36ca626902650de0d6791f1a867b av_one_third  avia-builder-el-78  el_after_av_one_third  el_before_av_one_third  flex_column_div av-zero-column-padding  column-top-margin'     ><section  class='avia-team-member av-k88ne21f-c9c2f1c85296c11979c66445d8687419  avia-builder-el-79  avia-builder-el-no-sibling '  itemscope=\"itemscope\" itemtype=\"https:\/\/schema.org\/Person\" ><div class=\"team-img-container\"><img fetchpriority=\"high\" class='wp-image-10535 avia-img-lazy-loading-not-10535 avia_image avia_image_team' src='https:\/\/ch2021.ch\/wp-content\/uploads\/2021\/01\/Testimonial-Cecile-Buhlmann.jpg' alt='C\u00e9cile B\u00fchlmann'  itemprop=\"image\"   height=\"892\" width=\"645\" \/><\/div><h3 class='team-member-name '  itemprop=\"name\" >C\u00e9cile B\u00fchlmann<\/h3><div class='team-member-job-title '  itemprop=\"jobTitle\" >ehemalige Nationalr\u00e4tin der Gr\u00fcnen<\/div><div class='team-member-description '  itemprop=\"description\" ><p>Damals vor 50 Jahren hofften viele, dass den Frauen nun alle T\u00fcren gleich weit offen stehen wie den M\u00e4nnern. Weit gefehlt: jeder Schritt musste hartn\u00e4ckig erk\u00e4mpft werden, vom neuen Eherecht \u00fcber das Gleichstellungsgesetz, die Mutterschaftsversicherung, das Verbot der Vergewaltigung bis zur Fristenregelung. Wunderbar dass mit dem Frauenstreik die noch uneingel\u00f6sten Versprechen wie gleiche L\u00f6hne, die gerechte Verteilung von Care- und Erwerbsarbeit, Geschlechterparit\u00e4t in der Politik und Wirtschaft von jungen Frauen lautstark gefordert wird! <\/p>\n<\/div><span class='hidden team-member-affiliation'  itemprop=\"affiliation\" >CH2021<\/span><\/section><\/div>\n<style type=\"text\/css\" data-created_by=\"avia_inline_auto\" id=\"style-css-av-20u8wm-a2b80ec6b85a43157df279deb428e613\">\n.flex_column.av-20u8wm-a2b80ec6b85a43157df279deb428e613{\nborder-radius:0px 0px 0px 0px;\npadding:0px 0px 0px 0px;\n}\n<\/style>\n<div  class='flex_column av-20u8wm-a2b80ec6b85a43157df279deb428e613 av_one_third  avia-builder-el-80  el_after_av_one_third  el_before_av_one_third  first flex_column_div av-zero-column-padding  column-top-margin'     ><section  class='avia-team-member av-k88ne21f-b39b9197298b46dfcb09cb06caef7772  avia-builder-el-81  avia-builder-el-no-sibling '  itemscope=\"itemscope\" itemtype=\"https:\/\/schema.org\/Person\" ><div class=\"team-img-container\"><img fetchpriority=\"high\" class='wp-image-10515 avia-img-lazy-loading-not-10515 avia_image avia_image_team' src='https:\/\/ch2021.ch\/wp-content\/uploads\/2021\/01\/Testimonial-Patti-Basler.jpg' alt='Patti Basler'  itemprop=\"image\"   height=\"400\" width=\"495\" \/><\/div><h3 class='team-member-name '  itemprop=\"name\" >Patti Basler<\/h3><div class='team-member-job-title '  itemprop=\"jobTitle\" >B\u00fchnenpoetin<\/div><div class='team-member-description '  itemprop=\"description\" ><p>Helvetia wird 50! Gratuliere. Vorher war sie nur eine halbe Portion. Ihr fehlte die richtige Stimme. Sie stand unsicher auf einem Bein, hatte mit nur einem Auge einen eingeschr\u00e4nkten Horizont und in die Niederungen der Beckenregion wagte man gar nicht erst zu blicken. Dort hatten bis dahin die M\u00e4nner alles geregelt, selbst wenn sich in der Regel Frauen besser auskennen. Nun ist Helvetia auch ger\u00fcstet f\u00fcr die klimakterischen Hitzewallungen. Mit beiden Beinen auf dem Boden ist sie komplett. Den Reichtum unter den Armen zu verteilen, klappt erst mit deren zwei. Den Zweih\u00e4nder schwingen auch. N\u00f6tig bleibt das weiterhin. <\/p>\n<\/div><span class='hidden team-member-affiliation'  itemprop=\"affiliation\" >CH2021<\/span><\/section><\/div>\n<style type=\"text\/css\" data-created_by=\"avia_inline_auto\" id=\"style-css-av-20u8wm-e73c36ca626902650de0d6791f1a867b\">\n.flex_column.av-20u8wm-e73c36ca626902650de0d6791f1a867b{\nborder-radius:0px 0px 0px 0px;\npadding:0px 0px 0px 0px;\n}\n<\/style>\n<div  class='flex_column av-20u8wm-e73c36ca626902650de0d6791f1a867b av_one_third  avia-builder-el-82  el_after_av_one_third  el_before_av_one_third  flex_column_div av-zero-column-padding  column-top-margin'     ><section  class='avia-team-member av-k88ne21f-8e018460356752b420d3fb43d2c0f97e  avia-builder-el-83  avia-builder-el-no-sibling '  itemscope=\"itemscope\" itemtype=\"https:\/\/schema.org\/Person\" ><div class=\"team-img-container\"><img fetchpriority=\"high\" class='wp-image-10566 avia-img-lazy-loading-not-10566 avia_image avia_image_team' src='https:\/\/ch2021.ch\/wp-content\/uploads\/2021\/01\/Testimonial-Georg-Kreis.jpg' alt='Georg Kreis'  itemprop=\"image\"   height=\"400\" width=\"495\" \/><\/div><h3 class='team-member-name '  itemprop=\"name\" >Georg Kreis<\/h3><div class='team-member-job-title '  itemprop=\"jobTitle\" >em. Professor f\u00fcr Geschichte<\/div><div class='team-member-description '  itemprop=\"description\" ><p>Die vor 50 Jahren endlich zustande gekommene Einf\u00fchrung des Frauenstimmrechts und die jahrzehntelang praktizierte politische Diskriminierung soll nicht einfach vergessen, sondern uns eingehend nachfragen lassen, wieso die heute als selbstverst\u00e4ndlich erachtete Reform so lange ausblieb.<\/p>\n<\/div><span class='hidden team-member-affiliation'  itemprop=\"affiliation\" >CH2021<\/span><\/section><\/div>\n<style type=\"text\/css\" data-created_by=\"avia_inline_auto\" id=\"style-css-av-20u8wm-e73c36ca626902650de0d6791f1a867b\">\n.flex_column.av-20u8wm-e73c36ca626902650de0d6791f1a867b{\nborder-radius:0px 0px 0px 0px;\npadding:0px 0px 0px 0px;\n}\n<\/style>\n<div  class='flex_column av-20u8wm-e73c36ca626902650de0d6791f1a867b av_one_third  avia-builder-el-84  el_after_av_one_third  el_before_av_one_third  flex_column_div av-zero-column-padding  column-top-margin'     ><section  class='avia-team-member av-k88ne21f-bc1b1fb8f50b0180725d71ca309c41e4  avia-builder-el-85  avia-builder-el-no-sibling '  itemscope=\"itemscope\" itemtype=\"https:\/\/schema.org\/Person\" ><div class=\"team-img-container\"><img fetchpriority=\"high\" class='wp-image-10643 avia-img-lazy-loading-not-10643 avia_image avia_image_team' src='https:\/\/ch2021.ch\/wp-content\/uploads\/2021\/01\/Testimonial_Franziska-Rogger.jpg' alt='Franziska Rogger'  itemprop=\"image\"   height=\"892\" width=\"645\" \/><\/div><h3 class='team-member-name '  itemprop=\"name\" >Franziska Rogger<\/h3><div class='team-member-job-title '  itemprop=\"jobTitle\" >Historikerin, Autorin: \u00abGebt den Schweizerinnen ihre Geschichte!\u00bb<\/div><div class='team-member-description '  itemprop=\"description\" ><p>Vergesst, dass der Stimmrechtskampf lange dauerte. Feiert den Erfolg von 1971. Jauchzt, dass es die Schweizerinnen aus eigener Kraft und ohne Blutvergiessen geschafft haben. Jubiliert, dass sie nun eine \u00fcber viele Generationen laufende ganz und gar eigenst\u00e4ndige Geschichte haben. Sch\u00f6pft daraus Selbstvertrauen, Selbst\u00e4ndigkeit, Selbstbewusstsein.<\/p>\n<\/div><span class='hidden team-member-affiliation'  itemprop=\"affiliation\" >CH2021<\/span><\/section><\/div>\n<style type=\"text\/css\" data-created_by=\"avia_inline_auto\" id=\"style-css-av-20u8wm-a2b80ec6b85a43157df279deb428e613\">\n.flex_column.av-20u8wm-a2b80ec6b85a43157df279deb428e613{\nborder-radius:0px 0px 0px 0px;\npadding:0px 0px 0px 0px;\n}\n<\/style>\n<div  class='flex_column av-20u8wm-a2b80ec6b85a43157df279deb428e613 av_one_third  avia-builder-el-86  el_after_av_one_third  el_before_av_one_third  first flex_column_div av-zero-column-padding  column-top-margin'     ><section  class='avia-team-member av-k88ne21f-9151eae5ba1e4733cb04aab5ca8f6dfa  avia-builder-el-87  avia-builder-el-no-sibling '  itemscope=\"itemscope\" itemtype=\"https:\/\/schema.org\/Person\" ><div class=\"team-img-container\"><img fetchpriority=\"high\" class='wp-image-10755 avia-img-lazy-loading-not-10755 avia_image avia_image_team' src='https:\/\/ch2021.ch\/wp-content\/uploads\/2021\/01\/Testimonial-Vasco-Pedrina.jpg' alt='Vasco Pedrina'  itemprop=\"image\"   height=\"400\" width=\"495\" \/><\/div><h3 class='team-member-name '  itemprop=\"name\" >Vasco Pedrina<\/h3><div class='team-member-job-title '  itemprop=\"jobTitle\" >ehemaliger Pr\u00e4sident der Gewerkschaft Bau &amp; Industrie und Co-Pr\u00e4sident der Unia<\/div><div class='team-member-description '  itemprop=\"description\" ><p>Das Volks-Ja zum Frauenstimmrecht l\u00f6ste in den Gewerkschaften ein Umdenken und eine Bewegung mit zunehmender Ausstrahlung aus. Der erste und der zweite nationale Frauenstreik zeugen davon. Viele Frauen wurden auch in den Gewerkschaften aktiv und halfen kr\u00e4ftig mit, beachtliche soziale Fortschritte auf dem Weg zur Gleichberechtigung zu erzielen. Weiter so!<\/p>\n<\/div><span class='hidden team-member-affiliation'  itemprop=\"affiliation\" >CH2021<\/span><\/section><\/div>\n<style type=\"text\/css\" data-created_by=\"avia_inline_auto\" id=\"style-css-av-20u8wm-e73c36ca626902650de0d6791f1a867b\">\n.flex_column.av-20u8wm-e73c36ca626902650de0d6791f1a867b{\nborder-radius:0px 0px 0px 0px;\npadding:0px 0px 0px 0px;\n}\n<\/style>\n<div  class='flex_column av-20u8wm-e73c36ca626902650de0d6791f1a867b av_one_third  avia-builder-el-88  el_after_av_one_third  el_before_av_one_third  flex_column_div av-zero-column-padding  column-top-margin'     ><section  class='avia-team-member av-k88ne21f-6660da7f940f016009c2937b238aa427  avia-builder-el-89  avia-builder-el-no-sibling '  itemscope=\"itemscope\" itemtype=\"https:\/\/schema.org\/Person\" ><div class=\"team-img-container\"><img fetchpriority=\"high\" class='wp-image-10525 avia-img-lazy-loading-not-10525 avia_image avia_image_team' src='https:\/\/ch2021.ch\/wp-content\/uploads\/2021\/01\/Testimonial-Doris-Leuthard.jpg' alt='Doris Leuthard'  itemprop=\"image\"   height=\"400\" width=\"495\" \/><\/div><h3 class='team-member-name '  itemprop=\"name\" >Doris Leuthard<\/h3><div class='team-member-job-title '  itemprop=\"jobTitle\" >ehemalige Bundesr\u00e4tin<\/div><div class='team-member-description '  itemprop=\"description\" ><p>Kaum zu glauben. Als ich 2006 in den Bundesrat gew\u00e4hlt wurde, war ich erst die 5. Frau f\u00fcr dieses Amt und die erste Frau, welche das Volkswirtschaftsdepartement f\u00fchrte. Wirtschaft \u2013 das behalten die M\u00e4nner lieber in ihrem Machtzirkel! Die Zeit, als wir zu viert waren, war historisch nicht nur aufgrund der Mehrheitsverh\u00e4ltnisse, sondern auch weil dank der Frauen die Energiewende beschlossen wurde. Frauen priorisieren anders, arbeiten anders und dadurch ergeben sich oft andere Beschl\u00fcsse. Wir haben es selber in der Hand durch unser ad\u00e4quates Mitwirken in allen Bereichen des Lebens, der Wirtschaft und der Wissenschaft unsere Gesellschaft und die Demokratie zu pr\u00e4gen!<\/p>\n<\/div><span class='hidden team-member-affiliation'  itemprop=\"affiliation\" >CH2021<\/span><\/section><\/div>\n<style type=\"text\/css\" data-created_by=\"avia_inline_auto\" id=\"style-css-av-20u8wm-e73c36ca626902650de0d6791f1a867b\">\n.flex_column.av-20u8wm-e73c36ca626902650de0d6791f1a867b{\nborder-radius:0px 0px 0px 0px;\npadding:0px 0px 0px 0px;\n}\n<\/style>\n<div  class='flex_column av-20u8wm-e73c36ca626902650de0d6791f1a867b av_one_third  avia-builder-el-90  el_after_av_one_third  el_before_av_one_third  flex_column_div av-zero-column-padding  column-top-margin'     ><section  class='avia-team-member av-k88ne21f-0a8542091a4a00f3d21a199badf49bd9  avia-builder-el-91  avia-builder-el-no-sibling '  itemscope=\"itemscope\" itemtype=\"https:\/\/schema.org\/Person\" ><div class=\"team-img-container\"><img fetchpriority=\"high\" class='wp-image-10632 avia-img-lazy-loading-not-10632 avia_image avia_image_team' src='https:\/\/ch2021.ch\/wp-content\/uploads\/2021\/01\/Josef-Lang_200811_CHH4561a-Kopie.jpg' alt='Josef Lang'  itemprop=\"image\"   height=\"1818\" width=\"1818\" \/><\/div><h3 class='team-member-name '  itemprop=\"name\" >Josef Lang<\/h3><div class='team-member-job-title '  itemprop=\"jobTitle\" >alt Nationalrat, Historiker, Dr. Phil. <\/div><div class='team-member-description '  itemprop=\"description\" ><p>Eine moderne Demokratie steht auf zwei Beinen, dem demokratischen und dem liberalen. Jenes ist die Volkssouver\u00e4nit\u00e4t, dieses ist das Recht, dem Souver\u00e4n anzugeh\u00f6ren. Aufrecht steht die Demokratie nur, wenn beide Beine gleich stark sind. Mit der Aufnahme der Frauen in den Souver\u00e4n 1971 wurde unsere Direkte Demokratie aus einer extremen Schieflage befreit. Der Sprung von einem Zweidrittel-Nein zu einem Zweidrittel-Ja innert zw\u00f6lf Jahren macht zuversichtlich f\u00fcr die n\u00e4chste grosse \u00d6ffnung des Souver\u00e4ns: zugunsten aller, die hier arbeiten, leben, steuern.<\/p>\n<\/div><span class='hidden team-member-affiliation'  itemprop=\"affiliation\" >CH2021<\/span><\/section><\/div>\n<style type=\"text\/css\" data-created_by=\"avia_inline_auto\" id=\"style-css-av-20u8wm-a2b80ec6b85a43157df279deb428e613\">\n.flex_column.av-20u8wm-a2b80ec6b85a43157df279deb428e613{\nborder-radius:0px 0px 0px 0px;\npadding:0px 0px 0px 0px;\n}\n<\/style>\n<div  class='flex_column av-20u8wm-a2b80ec6b85a43157df279deb428e613 av_one_third  avia-builder-el-92  el_after_av_one_third  el_before_av_one_third  first flex_column_div av-zero-column-padding  column-top-margin'     ><section  class='avia-team-member av-k88ne21f-0a48f522d0a145702da11a3ab5a928ed  avia-builder-el-93  avia-builder-el-no-sibling '  itemscope=\"itemscope\" itemtype=\"https:\/\/schema.org\/Person\" ><div class=\"team-img-container\"><img fetchpriority=\"high\" class='wp-image-11073 avia-img-lazy-loading-not-11073 avia_image avia_image_team' src='https:\/\/ch2021.ch\/wp-content\/uploads\/2021\/01\/Testimonial-Steffi-Buchli.jpg' alt='Steffi Buchli'  itemprop=\"image\"   height=\"400\" width=\"495\" \/><\/div><h3 class='team-member-name '  itemprop=\"name\" >Steffi Buchli<\/h3><div class='team-member-job-title '  itemprop=\"jobTitle\" >Chefredaktorin Sport Blick-Gruppe<\/div><div class='team-member-description '  itemprop=\"description\" ><p>Erst 50 Jahre? Dass die Frauen bis vor kurzem nicht am politischen Leben unseres Landes haben teilnehmen d\u00fcrfen ist eigentlich verr\u00fcckt. Seither ist einiges passiert, zum Gl\u00fcck. Aber es gibt noch viel zu tun. Wir brauchen mehr Selbstverst\u00e4ndnis in unserem Handeln und Denken - man k\u00f6nnte es auch Selbstvertrauen nennen. Wir k\u00f6nnen alles erreichen, was wir wollen, wenn wir wollen. Das muss unsere Grundhaltung werden.<\/p>\n<\/div><span class='hidden team-member-affiliation'  itemprop=\"affiliation\" >CH2021<\/span><\/section><\/div>\n<style type=\"text\/css\" data-created_by=\"avia_inline_auto\" id=\"style-css-av-20u8wm-e73c36ca626902650de0d6791f1a867b\">\n.flex_column.av-20u8wm-e73c36ca626902650de0d6791f1a867b{\nborder-radius:0px 0px 0px 0px;\npadding:0px 0px 0px 0px;\n}\n<\/style>\n<div  class='flex_column av-20u8wm-e73c36ca626902650de0d6791f1a867b av_one_third  avia-builder-el-94  el_after_av_one_third  el_before_av_one_third  flex_column_div av-zero-column-padding  column-top-margin'     ><section  class='avia-team-member av-k88ne21f-cda2da079ea693317281956cb07d2bc9  avia-builder-el-95  avia-builder-el-no-sibling '  itemscope=\"itemscope\" itemtype=\"https:\/\/schema.org\/Person\" ><div class=\"team-img-container\"><img fetchpriority=\"high\" class='wp-image-11104 avia-img-lazy-loading-not-11104 avia_image avia_image_team' src='https:\/\/ch2021.ch\/wp-content\/uploads\/2021\/01\/Testimonial_Rigozzi.jpg' alt='Christa Rigozzi '  itemprop=\"image\"   height=\"892\" width=\"645\" \/><\/div><h3 class='team-member-name '  itemprop=\"name\" >Christa Rigozzi <\/h3><div class='team-member-job-title '  itemprop=\"jobTitle\" >Presentatrice, Imprenditrice e Influencer<\/div><div class='team-member-description '  itemprop=\"description\" ><p>Quest\u2019anno festeggiamo una tappa molto importante, i 50 anni del suffragio femminile. Come donna sono orgogliosa di essere arrivata fino a qui, ma il traguardo non \u00e9 ancora stato raggiunto. Ci vuole molto pi\u00f9 tempo per cambiare la mentalit\u00e0 delle persone che per cambiare una legge. Spero che la generazione pi\u00f9 giovane combatta per i diritti delle donne. Dobbiamo essere libere nelle nostre scelte. Una donna dovrebbe essere in grado di realizzare i suoi sogni proprio come un uomo. Non dovendo lottare dieci volte di pi\u00f9 per questo, non dovendo chiedere prima il permesso o cedendo automaticamente. Ci meritiamo le stesse libert\u00e0.<br \/>\nPer questo anniversario importante auguro a tutte le donne di riuscire a raggiungere i loro obiettivi senza compromessi e di andare avanti a sognare.<\/p>\n<\/div><span class='hidden team-member-affiliation'  itemprop=\"affiliation\" >CH2021<\/span><\/section><\/div>\n<style type=\"text\/css\" data-created_by=\"avia_inline_auto\" id=\"style-css-av-20u8wm-e73c36ca626902650de0d6791f1a867b\">\n.flex_column.av-20u8wm-e73c36ca626902650de0d6791f1a867b{\nborder-radius:0px 0px 0px 0px;\npadding:0px 0px 0px 0px;\n}\n<\/style>\n<div  class='flex_column av-20u8wm-e73c36ca626902650de0d6791f1a867b av_one_third  avia-builder-el-96  el_after_av_one_third  el_before_av_one_third  flex_column_div av-zero-column-padding  column-top-margin'     ><section  class='avia-team-member av-k88ne21f-ffbeed34877d23c674b953bcb00d8740  avia-builder-el-97  avia-builder-el-no-sibling '  itemscope=\"itemscope\" itemtype=\"https:\/\/schema.org\/Person\" ><div class=\"team-img-container\"><img fetchpriority=\"high\" class='wp-image-11138 avia-img-lazy-loading-not-11138 avia_image avia_image_team' src='https:\/\/ch2021.ch\/wp-content\/uploads\/2021\/01\/Maya-Graf-Portrait-hochformat-W19.jpg' alt='Maya Graf'  itemprop=\"image\"   height=\"719\" width=\"617\" \/><\/div><h3 class='team-member-name '  itemprop=\"name\" >Maya Graf<\/h3><div class='team-member-job-title '  itemprop=\"jobTitle\" >St\u00e4nder\u00e4tin Gr\u00fcne BL, Co-Pr\u00e4sidentin alliance F<\/div><div class='team-member-description '  itemprop=\"description\" ><p>Erst seit 50 Jahren ist die Schweiz eine wirkliche Demokratie. Heute ist das Schweizer Parlament weiblicher als jedes andere vor ihm. Seine Agenda ist jedoch immer noch lang. Die Forderung nach besserer Vereinbarkeit von Beruf und Familie, nach einer Elternzeit und Individualbesteuerung, nach griffigen Massnahmen gegen Gewalt und nach Abkehr von Geschlechterstereotypen und \u2013diskriminierung stehen darauf. Es braucht weiterhin den Einsatz von uns allen f\u00fcr die Gestaltung einer gleichberechtigten, nachhaltigen Gesellschaft und Wirtschaft.<\/p>\n<\/div><span class='hidden team-member-affiliation'  itemprop=\"affiliation\" >CH2021<\/span><\/section><\/div>\n<style type=\"text\/css\" data-created_by=\"avia_inline_auto\" id=\"style-css-av-20u8wm-a2b80ec6b85a43157df279deb428e613\">\n.flex_column.av-20u8wm-a2b80ec6b85a43157df279deb428e613{\nborder-radius:0px 0px 0px 0px;\npadding:0px 0px 0px 0px;\n}\n<\/style>\n<div  class='flex_column av-20u8wm-a2b80ec6b85a43157df279deb428e613 av_one_third  avia-builder-el-98  el_after_av_one_third  el_before_av_one_third  first flex_column_div av-zero-column-padding  column-top-margin'     ><section  class='avia-team-member av-k88ne21f-cc6fd8e5f869cc9dbc83d07f307740e6  avia-builder-el-99  avia-builder-el-no-sibling '  itemscope=\"itemscope\" itemtype=\"https:\/\/schema.org\/Person\" ><div class=\"team-img-container\"><img fetchpriority=\"high\" class='wp-image-11348 avia-img-lazy-loading-not-11348 avia_image avia_image_team' src='https:\/\/ch2021.ch\/wp-content\/uploads\/2021\/01\/Sina-Bellwald_Testimonial.jpg' alt='Sina Bellwald'  itemprop=\"image\"   height=\"892\" width=\"645\" \/><\/div><h3 class='team-member-name '  itemprop=\"name\" >Sina Bellwald<\/h3><div class='team-member-job-title '  itemprop=\"jobTitle\" >Musikerin<\/div><div class='team-member-description '  itemprop=\"description\" ><p>9 Jahre vor meiner Geburt gingen die ersten Walliserinnen in Unterb\u00e4ch an die Urne.<br \/>\nF\u00fcr mich sind sie die Suffragetten der Schweiz. Das war 1957. Das Frauenstimmrecht wurde schliesslich 53 Jahre nach Deutschland und 26 Jahre nach Italien auf eidgen\u00f6ssischer Ebene angenommen. Wenn ich sehe, wie viele Frauen sich seit damals mutig und k\u00e4mpferisch f\u00fcr unsere Rechte eingesetzt haben, dann ist das definitiv ein Grund zum Feiern.<br \/>\nSo schnell wie m\u00f6glich daf\u00fcr zu sorgen, dass Themen wie gleiche Rechte, gleicher Lohn und gleiche Chancen f\u00fcr zuk\u00fcnftige Generationen Normalit\u00e4t bedeuten, heisst allerdings, uns weiterhin gemeinsam daf\u00fcr stark zu machen.<\/p>\n<\/div><span class='hidden team-member-affiliation'  itemprop=\"affiliation\" >CH2021<\/span><\/section><\/div>\n<style type=\"text\/css\" data-created_by=\"avia_inline_auto\" id=\"style-css-av-20u8wm-e73c36ca626902650de0d6791f1a867b\">\n.flex_column.av-20u8wm-e73c36ca626902650de0d6791f1a867b{\nborder-radius:0px 0px 0px 0px;\npadding:0px 0px 0px 0px;\n}\n<\/style>\n<div  class='flex_column av-20u8wm-e73c36ca626902650de0d6791f1a867b av_one_third  avia-builder-el-100  el_after_av_one_third  el_before_av_one_third  flex_column_div av-zero-column-padding  column-top-margin'     ><section  class='avia-team-member av-k88ne21f-9435105124a4f542a2a09ebc63025a33  avia-builder-el-101  avia-builder-el-no-sibling '  itemscope=\"itemscope\" itemtype=\"https:\/\/schema.org\/Person\" ><div class=\"team-img-container\"><img fetchpriority=\"high\" class='wp-image-11368 avia-img-lazy-loading-not-11368 avia_image avia_image_team' src='https:\/\/ch2021.ch\/wp-content\/uploads\/2021\/02\/Testimonial-Anne-Challandes.jpg' alt='Anne Challandes'  itemprop=\"image\"   height=\"892\" width=\"645\" \/><\/div><h3 class='team-member-name '  itemprop=\"name\" >Anne Challandes<\/h3><div class='team-member-job-title '  itemprop=\"jobTitle\" >Pr\u00e4sidentin SBLV<\/div><div class='team-member-description '  itemprop=\"description\" ><p>Danke an diejenigen, die daf\u00fcr gek\u00e4mpft haben, dass ich das Wahlrecht habe! Es ist essenziell, seine Stimme einzubringen, um die Zukunft unserer Gesellschaft und unseres Landes mitzugestalten!<\/p>\n<\/div><span class='hidden team-member-affiliation'  itemprop=\"affiliation\" >CH2021<\/span><\/section><\/div>\n<style type=\"text\/css\" data-created_by=\"avia_inline_auto\" id=\"style-css-av-20u8wm-e73c36ca626902650de0d6791f1a867b\">\n.flex_column.av-20u8wm-e73c36ca626902650de0d6791f1a867b{\nborder-radius:0px 0px 0px 0px;\npadding:0px 0px 0px 0px;\n}\n<\/style>\n<div  class='flex_column av-20u8wm-e73c36ca626902650de0d6791f1a867b av_one_third  avia-builder-el-102  el_after_av_one_third  el_before_av_one_third  flex_column_div av-zero-column-padding  column-top-margin'     ><section  class='avia-team-member av-k88ne21f-d5d3d976057d9c9b824399db58e6c9be  avia-builder-el-103  avia-builder-el-no-sibling '  itemscope=\"itemscope\" itemtype=\"https:\/\/schema.org\/Person\" ><div class=\"team-img-container\"><img fetchpriority=\"high\" class='wp-image-11378 avia-img-lazy-loading-not-11378 avia_image avia_image_team' src='https:\/\/ch2021.ch\/wp-content\/uploads\/2021\/02\/Sarah-Akanji.jpeg' alt='Sarah Akanji'  itemprop=\"image\"   height=\"658\" width=\"658\" \/><\/div><h3 class='team-member-name '  itemprop=\"name\" >Sarah Akanji<\/h3><div class='team-member-job-title '  itemprop=\"jobTitle\" >Kantonsr\u00e4tin ZH, Fussballerin, Gr\u00fcnderin FC Winterthur Frauen<\/div><div class='team-member-description '  itemprop=\"description\" ><p>Bei Lohn, \u00d6ffentlichkeit und zur Verf\u00fcgung stehenden Ressourcen gibt es im Fussball eine solch krasse Diskrepanz zwischen den Geschlechtern wie in kaum einem anderen Bereich. Mein Ziel ist es, dass M\u00e4dchen und Frauen der Weg zum Fussball offen steht. Frauen sollen endlich unter denselben Bedingungen Fussball spielen k\u00f6nnen wie M\u00e4nner. Sie sollen teilhaben d\u00fcrfen, gef\u00f6rdert und respektiert werden. Es ist ein bitterer Fakt, dass Gleichberechtigung im Sport noch l\u00e4ngst nicht erreicht ist. Das muss ge\u00e4ndert werden!<\/p>\n<\/div><span class='hidden team-member-affiliation'  itemprop=\"affiliation\" >CH2021<\/span><\/section><\/div>\n<style type=\"text\/css\" data-created_by=\"avia_inline_auto\" id=\"style-css-av-20u8wm-a2b80ec6b85a43157df279deb428e613\">\n.flex_column.av-20u8wm-a2b80ec6b85a43157df279deb428e613{\nborder-radius:0px 0px 0px 0px;\npadding:0px 0px 0px 0px;\n}\n<\/style>\n<div  class='flex_column av-20u8wm-a2b80ec6b85a43157df279deb428e613 av_one_third  avia-builder-el-104  el_after_av_one_third  el_before_av_one_third  first flex_column_div av-zero-column-padding  column-top-margin'     ><section  class='avia-team-member av-k88ne21f-4ddc1b3231f8f5183f963ec543b5bee1  avia-builder-el-105  avia-builder-el-no-sibling '  itemscope=\"itemscope\" itemtype=\"https:\/\/schema.org\/Person\" ><div class=\"team-img-container\"><img fetchpriority=\"high\" class='wp-image-11473 avia-img-lazy-loading-not-11473 avia_image avia_image_team' src='https:\/\/ch2021.ch\/wp-content\/uploads\/2021\/02\/Testimonial-Pirmin-Meyer.jpg' alt='Pirmin Meyer'  itemprop=\"image\"   height=\"400\" width=\"495\" \/><\/div><h3 class='team-member-name '  itemprop=\"name\" >Pirmin Meyer<\/h3><div class='team-member-job-title '  itemprop=\"jobTitle\" >Mitgr\u00fcnder WE\/MEN und Head of Public Affairs Zurich Schweiz<\/div><div class='team-member-description '  itemprop=\"description\" ><p>Vor einem Jahr gr\u00fcndete ich mit Mitstreiter*innen \"WE\/MEN - M\u00e4nner* f\u00fcr mehr Frauen* in der \u00d6ffentlichkeit\". W\u00e4hrend es immer noch reine M\u00e4nnerevents zu allen m\u00f6glichen Themen gibt, gibt es kaum M\u00e4nner, die sich \u00f6ffentlich f\u00fcr Gleichberechtigung einsetzen. Als Bewegung wollen wir mehr M\u00e4nner f\u00fcr Gleichberechtigung begeistern und gemeinsam - M\u00e4nner und Frauen - einen Schritt weiter kommen. Feiern wir jetzt 50 Jahre Frauenstimmrecht und machen wir uns 2021 an die gr\u00f6ssten Baustellen: Elternzeit, Individualbesteuerung und Kinderbetreuung. Es braucht einen Sondereffort in der Politik f\u00fcr fairere Rahmenbedingungen. Und auf individueller Basis einen Beitrag von uns allen - damit eine fairere Aufteilung von unbezahlter und bezahlter Arbeit zwischen den Geschlechtern gelingt. Lasst uns das Schubladendenken im 21. Jahrhundert \u00fcberwinden.<\/p>\n<\/div><span class='hidden team-member-affiliation'  itemprop=\"affiliation\" >CH2021<\/span><\/section><\/div>\n<style type=\"text\/css\" data-created_by=\"avia_inline_auto\" id=\"style-css-av-20u8wm-e73c36ca626902650de0d6791f1a867b\">\n.flex_column.av-20u8wm-e73c36ca626902650de0d6791f1a867b{\nborder-radius:0px 0px 0px 0px;\npadding:0px 0px 0px 0px;\n}\n<\/style>\n<div  class='flex_column av-20u8wm-e73c36ca626902650de0d6791f1a867b av_one_third  avia-builder-el-106  el_after_av_one_third  el_before_av_one_third  flex_column_div av-zero-column-padding  column-top-margin'     ><section  class='avia-team-member av-k88ne21f-94effee1ee7503a76654573afe7463dd  avia-builder-el-107  avia-builder-el-no-sibling '  itemscope=\"itemscope\" itemtype=\"https:\/\/schema.org\/Person\" ><div class=\"team-img-container\"><img fetchpriority=\"high\" class='wp-image-11441 avia-img-lazy-loading-not-11441 avia_image avia_image_team' src='https:\/\/ch2021.ch\/wp-content\/uploads\/2021\/02\/Testimonial-MC.jpg' alt='Marina Carobbio Guscetti'  itemprop=\"image\"   height=\"892\" width=\"645\" \/><\/div><h3 class='team-member-name '  itemprop=\"name\" >Marina Carobbio Guscetti<\/h3><div class='team-member-job-title '  itemprop=\"jobTitle\" >Consigliera agli Stati \/TI<\/div><div class='team-member-description '  itemprop=\"description\" ><p>Le donne svizzere hanno conquistato il diritto di voto e di elezione grazie a determinazione e perseveranza. Una democrazia pu\u00f2 funzionare solo se tutte e tutti vi possono partecipare pienamente. Ricordare l\u2019impegno di queste donne \u00e8 centrale per continuare a promuovere la parit\u00e0 dei sessi e per una societ\u00e0 pi\u00f9 giusta, pi\u00f9 responsabile e pi\u00f9 rispettosa della diversit\u00e0.<\/p>\n<\/div><span class='hidden team-member-affiliation'  itemprop=\"affiliation\" >CH2021<\/span><\/section><\/div>\n<style type=\"text\/css\" data-created_by=\"avia_inline_auto\" id=\"style-css-av-20u8wm-e73c36ca626902650de0d6791f1a867b\">\n.flex_column.av-20u8wm-e73c36ca626902650de0d6791f1a867b{\nborder-radius:0px 0px 0px 0px;\npadding:0px 0px 0px 0px;\n}\n<\/style>\n<div  class='flex_column av-20u8wm-e73c36ca626902650de0d6791f1a867b av_one_third  avia-builder-el-108  el_after_av_one_third  el_before_av_one_third  flex_column_div av-zero-column-padding  column-top-margin'     ><section  class='avia-team-member av-k88ne21f-c18e0b69ba8983cf26a1b033933e7a72  avia-builder-el-109  avia-builder-el-no-sibling '  itemscope=\"itemscope\" itemtype=\"https:\/\/schema.org\/Person\" ><div class=\"team-img-container\"><img fetchpriority=\"high\" class='wp-image-11449 avia-img-lazy-loading-not-11449 avia_image avia_image_team' src='https:\/\/ch2021.ch\/wp-content\/uploads\/2021\/02\/Testimonial-Sarah-Chaksad.jpg' alt='Sarah Chaksad'  itemprop=\"image\"   height=\"400\" width=\"495\" \/><\/div><h3 class='team-member-name '  itemprop=\"name\" >Sarah Chaksad<\/h3><div class='team-member-job-title '  itemprop=\"jobTitle\" >Musikerin<\/div><div class='team-member-description '  itemprop=\"description\" ><p>Ich schaue gerne zur\u00fcck \u2013 jedoch noch um einiges lieber in die Zukunft! Frauen werden in dieser Zukunft auf Schweizer B\u00fchnen nicht mehr in der Minderheit sein. Sie werden in die Saiten greifen und auf die Felle hauen, sie werden Beats produzieren und Festivalkonzerte abmischen, allesamt angespornt von den vielen, ja zahlreichen Vorbildern. Heute mag das vielleicht noch utopisch klingen. Davon liessen sich unsere Vork\u00e4mpferinnen f\u00fcr das Frauenstimmrecht jedoch nicht aufhalten. Lasst uns dankbar sein f\u00fcr ihren Einsatz \u2013 und lassen wir uns von ihrer Power inspirieren!<\/p>\n<\/div><span class='hidden team-member-affiliation'  itemprop=\"affiliation\" >CH2021<\/span><\/section><\/div>\n<style type=\"text\/css\" data-created_by=\"avia_inline_auto\" id=\"style-css-av-20u8wm-a2b80ec6b85a43157df279deb428e613\">\n.flex_column.av-20u8wm-a2b80ec6b85a43157df279deb428e613{\nborder-radius:0px 0px 0px 0px;\npadding:0px 0px 0px 0px;\n}\n<\/style>\n<div  class='flex_column av-20u8wm-a2b80ec6b85a43157df279deb428e613 av_one_third  avia-builder-el-110  el_after_av_one_third  el_before_av_one_third  first flex_column_div av-zero-column-padding  column-top-margin'     ><section  class='avia-team-member av-k88ne21f-0521c7244679d1b2c850e820fe5568e1  avia-builder-el-111  avia-builder-el-no-sibling '  itemscope=\"itemscope\" itemtype=\"https:\/\/schema.org\/Person\" ><div class=\"team-img-container\"><img fetchpriority=\"high\" class='wp-image-11592 avia-img-lazy-loading-not-11592 avia_image avia_image_team' src='https:\/\/ch2021.ch\/wp-content\/uploads\/2021\/02\/Testimonial-Andrea-Nagel.jpg' alt='Andrea Nagel'  itemprop=\"image\"   height=\"892\" width=\"645\" \/><\/div><h3 class='team-member-name '  itemprop=\"name\" >Andrea Nagel<\/h3><div class='team-member-job-title '  itemprop=\"jobTitle\" >Gesch\u00e4ftsleiterin cfd Die feministische Friedensorganisation<\/div><div class='team-member-description '  itemprop=\"description\" ><p>Das Wahl- und Stimmrecht ist ein Menschenrecht. Zu 50 Jahren echter Schweizer Demokratie w\u00fcnsche ich mir, dass die 25% Wohnbev\u00f6lkerung der Schweiz, welche heute noch kein politisches Mitbestimmungsrecht hat, vermehrt geh\u00f6rt und einbezogen wird.<\/p>\n<\/div><span class='hidden team-member-affiliation'  itemprop=\"affiliation\" >CH2021<\/span><\/section><\/div>\n<style type=\"text\/css\" data-created_by=\"avia_inline_auto\" id=\"style-css-av-20u8wm-e73c36ca626902650de0d6791f1a867b\">\n.flex_column.av-20u8wm-e73c36ca626902650de0d6791f1a867b{\nborder-radius:0px 0px 0px 0px;\npadding:0px 0px 0px 0px;\n}\n<\/style>\n<div  class='flex_column av-20u8wm-e73c36ca626902650de0d6791f1a867b av_one_third  avia-builder-el-112  el_after_av_one_third  el_before_av_one_third  flex_column_div av-zero-column-padding  column-top-margin'     ><section  class='avia-team-member av-k88ne21f-632a0a3e0945d8e735de5b17ea193336  avia-builder-el-113  avia-builder-el-no-sibling '  itemscope=\"itemscope\" itemtype=\"https:\/\/schema.org\/Person\" ><div class=\"team-img-container\"><img fetchpriority=\"high\" class='wp-image-11673 avia-img-lazy-loading-not-11673 avia_image avia_image_team' src='https:\/\/ch2021.ch\/wp-content\/uploads\/2021\/02\/Gardi-Hutter.jpg' alt='Gardi Hutter'  itemprop=\"image\"   height=\"517\" width=\"517\" \/><\/div><h3 class='team-member-name '  itemprop=\"name\" >Gardi Hutter<\/h3><div class='team-member-job-title '  itemprop=\"jobTitle\" >Schauspielerin und Autorin<\/div><div class='team-member-description '  itemprop=\"description\" ><p>Im \u00dcbrigen finde ich aufschlussreich, dass fast alle islamischen Staaten das Frauenstimmrecht vor der Schweiz eingef\u00fchrt haben. Auch h\u00e4tte die Volksrepublik China zwischen 1949 und 1971 mit uns Schweizern reden m\u00fcssen, weil wir Menschenrechte missachten und darum die UNO-Menschenrechtskonvention nicht unterschreiben konnten.<\/p>\n<\/div><span class='hidden team-member-affiliation'  itemprop=\"affiliation\" >CH2021<\/span><\/section><\/div>\n<style type=\"text\/css\" data-created_by=\"avia_inline_auto\" id=\"style-css-av-20u8wm-e73c36ca626902650de0d6791f1a867b\">\n.flex_column.av-20u8wm-e73c36ca626902650de0d6791f1a867b{\nborder-radius:0px 0px 0px 0px;\npadding:0px 0px 0px 0px;\n}\n<\/style>\n<div  class='flex_column av-20u8wm-e73c36ca626902650de0d6791f1a867b av_one_third  avia-builder-el-114  el_after_av_one_third  el_before_av_one_third  flex_column_div av-zero-column-padding  column-top-margin'     ><section  class='avia-team-member av-k88ne21f-561b9e8ae8f9fc9c41c5af56e330da99  avia-builder-el-115  avia-builder-el-no-sibling '  itemscope=\"itemscope\" itemtype=\"https:\/\/schema.org\/Person\" ><div class=\"team-img-container\"><img fetchpriority=\"high\" class='wp-image-11662 avia-img-lazy-loading-not-11662 avia_image avia_image_team' src='https:\/\/ch2021.ch\/wp-content\/uploads\/2021\/02\/Testimonial-Sandra-Studer.jpg' alt='Sandra Studer'  itemprop=\"image\"   height=\"892\" width=\"645\" \/><\/div><h3 class='team-member-name '  itemprop=\"name\" >Sandra Studer<\/h3><div class='team-member-job-title '  itemprop=\"jobTitle\" >Moderatorin und S\u00e4ngerin<\/div><div class='team-member-description '  itemprop=\"description\" ><p>Der Gedanke, dass ich 1969 in eine Welt geboren wurde, in der die H\u00e4lfte der Gesellschaft von politischen und wirtschaftlichen Fragen ausgeschlossen war, ist aus heutiger Sicht unfassbar. 50 Jahre Frauenstimmrecht sind f\u00fcr mich in erster Linie ein Verneigen vor all den mutigen und hartn\u00e4ckigen Frauen, die \u00fcber Jahrzehnte gek\u00e4mpft haben. Und gleichzeitig ein Erinnern, dass wir unsere Stimme auch in Zukunft brauchen. Arbeit und Familie m\u00fcssen besser vereinbar werden. Das ist kein Geschlechterkampf, sondern f\u00fcr Frau und Mann eine Win-win-Situation. Ich hoffe, f\u00fcr diese Erkenntnis braucht es nicht weitere 50 Jahre.<\/p>\n<\/div><span class='hidden team-member-affiliation'  itemprop=\"affiliation\" >CH2021<\/span><\/section><\/div>\n<style type=\"text\/css\" data-created_by=\"avia_inline_auto\" id=\"style-css-av-20u8wm-a2b80ec6b85a43157df279deb428e613\">\n.flex_column.av-20u8wm-a2b80ec6b85a43157df279deb428e613{\nborder-radius:0px 0px 0px 0px;\npadding:0px 0px 0px 0px;\n}\n<\/style>\n<div  class='flex_column av-20u8wm-a2b80ec6b85a43157df279deb428e613 av_one_third  avia-builder-el-116  el_after_av_one_third  el_before_av_one_third  first flex_column_div av-zero-column-padding  column-top-margin'     ><section  class='avia-team-member av-k88ne21f-090942dcf6dc38a635fe39dc8488cd47  avia-builder-el-117  avia-builder-el-no-sibling '  itemscope=\"itemscope\" itemtype=\"https:\/\/schema.org\/Person\" ><div class=\"team-img-container\"><img fetchpriority=\"high\" class='wp-image-11730 avia-img-lazy-loading-not-11730 avia_image avia_image_team' src='https:\/\/ch2021.ch\/wp-content\/uploads\/2021\/02\/portrait-marion-nyffenegger2.jpeg' alt='Marion Nyffenegger'  itemprop=\"image\"   height=\"532\" width=\"480\" \/><\/div><h3 class='team-member-name '  itemprop=\"name\" >Marion Nyffenegger<\/h3><div class='team-member-job-title '  itemprop=\"jobTitle\" >Filmemacherin Animation <\/div><div class='team-member-description '  itemprop=\"description\" ><p>Im Aussen wie im Inneren m\u00fcssen wir Menschen lernen, unsere Unterschiede als Potential zu sehen und nicht als Angriff und Gegenangriff. Jegliche Art von weiblicher Facette braucht ihren als Geburtsrecht gegebenen Platz in diesem Land und in der ganzen Welt. Vieles ist in einem Ungleichgewicht: Weiblichkeit wie auch M\u00e4nnlichkeit hat seine Gleichberechtigung verdient. Daf\u00fcr m\u00fcssen wir ein Bewusstsein und ein Verst\u00e4ndnis entwickeln, damit unsere Gesellschaft aus dem vollen Potential sch\u00f6pfen kann. Wir d\u00fcrfen damit aufh\u00f6ren, uns im Weg zu stehen.<\/p>\n<\/div><span class='hidden team-member-affiliation'  itemprop=\"affiliation\" >CH2021<\/span><\/section><\/div>\n<style type=\"text\/css\" data-created_by=\"avia_inline_auto\" id=\"style-css-av-20u8wm-e73c36ca626902650de0d6791f1a867b\">\n.flex_column.av-20u8wm-e73c36ca626902650de0d6791f1a867b{\nborder-radius:0px 0px 0px 0px;\npadding:0px 0px 0px 0px;\n}\n<\/style>\n<div  class='flex_column av-20u8wm-e73c36ca626902650de0d6791f1a867b av_one_third  avia-builder-el-118  el_after_av_one_third  el_before_av_one_third  flex_column_div av-zero-column-padding  column-top-margin'     ><section  class='avia-team-member av-k88ne21f-752bf45b62149fe32a49d78d367aec69  avia-builder-el-119  avia-builder-el-no-sibling '  itemscope=\"itemscope\" itemtype=\"https:\/\/schema.org\/Person\" ><div class=\"team-img-container\"><img fetchpriority=\"high\" class='wp-image-11985 avia-img-lazy-loading-not-11985 avia_image avia_image_team' src='https:\/\/ch2021.ch\/wp-content\/uploads\/2021\/02\/Testimonial-Monica-Kissling.jpg' alt='Monica Kissling'  itemprop=\"image\"   height=\"892\" width=\"645\" \/><\/div><h3 class='team-member-name '  itemprop=\"name\" >Monica Kissling<\/h3><div class='team-member-job-title '  itemprop=\"jobTitle\" >Astrologin &amp; Pr\u00e4sidentin Schweizer Astrologenbund SAB<\/div><div class='team-member-description '  itemprop=\"description\" ><p>Das z\u00e4he Ringen um die Frauenrechte spiegelt sich auch im Landeshoroskop, das ein sehr konservatives Familienmodell mit einer klaren Rollenverteilung zeigt. Die M\u00e4nner haben das Sagen, die Frauen unterst\u00fctzen sie hingebungsvoll. F\u00fcr ihre Rechte m\u00fcssen die Frauen hart und vor allem ausdauernd k\u00e4mpfen. Die gute Nachricht: Nach dem Aufbruch von 1971 kann sich nun 50 Jahre sp\u00e4ter erneut enorm viel bewegen! Der Zeitgeist beg\u00fcnstigt in den kommenden Jahren demokratische Prozesse, die Gleichstellung sowie die Menschenrechte generell. Ein Umdenken wird stattfinden, sogar ein Paradigmenwechsel ist m\u00f6glich. Eine neue Epoche hat begonnen.<\/p>\n<\/div><span class='hidden team-member-affiliation'  itemprop=\"affiliation\" >CH2021<\/span><\/section><\/div>\n<style type=\"text\/css\" data-created_by=\"avia_inline_auto\" id=\"style-css-av-20u8wm-e73c36ca626902650de0d6791f1a867b\">\n.flex_column.av-20u8wm-e73c36ca626902650de0d6791f1a867b{\nborder-radius:0px 0px 0px 0px;\npadding:0px 0px 0px 0px;\n}\n<\/style>\n<div  class='flex_column av-20u8wm-e73c36ca626902650de0d6791f1a867b av_one_third  avia-builder-el-120  el_after_av_one_third  el_before_av_one_third  flex_column_div av-zero-column-padding  column-top-margin'     ><section  class='avia-team-member av-k88ne21f-2f84e00e230af1ce9d9f5694225882d3  avia-builder-el-121  avia-builder-el-no-sibling '  itemscope=\"itemscope\" itemtype=\"https:\/\/schema.org\/Person\" ><div class=\"team-img-container\"><img fetchpriority=\"high\" class='wp-image-12027 avia-img-lazy-loading-not-12027 avia_image avia_image_team' src='https:\/\/ch2021.ch\/wp-content\/uploads\/2021\/02\/Testimonial-Regula-Sta\u0308mpfli.jpg' alt='Regula St\u00e4mpfli'  itemprop=\"image\"   height=\"892\" width=\"645\" \/><\/div><h3 class='team-member-name '  itemprop=\"name\" >Regula St\u00e4mpfli<\/h3><div class='team-member-job-title '  itemprop=\"jobTitle\" >Politologin, Dozentin, Autorin<\/div><div class='team-member-description '  itemprop=\"description\" ><p>50 Jahre Frauenstimmrecht sind der erste, wichtige Schritt zur Menschwerdung der Frauen. Teilhabegerechtigkeit ist noch l\u00e4ngst nicht erreicht. Entgegen gel\u00e4ufiger Medienmeinungen sind Frauen nicht auf dem Vormarsch, sondern das Gegenteil ist der Fall. Frauen sind nicht nur das \u2018andere\u2019 Geschlecht, sondern werden gerade durch die digitale Revolution mehr und mehr diskriminiert und unsichtbar gemacht. Deshalb sind die Jubil\u00e4umsveranstaltungen auch Pfeiler f\u00fcr die Zukunft. Ich danke CH2021 und besonders Zita K\u00fcng, dass sie uns Frauen dies erm\u00f6glicht.<\/p>\n<\/div><span class='hidden team-member-affiliation'  itemprop=\"affiliation\" >CH2021<\/span><\/section><\/div>\n<style type=\"text\/css\" data-created_by=\"avia_inline_auto\" id=\"style-css-av-20u8wm-a2b80ec6b85a43157df279deb428e613\">\n.flex_column.av-20u8wm-a2b80ec6b85a43157df279deb428e613{\nborder-radius:0px 0px 0px 0px;\npadding:0px 0px 0px 0px;\n}\n<\/style>\n<div  class='flex_column av-20u8wm-a2b80ec6b85a43157df279deb428e613 av_one_third  avia-builder-el-122  el_after_av_one_third  el_before_av_one_third  first flex_column_div av-zero-column-padding  column-top-margin'     ><section  class='avia-team-member av-k88ne21f-03baf2ccf0ac02e7b858ce6262d4b8e5  avia-builder-el-123  avia-builder-el-no-sibling '  itemscope=\"itemscope\" itemtype=\"https:\/\/schema.org\/Person\" ><div class=\"team-img-container\"><img fetchpriority=\"high\" class='wp-image-12355 avia-img-lazy-loading-not-12355 avia_image avia_image_team' src='https:\/\/ch2021.ch\/wp-content\/uploads\/2021\/03\/Unknown-1.jpeg' alt='Dinah Zanetti'  itemprop=\"image\"   height=\"217\" width=\"320\" \/><\/div><h3 class='team-member-name '  itemprop=\"name\" >Dinah Zanetti<\/h3><div class='team-member-job-title '  itemprop=\"jobTitle\" >Lehrerin, Projektleiterin und Autorin<\/div><div class='team-member-description '  itemprop=\"description\" ><p>Noch immer werden M\u00e4dchen* und junge Frauen* anders erzogen als Buben* und junge M\u00e4nner*. Und noch immer stehen daf\u00fcr andere finanzielle Mittel zur Verf\u00fcgung! Der stille Lehrplan und die geschlechterspezifische Sozialisation wirken noch heute. Unausgesprochene Erwartungen und stereotype, eingeschliffene Muster \u00fcbertragen sich weiter von einer Generation auf die n\u00e4chste. Strukturelle Nachteile wurden noch nicht vollst\u00e4ndig aus dem Weg geschaffen. Dies m\u00fcssen wir \u00e4ndern. Indem wir auf junge Menschen h\u00f6ren, sie politisch einbeziehen in die Entscheide, die sie betreffen und indem wir das Stimm- und Wahlrechtsalter nach unten anpassen. <\/p>\n<\/div><span class='hidden team-member-affiliation'  itemprop=\"affiliation\" >CH2021<\/span><\/section><\/div>\n<style type=\"text\/css\" data-created_by=\"avia_inline_auto\" id=\"style-css-av-20u8wm-e73c36ca626902650de0d6791f1a867b\">\n.flex_column.av-20u8wm-e73c36ca626902650de0d6791f1a867b{\nborder-radius:0px 0px 0px 0px;\npadding:0px 0px 0px 0px;\n}\n<\/style>\n<div  class='flex_column av-20u8wm-e73c36ca626902650de0d6791f1a867b av_one_third  avia-builder-el-124  el_after_av_one_third  el_before_av_one_third  flex_column_div av-zero-column-padding  column-top-margin'     ><section  class='avia-team-member av-k88ne21f-98e71591b0c2cc6d22a4871e4e740333  avia-builder-el-125  avia-builder-el-no-sibling '  itemscope=\"itemscope\" itemtype=\"https:\/\/schema.org\/Person\" ><div class=\"team-img-container\"><img fetchpriority=\"high\" class='wp-image-12738 avia-img-lazy-loading-not-12738 avia_image avia_image_team' src='https:\/\/ch2021.ch\/wp-content\/uploads\/2021\/03\/Fabienne-Amlinger-Testimonial.jpg' alt='Fabienne Amlinger'  itemprop=\"image\"   height=\"400\" width=\"495\" \/><\/div><h3 class='team-member-name '  itemprop=\"name\" >Fabienne Amlinger<\/h3><div class='team-member-job-title '  itemprop=\"jobTitle\" >Historikerin und Geschlechterforscherin<\/div><div class='team-member-description '  itemprop=\"description\" ><p>Der Kampf um die politischen Rechte f\u00fcr Frauen war lang und hart. Seit der Einf\u00fchrung des Frauenstimmrechts sind viele weitere gleichstellungspolitische Errungenschaften erreicht worden. All das haben wir vielen engagierten und mutigen, bekannten und unbekannten Vork\u00e4mpfer*innen zu verdanken. Auch heute noch m\u00fcssen wir aber weiterk\u00e4mpfen. Denn die Schweiz ist weit entfernt von einer gleichberechtigten, diskriminierungsfreien Gesellschaft. Zudem ist Demokratie nie fertig \u2013 sie bedarf st\u00e4ndiger Arbeit.<br \/>\n\u00a9 Universit\u00e4t Bern\/ Bild: Vera Kn\u00f6pfel<\/p>\n<\/div><span class='hidden team-member-affiliation'  itemprop=\"affiliation\" >CH2021<\/span><\/section><\/div>\n<style type=\"text\/css\" data-created_by=\"avia_inline_auto\" id=\"style-css-av-2nwsli-22111c1bd49bba6d76af91b232adcefd\">\n.flex_column.av-2nwsli-22111c1bd49bba6d76af91b232adcefd{\nborder-radius:0px 0px 0px 0px;\npadding:0px 0px 0px 0px;\n}\n<\/style>\n<div  class='flex_column av-2nwsli-22111c1bd49bba6d76af91b232adcefd av_one_third  avia-builder-el-126  el_after_av_one_third  el_before_av_one_third  flex_column_div av-zero-column-padding  column-top-margin'     ><section  class='avia-team-member av-kn99hzrh-54dfacf827e966f8dbf26942c8d868db  avia-builder-el-127  avia-builder-el-no-sibling '  itemscope=\"itemscope\" itemtype=\"https:\/\/schema.org\/Person\" ><div class=\"team-img-container\"><img fetchpriority=\"high\" class='wp-image-12821 avia-img-lazy-loading-not-12821 avia_image avia_image_team' src='https:\/\/ch2021.ch\/wp-content\/uploads\/2021\/04\/Testimonial-Barbara-Freiburghaus.jpg' alt='Barbara Freiburghaus'  itemprop=\"image\"   height=\"892\" width=\"645\" \/><\/div><h3 class='team-member-name '  itemprop=\"name\" >Barbara Freiburghaus<\/h3><div class='team-member-job-title '  itemprop=\"jobTitle\" >Pr\u00e4sidentin Verein Individualbesteuerung Schweiz<\/div><div class='team-member-description '  itemprop=\"description\" ><p>Rechtlich ist die Gleichstellung heute gesetzlich verankert. Im Alltag gibt es noch einiges zu tun. Noch immer ist die Vereinbarkeit Beruf-Familie-Politik eine grosse Herausforderung. Auch unser Steuersystem ist noch auf die Ein-Ern\u00e4hrer-Familie angelegt. Dies soll nun mit der Volksinitiative zur Individualbesteuerung angegangen werden. <\/p>\n<\/div><span class='hidden team-member-affiliation'  itemprop=\"affiliation\" >CH2021<\/span><\/section><\/div>\n<style type=\"text\/css\" data-created_by=\"avia_inline_auto\" id=\"style-css-av-365qae-d62372ecbb78b0f1bf50044d19d3e8ff\">\n.flex_column.av-365qae-d62372ecbb78b0f1bf50044d19d3e8ff{\nborder-radius:0px 0px 0px 0px;\npadding:0px 0px 0px 0px;\n}\n<\/style>\n<div  class='flex_column av-365qae-d62372ecbb78b0f1bf50044d19d3e8ff av_one_third  avia-builder-el-128  el_after_av_one_third  el_before_av_one_third  first flex_column_div av-zero-column-padding  column-top-margin'     ><section  class='avia-team-member av-knw5vke6-dd2c7d1b57698197ffc1162af918c39d  avia-builder-el-129  avia-builder-el-no-sibling '  itemscope=\"itemscope\" itemtype=\"https:\/\/schema.org\/Person\" ><div class=\"team-img-container\"><img fetchpriority=\"high\" class='wp-image-12988 avia-img-lazy-loading-not-12988 avia_image avia_image_team' src='https:\/\/ch2021.ch\/wp-content\/uploads\/2021\/04\/Unbenannt-1.jpg' alt='Jolanda Spirig'  itemprop=\"image\"   height=\"400\" width=\"495\" \/><\/div><h3 class='team-member-name '  itemprop=\"name\" >Jolanda Spirig<\/h3><div class='team-member-job-title '  itemprop=\"jobTitle\" >Autorin<\/div><div class='team-member-description '  itemprop=\"description\" ><p>Ich war 17, als das Frauenstimmrecht angenommen wurde. Das lange Ringen um dieses selbstverst\u00e4ndliche Menschenrecht, die zahlreichen R\u00fcckschl\u00e4ge und Dem\u00fctigungen der Frauenstimmrechtsk\u00e4mpferinnen waren mir damals nicht bewusst. Frauengeschichte wurde nicht gelehrt, sie war nicht Teil der allgemeinen Geschichte. Und wie steht es heute? Bleiben wir dran! <\/p>\n<\/div><span class='hidden team-member-affiliation'  itemprop=\"affiliation\" >CH2021<\/span><\/section><\/div>\n<style type=\"text\/css\" data-created_by=\"avia_inline_auto\" id=\"style-css-av-30qwee-edd09d8d67799524184b5f0ef1946c79\">\n.flex_column.av-30qwee-edd09d8d67799524184b5f0ef1946c79{\nborder-radius:0px 0px 0px 0px;\npadding:0px 0px 0px 0px;\n}\n<\/style>\n<div  class='flex_column av-30qwee-edd09d8d67799524184b5f0ef1946c79 av_one_third  avia-builder-el-130  el_after_av_one_third  el_before_av_one_third  flex_column_div av-zero-column-padding  column-top-margin'     ><section  class='avia-team-member av-knhkgjh2-2159c25c8cf230b9c66209cccd78f422  avia-builder-el-131  avia-builder-el-no-sibling '  itemscope=\"itemscope\" itemtype=\"https:\/\/schema.org\/Person\" ><div class=\"team-img-container\"><img fetchpriority=\"high\" class='wp-image-12918 avia-img-lazy-loading-not-12918 avia_image avia_image_team' src='https:\/\/ch2021.ch\/wp-content\/uploads\/2021\/04\/Eva-Wannenmacher.jpg' alt='Eva Wannenmacher'  itemprop=\"image\"   height=\"532\" width=\"480\" \/><\/div><h3 class='team-member-name '  itemprop=\"name\" >Eva Wannenmacher<\/h3><div class='team-member-job-title '  itemprop=\"jobTitle\" >psychologischer Coach \/ \u201eLabor der Lebensfreude\u201c<\/div><div class='team-member-description '  itemprop=\"description\" ><p>In meiner Arbeit stelle ich t\u00e4glich fest, wie weit wir von echter Gleichstellung noch immer entfernt sind. Das zeigt sich nicht nur in der Politik und in der Wirtschaft, das zeigt sich auch in unseren ganz privaten Beziehungen: Wir Frauen getrauen uns zu oft nur zaghaft, uns zu zeigen und f\u00fcr unsere Bed\u00fcrfnisse und Rechte einzustehen. Ich ermutige deshalb jede Frau<br \/>\nvon Herzen zu wahrer Selbsterm\u00e4chtigung!<\/p>\n<\/div><span class='hidden team-member-affiliation'  itemprop=\"affiliation\" >CH2021<\/span><\/section><\/div>\n<style type=\"text\/css\" data-created_by=\"avia_inline_auto\" id=\"style-css-av-2oqdeu-36ba4c5415cbca09907a51f41961e991\">\n.flex_column.av-2oqdeu-36ba4c5415cbca09907a51f41961e991{\nborder-radius:0px 0px 0px 0px;\npadding:0px 0px 0px 0px;\n}\n<\/style>\n<div  class='flex_column av-2oqdeu-36ba4c5415cbca09907a51f41961e991 av_one_third  avia-builder-el-132  el_after_av_one_third  el_before_av_one_third  flex_column_div av-zero-column-padding  column-top-margin'     ><section  class='avia-team-member av-knw6aukl-928651a2852a8bed8f072e1e43ec938d  avia-builder-el-133  avia-builder-el-no-sibling '  itemscope=\"itemscope\" itemtype=\"https:\/\/schema.org\/Person\" ><div class=\"team-img-container\"><img fetchpriority=\"high\" class='wp-image-12999 avia-img-lazy-loading-not-12999 avia_image avia_image_team' src='https:\/\/ch2021.ch\/wp-content\/uploads\/2021\/04\/Simone-Curau-Aepli-scaled.jpg' alt='Simone Curau-Aepli'  itemprop=\"image\"   height=\"1707\" width=\"2560\" \/><\/div><h3 class='team-member-name '  itemprop=\"name\" >Simone Curau-Aepli<\/h3><div class='team-member-job-title '  itemprop=\"jobTitle\" >Pr\u00e4sidentin SKF Schweizerischer Katholischer Frauenbund und Vize-Pr\u00e4sidentin EKF Eidgen\u00f6ssische Kommission f\u00fcr Frauenfragen<\/div><div class='team-member-description '  itemprop=\"description\" ><p>Viele Frauen verdienen ein Denk-Mal f\u00fcr ihr kraft- und heilvolles Wirken, das in der bisherigen his-story nicht geb\u00fchrend Raum und Anerkennung findet. Es braucht die her-story und diese muss durch uns Frauen weitergeschrieben werden. 2021 ist ein Anlass, uns daran zu erinnern.<\/p>\n<\/div><span class='hidden team-member-affiliation'  itemprop=\"affiliation\" >CH2021<\/span><\/section><\/div>\n<style type=\"text\/css\" data-created_by=\"avia_inline_auto\" id=\"style-css-av-2d9kau-8550e17ac8406953eb039c2c4d6303eb\">\n.flex_column.av-2d9kau-8550e17ac8406953eb039c2c4d6303eb{\nborder-radius:0px 0px 0px 0px;\npadding:0px 0px 0px 0px;\n}\n<\/style>\n<div  class='flex_column av-2d9kau-8550e17ac8406953eb039c2c4d6303eb av_one_third  avia-builder-el-134  el_after_av_one_third  el_before_av_one_third  first flex_column_div av-zero-column-padding  column-top-margin'     ><section  class='avia-team-member av-knypay8l-d9266f1a483760cce369e28e5f6b237a  avia-builder-el-135  avia-builder-el-no-sibling '  itemscope=\"itemscope\" itemtype=\"https:\/\/schema.org\/Person\" ><div class=\"team-img-container\"><img fetchpriority=\"high\" class='wp-image-13078 avia-img-lazy-loading-not-13078 avia_image avia_image_team' src='https:\/\/ch2021.ch\/wp-content\/uploads\/2021\/04\/testimonial-petra-rohner.jpg' alt='Petra Rohner'  itemprop=\"image\"   height=\"892\" width=\"645\" \/><\/div><h3 class='team-member-name '  itemprop=\"name\" >Petra Rohner<\/h3><div class='team-member-job-title '  itemprop=\"jobTitle\" >Pr\u00e4sidentin Stiftung SWONET \u2013 SWISS WOMEN NETWORK<\/div><div class='team-member-description '  itemprop=\"description\" ><p>Gelebte Gleichstellung und das Recht die eigene Stimme zu nutzen, ist f\u00fcr viele junge Frauen heute eine Selbstverst\u00e4ndlichkeit. Sie sind aufgewachsen im Bewusstsein, dass Ihnen jede Ausbildung, jede Position, generell m\u00f6glich ist. Die Realit\u00e4t erleben sie meist erst im Laufe ihres beruflichen Karriereweges. Deshalb ist es wichtig, dass wir durch Aktionen wie die von CH2021 thematisieren, dass das \u00abMenschenrecht\u00bb die eigene Stimme f\u00fcr politischen Einfluss zu nutzen, in der Schweiz erst seit 50 Jahre gilt. So k\u00f6nnen wir junge Frauen darauf sensibilisieren, fr\u00fchzeitig darauf zu achten dass sie ihre Rechte nicht nur kennen, sondern auch einfordern.<\/p>\n<\/div><span class='hidden team-member-affiliation'  itemprop=\"affiliation\" >CH2021<\/span><\/section><\/div>\n<style type=\"text\/css\" data-created_by=\"avia_inline_auto\" id=\"style-css-av-3971h2-848ccb2809688913d50265e9cf038deb\">\n.flex_column.av-3971h2-848ccb2809688913d50265e9cf038deb{\nborder-radius:0px 0px 0px 0px;\npadding:0px 0px 0px 0px;\n}\n<\/style>\n<div  class='flex_column av-3971h2-848ccb2809688913d50265e9cf038deb av_one_third  avia-builder-el-136  el_after_av_one_third  el_before_av_one_third  flex_column_div av-zero-column-padding  column-top-margin'     ><section  class='avia-team-member av-konbitgv-2bda7ac2823f207855234041f1cb82ca  avia-builder-el-137  avia-builder-el-no-sibling '  itemscope=\"itemscope\" itemtype=\"https:\/\/schema.org\/Person\" ><div class=\"team-img-container\"><img fetchpriority=\"high\" class='wp-image-13313 avia-img-lazy-loading-not-13313 avia_image avia_image_team' src='https:\/\/ch2021.ch\/wp-content\/uploads\/2021\/05\/Heidi-ZGraggen.jpg' alt='Heidi Z\u2019Graggen'  itemprop=\"image\"   height=\"400\" width=\"495\" \/><\/div><h3 class='team-member-name '  itemprop=\"name\" >Heidi Z\u2019Graggen<\/h3><div class='team-member-job-title '  itemprop=\"jobTitle\" >St\u00e4nder\u00e4tin<\/div><div class='team-member-description '  itemprop=\"description\" ><p>Als junge Studentin habe ich die Diskussionen zu den eidgen\u00f6ssischen Abstimmungen 1959 und 1971 zur Einf\u00fchrung des Frauen Stimm- und wahlrecht untersucht. Das hat mir die Augen ge\u00f6ffnet, mir bleibt mein Gedanke in Erinnerung: \u201eSo aber sicher nicht und so nicht mehr\u201c. Das Engagement von uns Frauen ist f\u00fcr mich auch eine Verpflichtung gegen\u00fcber denjenigen Frauen, die damals so gek\u00e4mpft haben und sich der meist missliebigen \u00f6ffentlichen Meinung ausgesetzt haben. Dass wir heute wieder kantonale Regierungen ohne Frauen haben, ist f\u00fcr mich eine demokratische Zumutung. Die Frage auch, ob denn Frauen das \u00fcberhaupt k\u00f6nnen. Da schwingt doch hie und da tats\u00e4chlich noch der Geist der damaligen Diskussion mit und mir kommt dann in den Sinn: \u201eSo aber sicher nicht!\u201c<\/p>\n<\/div><span class='hidden team-member-affiliation'  itemprop=\"affiliation\" >CH2021<\/span><\/section><\/div>\n<style type=\"text\/css\" data-created_by=\"avia_inline_auto\" id=\"style-css-av-37rtc6-3f32cc4ec404f3a1860f6a631e4ae236\">\n.flex_column.av-37rtc6-3f32cc4ec404f3a1860f6a631e4ae236{\nborder-radius:0px 0px 0px 0px;\npadding:0px 0px 0px 0px;\n}\n<\/style>\n<div  class='flex_column av-37rtc6-3f32cc4ec404f3a1860f6a631e4ae236 av_one_third  avia-builder-el-138  el_after_av_one_third  el_before_av_one_third  flex_column_div av-zero-column-padding  column-top-margin'     ><section  class='avia-team-member av-koivx3p9-e4da504106c9ae2d4d2bbabe2abb49be  avia-builder-el-139  avia-builder-el-no-sibling '  itemscope=\"itemscope\" itemtype=\"https:\/\/schema.org\/Person\" ><div class=\"team-img-container\"><img fetchpriority=\"high\" class='wp-image-13271 avia-img-lazy-loading-not-13271 avia_image avia_image_team' src='https:\/\/ch2021.ch\/wp-content\/uploads\/2021\/05\/testimonial-hans-faessler.jpg' alt='Hans F\u00e4ssler'  itemprop=\"image\"   height=\"892\" width=\"645\" \/><\/div><h3 class='team-member-name '  itemprop=\"name\" >Hans F\u00e4ssler<\/h3><div class='team-member-job-title '  itemprop=\"jobTitle\" >alt SP Kantonsrat, Historiker mit Schwerpunkt Postkolonialgeschichte<\/div><div class='team-member-description '  itemprop=\"description\" ><p>Dass M\u00e4nner den Frauen ein Menschenrecht verweigerten \u2013 in der Schweiz bis 1971, im Appenzellerland bis 1989\/1990 \u2013 ist eine offene Wunde in unserer Demokratie. Parallelen zu Sklaverei, Segregation und Apartheid sind f\u00fcr Historiker:innen augenf\u00e4llig. Es ist eine Pointe des 20. Jahrhunderts, dass die erste Innerrhoder Landsgemeinde mit Frauen nur wenige Wochen nach jener Erkl\u00e4rung stattfand, in der Pr\u00e4sident de Klerk in Kapstadt die Aufhebung der letzten Apartheid-Gesetze ank\u00fcndigte.<\/p>\n<\/div><span class='hidden team-member-affiliation'  itemprop=\"affiliation\" >CH2021<\/span><\/section><\/div>\n<style type=\"text\/css\" data-created_by=\"avia_inline_auto\" id=\"style-css-av-21fw86-3144683a258c224019d549608b7fb919\">\n.flex_column.av-21fw86-3144683a258c224019d549608b7fb919{\nborder-radius:0px 0px 0px 0px;\npadding:0px 0px 0px 0px;\n}\n<\/style>\n<div  class='flex_column av-21fw86-3144683a258c224019d549608b7fb919 av_one_third  avia-builder-el-140  el_after_av_one_third  el_before_av_one_third  first flex_column_div av-zero-column-padding  column-top-margin'     ><section  class='avia-team-member av-kou67kqo-75fe74eda3c9ac9ec3b77beba5f9ee5b  avia-builder-el-141  avia-builder-el-no-sibling '  itemscope=\"itemscope\" itemtype=\"https:\/\/schema.org\/Person\" ><div class=\"team-img-container\"><img fetchpriority=\"high\" class='wp-image-13462 avia-img-lazy-loading-not-13462 avia_image avia_image_team' src='https:\/\/ch2021.ch\/wp-content\/uploads\/2021\/05\/testimonial-jolanda-spiess.jpg' alt='Jolanda Spiess-Hegglin'  itemprop=\"image\"   height=\"400\" width=\"495\" \/><\/div><h3 class='team-member-name '  itemprop=\"name\" >Jolanda Spiess-Hegglin<\/h3><div class='team-member-job-title '  itemprop=\"jobTitle\" >Gesch\u00e4ftsf\u00fchrerin #NetzCourage<\/div><div class='team-member-description '  itemprop=\"description\" ><p>Die Dynamik der letzten 5 Jahre war enorm. Wir waren laut, unbequem und brachen reihenweise Tabuthemen auf, sodass Frauen* heute - nach dem Frauenstreik und #MeToo - ganz andere Perspektiven haben als vorher. Und trotzdem ist die Gleichstellung noch l\u00e4ngst nicht Realit\u00e4t. Mich macht das w\u00fctend. Doch Wut ist ein hervorragender Brennstoff f\u00fcr den Motor der Frauenbewegung.<\/p>\n<\/div><span class='hidden team-member-affiliation'  itemprop=\"affiliation\" >CH2021<\/span><\/section><\/div>\n<style type=\"text\/css\" data-created_by=\"avia_inline_auto\" id=\"style-css-av-3aah86-ebb9416552424346a6db4d39b3952bae\">\n.flex_column.av-3aah86-ebb9416552424346a6db4d39b3952bae{\nborder-radius:0px 0px 0px 0px;\npadding:0px 0px 0px 0px;\n}\n<\/style>\n<div  class='flex_column av-3aah86-ebb9416552424346a6db4d39b3952bae av_one_third  avia-builder-el-142  el_after_av_one_third  el_before_av_one_third  flex_column_div av-zero-column-padding  column-top-margin'     ><section  class='avia-team-member av-krjgvvkz-f9160b242a3328539df55b2e773138c5  avia-builder-el-143  avia-builder-el-no-sibling '  itemscope=\"itemscope\" itemtype=\"https:\/\/schema.org\/Person\" ><div class=\"team-img-container\"><img fetchpriority=\"high\" class='wp-image-14814 avia-img-lazy-loading-not-14814 avia_image avia_image_team' src='https:\/\/ch2021.ch\/wp-content\/uploads\/2021\/07\/testimonial.jpg' alt='Carine Carvalho'  itemprop=\"image\"   height=\"892\" width=\"645\" \/><\/div><h3 class='team-member-name '  itemprop=\"name\" >Carine Carvalho<\/h3><div class='team-member-job-title '  itemprop=\"jobTitle\" >Cheffe du Bureau de l\u2019\u00e9galit\u00e9, Universit\u00e9 de Lausanne<\/div><div class='team-member-description '  itemprop=\"description\" ><p>Le droit de vote a permis le d\u00e9veloppement de politiques publiques pour l\u2019\u00e9galit\u00e9 : des avanc\u00e9es r\u00e9elles, mais fragiles. En ce moment anniversaire, nous devons aussi mettre le focus sur les in\u00e9galit\u00e9s toujours pr\u00e9sentes : in\u00e9galit\u00e9 professionnelle et \u00e9conomique, in\u00e9galit\u00e9 face \u00e0 la sant\u00e9 et \u00e0 la formation, pr\u00e9carit\u00e9 sociale, violence conjugale, harc\u00e8lement, sexisme. Le droit de vote pour les Suissesses n\u2019est toujours pas synonyme de parit\u00e9 dans la repr\u00e9sentation politique ou de justice sociale. Il faut continuer \u00e0 nous battre, y compris pour l\u2019extension du droit de vote aux personnes de nationalit\u00e9 \u00e9trang\u00e8re.<\/p>\n<\/div><span class='hidden team-member-affiliation'  itemprop=\"affiliation\" >CH2021<\/span><\/section><\/div>\n<style type=\"text\/css\" data-created_by=\"avia_inline_auto\" id=\"style-css-av-2iqbmu-80691f9ceec0fa5dffe4737a2f3a2399\">\n.flex_column.av-2iqbmu-80691f9ceec0fa5dffe4737a2f3a2399{\nborder-radius:0px 0px 0px 0px;\npadding:0px 0px 0px 0px;\n}\n<\/style>\n<div  class='flex_column av-2iqbmu-80691f9ceec0fa5dffe4737a2f3a2399 av_one_third  avia-builder-el-144  el_after_av_one_third  el_before_av_one_third  flex_column_div av-zero-column-padding  column-top-margin'     ><section  class='avia-team-member av-kseyp9u5-9c7343fa856618ba00ec3999279dc9c5  avia-builder-el-145  avia-builder-el-no-sibling '  itemscope=\"itemscope\" itemtype=\"https:\/\/schema.org\/Person\" ><div class=\"team-img-container\"><img fetchpriority=\"high\" class='wp-image-15238 avia-img-lazy-loading-not-15238 avia_image avia_image_team' src='https:\/\/ch2021.ch\/wp-content\/uploads\/2021\/08\/testimonial-kg.jpg' alt='Katja Gentinetta'  itemprop=\"image\"   height=\"892\" width=\"645\" \/><\/div><h3 class='team-member-name '  itemprop=\"name\" >Katja Gentinetta<\/h3><div class='team-member-job-title '  itemprop=\"jobTitle\" >Politische Philosophin<\/div><div class='team-member-description '  itemprop=\"description\" ><p>Ich bin nach wie vor beeindruckt vom Engagement, das Generationen von Frauen vor uns aufgebracht haben: voller Zielstrebigkeit, Beharrlichkeit und ohne sich entmutigen zu lassen. Wir k\u00f6nnen uns heute ein grosses St\u00fcck davon abschneiden, denn anders werden auch wir unsere Ziele nicht erreichen. Herzlichen Dank! Merci beaucoup! Grazie mille! <\/p>\n<\/div><span class='hidden team-member-affiliation'  itemprop=\"affiliation\" >CH2021<\/span><\/section><\/div>\n<style type=\"text\/css\" data-created_by=\"avia_inline_auto\" id=\"style-css-av-aygae-819f99c69a31c0d76b29fe6e89a4fe4c\">\n.flex_column.av-aygae-819f99c69a31c0d76b29fe6e89a4fe4c{\nborder-radius:0px 0px 0px 0px;\npadding:0px 0px 0px 0px;\n}\n<\/style>\n<div  class='flex_column av-aygae-819f99c69a31c0d76b29fe6e89a4fe4c av_one_third  avia-builder-el-146  el_after_av_one_third  el_before_av_one_third  first flex_column_div av-zero-column-padding  column-top-margin'     ><section  class='avia-team-member av-kul831x0-143ad1aa2d019a9dd095f46ac4bb4140  avia-builder-el-147  avia-builder-el-no-sibling '  itemscope=\"itemscope\" itemtype=\"https:\/\/schema.org\/Person\" ><div class=\"team-img-container\"><img fetchpriority=\"high\" class='wp-image-16331 avia-img-lazy-loading-not-16331 avia_image avia_image_team' src='https:\/\/ch2021.ch\/wp-content\/uploads\/2021\/10\/Brigitte-Studer-Testimonial.jpg' alt='Brigitte Studer'  itemprop=\"image\"   height=\"892\" width=\"645\" \/><\/div><h3 class='team-member-name '  itemprop=\"name\" >Brigitte Studer<\/h3><div class='team-member-job-title '  itemprop=\"jobTitle\" >Professor of Swiss and General Contemporary History Historisches Institut, Universit\u00e4t Bern<\/div><div class='team-member-description '  itemprop=\"description\" ><p>Als Historikerin freue ich mich, dass aus diesem Jahrestag kein unreflektiertes Jubil\u00e4um mit lauter sch\u00f6nen Sonntagsreden geworden ist, sondern dazu gedient hat, einen kritisch differenzierten Blick auf unser Land, seine Geschichte und sein politisches System zu werfen. In Zukunft wird es unumg\u00e4nglich sein, unser Selbst- und Geschichtsbild als \u00ab\u00e4lteste Demokratie der Welt\u00bb zu korrigieren. Bis 1971 war die Schweiz nur eine halbe Demokratie oder wie Louis Bridel bereits 1884 treffend sagte, eine \u00abAndrokratie\u00bb, eine M\u00e4nnerherrschaft. <\/p>\n<\/div><span class='hidden team-member-affiliation'  itemprop=\"affiliation\" >CH2021<\/span><\/section><\/div>\n<style type=\"text\/css\" data-created_by=\"avia_inline_auto\" id=\"style-css-av-2q3o3q-f1f82db76ca4e9e171cf95c30c05083c\">\n.flex_column.av-2q3o3q-f1f82db76ca4e9e171cf95c30c05083c{\nborder-radius:0px 0px 0px 0px;\npadding:0px 0px 0px 0px;\n}\n<\/style>\n<div  class='flex_column av-2q3o3q-f1f82db76ca4e9e171cf95c30c05083c av_one_third  avia-builder-el-148  el_after_av_one_third  el_before_av_one_third  flex_column_div av-zero-column-padding  column-top-margin'     ><section  class='avia-team-member av-kul8ec7r-ea83e2d68f2b7e22c4eab56caa6e234d  avia-builder-el-149  avia-builder-el-no-sibling '  itemscope=\"itemscope\" itemtype=\"https:\/\/schema.org\/Person\" ><div class=\"team-img-container\"><img fetchpriority=\"high\" class='wp-image-16327 avia-img-lazy-loading-not-16327 avia_image avia_image_team' src='https:\/\/ch2021.ch\/wp-content\/uploads\/2021\/10\/Wyttenbach-Judith-1030x773.jpg' alt='Judith Wyttenbach'  itemprop=\"image\"   height=\"773\" width=\"1030\" \/><\/div><h3 class='team-member-name '  itemprop=\"name\" >Judith Wyttenbach<\/h3><div class='team-member-job-title '  itemprop=\"jobTitle\" >Professorin, F\u00fcrsprecherin\/Avocate, Institut f\u00fcr \u00f6ffentliches Recht, Universit\u00e4t Bern<\/div><div class='team-member-description '  itemprop=\"description\" ><p>Als Staatsrechtlerin interessiert mich, wie die etablierte Staatsrechtslehre des 19. und 20. Jahrhunderts und wie das Bundesgericht das fehlende Frauenstimmrecht einsch\u00e4tzten. Letztlich obsiegte bei der Mehrheit der Staatsrechtslehre und auch beim Bundesgericht das historisch interpretierte M\u00e4nnerdemokratieprinzip \u00fcber den Anspruch von Frauen auf politische Gleichbehandlung. Die \u00fcberwiegende Lehre, Bundesrat, Bundesversammlung und Bundesgericht verwiesen immer wieder darauf, dass es zwingend eine M\u00e4nnerabstimmung brauche. Ein anderer Weg war f\u00fcr sie nicht akzeptabel \u2013 obwohl es ihn nat\u00fcrlich gegeben h\u00e4tte.<\/p>\n<\/div><span class='hidden team-member-affiliation'  itemprop=\"affiliation\" >CH2021<\/span><\/section><\/div>\n<style type=\"text\/css\" data-created_by=\"avia_inline_auto\" id=\"style-css-av-8tpxy-2992ae08cd7d13c9b65769d104b0519e\">\n.flex_column.av-8tpxy-2992ae08cd7d13c9b65769d104b0519e{\nborder-radius:0px 0px 0px 0px;\npadding:0px 0px 0px 0px;\n}\n<\/style>\n<div  class='flex_column av-8tpxy-2992ae08cd7d13c9b65769d104b0519e av_one_third  avia-builder-el-150  el_after_av_one_third  el_before_av_one_third  flex_column_div av-zero-column-padding  column-top-margin'     ><section  class='avia-team-member av-kuyb3wct-bdcc630e4c7c6952ce39df0bf18aed10  avia-builder-el-151  avia-builder-el-no-sibling '  itemscope=\"itemscope\" itemtype=\"https:\/\/schema.org\/Person\" ><div class=\"team-img-container\"><img fetchpriority=\"high\" class='wp-image-16429 avia-img-lazy-loading-not-16429 avia_image avia_image_team' src='https:\/\/ch2021.ch\/wp-content\/uploads\/2021\/10\/testimonial.jpg' alt='Hanna Sahlfeld-Singer'  itemprop=\"image\"   height=\"892\" width=\"645\" \/><\/div><h3 class='team-member-name '  itemprop=\"name\" >Hanna Sahlfeld-Singer<\/h3><div class='team-member-job-title '  itemprop=\"jobTitle\" >Pfarrerin, St.Gallische SP Nationalr\u00e4tin von 1971 - Ende 1975<\/div><div class='team-member-description '  itemprop=\"description\" ><p>Testimonial an die Generation meiner Grosskinder:<br \/>\nM\u00e4dchen, freut Euch, dass Ihr mehr M\u00f6glichkeiten und Rechte habt als Eure Grossmu\u0308tter! Junge M\u00e4nner, habt keine Angst vor selbstbewussten Kameradinnen und Frauen! Junge Leute, schliesst Euch zusammen und arbeitet miteinander - es gibt soviel Aufgaben, um die Welt zu gestalten! Gerechtigkeit - Frieden - Bewahrung der Sch\u00f6pfung \u2014 grosse Ziele \u2014 aber lohnend als Leitmotiv, um kleine Schritte zu tun.<\/p>\n<p>P.S. Vergesst nicht, Euch vor Abstimmungen und Wahlen zu informieren. Nehmt dieses Recht wahr, sofern Ihr dazu berechtigt seid. Stellt Euch vor: ich musste bis in mein 28. Lebensjahr auf dieses Recht warten.<\/p>\n<\/div><span class='hidden team-member-affiliation'  itemprop=\"affiliation\" >CH2021<\/span><\/section><\/div>\n<style type=\"text\/css\" data-created_by=\"avia_inline_auto\" id=\"style-css-av-2e6cuu-5d58759abaa6a424b729d36e5982d55d\">\n.flex_column.av-2e6cuu-5d58759abaa6a424b729d36e5982d55d{\nborder-radius:0px 0px 0px 0px;\npadding:0px 0px 0px 0px;\n}\n<\/style>\n<div  class='flex_column av-2e6cuu-5d58759abaa6a424b729d36e5982d55d av_one_third  avia-builder-el-152  el_after_av_one_third  el_before_av_one_third  first flex_column_div av-zero-column-padding  column-top-margin'     ><section  class='avia-team-member av-kvfiezta-86a95ca249bb9a5e93a85c2f2d606e8b  avia-builder-el-153  avia-builder-el-no-sibling '  itemscope=\"itemscope\" itemtype=\"https:\/\/schema.org\/Person\" ><div class=\"team-img-container\"><img fetchpriority=\"high\" class='wp-image-16584 avia-img-lazy-loading-not-16584 avia_image avia_image_team' src='https:\/\/ch2021.ch\/wp-content\/uploads\/2021\/10\/Unknown-1-690x1030.jpeg' alt='Margrit Steinhauser'  itemprop=\"image\"   height=\"1030\" width=\"690\" \/><\/div><h3 class='team-member-name '  itemprop=\"name\" >Margrit Steinhauser<\/h3><div class='team-member-job-title '  itemprop=\"jobTitle\" >Luzerner Historikerin, ehemalige SP-Grossb\u00fcrgerr\u00e4tin, Kantonsr\u00e4tin, Parteisekret\u00e4rin und politische Beraterin<\/div><div class='team-member-description '  itemprop=\"description\" ><p>Im Herbst 1970 stand ich als Mittelsch\u00fclerin in der Luzerner Altstadt, verteilte M\u00e4nnern Nelken und bat sie uns Frauen das Stimm-und wahlrecht im Kanton zu gew\u00e4hren.<br \/>\nFrauengeschichte wurde f\u00fcr mich erst in den Neunzigerjahren Thema. Als ich begann, mich mit Frauen im Parlament wissenschaftlich zu befassen, fielen mir als vermeintlich Aufgekl\u00e4rte, zus\u00e4tzliche Schuppen von den Augen. Neben den vielen strukturellen Hemmnissen schockierte mich, wie oft wir Frauen uns selbst, auch nach 50 Jahren, immer noch im Weg stehen. Mein Fazit: Gleichstellung muss auch von jeder Einzelnen im Alltag konsequent eingefordert und gelebt werden - eben mit dem ber\u00fchmten langen Atem.<\/p>\n<\/div><span class='hidden team-member-affiliation'  itemprop=\"affiliation\" >CH2021<\/span><\/section><\/div>\n<style type=\"text\/css\" data-created_by=\"avia_inline_auto\" id=\"style-css-av-1ymija-8597c52051108285dabb8cfb4e3248c2\">\n.flex_column.av-1ymija-8597c52051108285dabb8cfb4e3248c2{\nborder-radius:0px 0px 0px 0px;\npadding:0px 0px 0px 0px;\n}\n<\/style>\n<div  class='flex_column av-1ymija-8597c52051108285dabb8cfb4e3248c2 av_one_third  avia-builder-el-154  el_after_av_one_third  el_before_av_one_third  flex_column_div av-zero-column-padding  column-top-margin'     ><section  class='avia-team-member av-kvfihe6l-14180f5d4f586d39b2d25e68b099016e  avia-builder-el-155  avia-builder-el-no-sibling '  itemscope=\"itemscope\" itemtype=\"https:\/\/schema.org\/Person\" ><div class=\"team-img-container\"><img fetchpriority=\"high\" class='wp-image-16679 avia-img-lazy-loading-not-16679 avia_image avia_image_team' src='https:\/\/ch2021.ch\/wp-content\/uploads\/2021\/10\/testimonial-rahel-senn.jpg' alt='Rahel Senn'  itemprop=\"image\"   height=\"892\" width=\"645\" \/><\/div><h3 class='team-member-name '  itemprop=\"name\" >Rahel Senn<\/h3><div class='team-member-job-title '  itemprop=\"jobTitle\" >Pianistin<\/div><div class='team-member-description '  itemprop=\"description\" ><p>Obwohl Frauen zum Teil gleich gut oder besser ausgebildet als ihre Partner, sind es meistens die M\u00fctter, welche ihre Karriere opfern, um die unbezahlte Care-Arbeit zu \u00fcbernehmen. Die Covid19-Krise hat verdeutlicht, dass ein Grossteil der schlecht bezahlten Care-Arbeit in Spit\u00e4lern oder Heimen nach wie vor weiblichem Personal aufgelastet wird. Das Problem ist aber nur zum Teil ein politisches - es ist zu einem psychologischen geworden. Warum unseren S\u00f6hnen Autos schenken und den T\u00f6chtern Puppen? Weshalb Max dem Fussball hinterher jagen und Anna zu Ballettkursen verdonnern? Warum unterst\u00fctzen sich Frauen nicht gegenseitig, wenn es um die Besetzung von Chefpositionen geht? Wenn wir unsere Gesellschaft ver\u00e4ndern wollen, m\u00fcssen wir es auch tun - getreu dem Motto der englischen Suffragetten: Taten statt Worte.<\/p>\n<\/div><span class='hidden team-member-affiliation'  itemprop=\"affiliation\" >CH2021<\/span><\/section><\/div>\n<style type=\"text\/css\" data-created_by=\"avia_inline_auto\" id=\"style-css-av-355ak6-6eb3658111e573ca4096a0a446962802\">\n.flex_column.av-355ak6-6eb3658111e573ca4096a0a446962802{\nborder-radius:0px 0px 0px 0px;\npadding:0px 0px 0px 0px;\n}\n<\/style>\n<div  class='flex_column av-355ak6-6eb3658111e573ca4096a0a446962802 av_one_third  avia-builder-el-156  el_after_av_one_third  el_before_av_one_third  flex_column_div av-zero-column-padding  column-top-margin'     ><section  class='avia-team-member av-kx7vfuox-edd5d792dd47481f905206983cc96eb0  avia-builder-el-157  avia-builder-el-no-sibling '  itemscope=\"itemscope\" itemtype=\"https:\/\/schema.org\/Person\" ><div class=\"team-img-container\"><img fetchpriority=\"high\" class='wp-image-17134 avia-img-lazy-loading-not-17134 avia_image avia_image_team' src='https:\/\/ch2021.ch\/wp-content\/uploads\/2021\/12\/Unbenannt-3.jpg' alt='Noemi Gr\u00fctter'  itemprop=\"image\"   height=\"400\" width=\"500\" \/><\/div><h3 class='team-member-name '  itemprop=\"name\" >Noemi Gr\u00fctter<\/h3><div class='team-member-job-title '  itemprop=\"jobTitle\" >Frauenrechtsexpertin Amnesty International Schweiz, Co-Pr\u00e4sidentin Sexuelle Gesundheit Schweiz, feministische Aktivistin<\/div><div class='team-member-description '  itemprop=\"description\" ><p>Es liegt ausserhalb meiner Vorstellungskraft, dass meine Grossmutter, als sie so alt war wie ich, nicht abstimmen konnte. Und es liegt auch ausserhalb meiner Vorstellungskraft, dass ich nun dieses Stimmrecht nicht vollkommen ausnutzen werde. Frauen, inter, nicht-bin\u00e4re und trans Personen m\u00fcssen die demokratischen Instrumente, die ihnen zu lange vorenthalten wurden, zur\u00fcckerobern und feministische Themen \u2013 wie sexualisierte Gewalt, sexuelle und reproduktive Gesundheit und Rechte, Klimaschutz - mit demokratischen Instrumenten voranbringen. Und: wir sind immer noch keine richtige Demokratie. Unser Kampf soll jetzt dem Einwohner*innen Stimmrecht gewidmet werden. <\/p>\n<\/div><span class='hidden team-member-affiliation'  itemprop=\"affiliation\" >CH2021<\/span><\/section><\/div>\n<style type=\"text\/css\" data-created_by=\"avia_inline_auto\" id=\"style-css-av-2ddume-a8f50be94aaa94825c7ca4346bc7e56e\">\n.flex_column.av-2ddume-a8f50be94aaa94825c7ca4346bc7e56e{\nborder-radius:0px 0px 0px 0px;\npadding:0px 0px 0px 0px;\n}\n<\/style>\n<div  class='flex_column av-2ddume-a8f50be94aaa94825c7ca4346bc7e56e av_one_third  avia-builder-el-158  el_after_av_one_third  el_before_av_one_third  first flex_column_div av-zero-column-padding  column-top-margin'     ><section  class='avia-team-member av-kyd4pqf6-ed0efa86f7d90d5c407e2caf39ab86e6  avia-builder-el-159  avia-builder-el-no-sibling '  itemscope=\"itemscope\" itemtype=\"https:\/\/schema.org\/Person\" ><div class=\"team-img-container\"><img fetchpriority=\"high\" class='wp-image-6161 avia-img-lazy-loading-not-6161 avia_image avia_image_team' src='https:\/\/ch2021.ch\/wp-content\/uploads\/2020\/06\/verschmitzt-1030x687.jpg' alt='C\u00e9cile Speitel'  itemprop=\"image\"   height=\"687\" width=\"1030\" \/><\/div><h3 class='team-member-name '  itemprop=\"name\" >C\u00e9cile Speitel<\/h3><div class='team-member-job-title '  itemprop=\"jobTitle\" >Vorstand CH2021<\/div><div class='team-member-description '  itemprop=\"description\" ><p>Gleichstellung der Frauen, der Geschlechter, in unserer Gesellschaft? F\u00fcr die Verwirklichung dieses Menschenrechts bleibt zu tun: Strukturen aufdecken, ver\u00e4ndern oder Neues gestalten \u2013 in Zusammenarbeit mit M\u00e4nnern. Noch braucht es dazu weiteren Bewusstseinswandel in den K\u00f6pfen von Politik, Wirtschaft, Wissenschaft bis hin zur Liebe. Tats\u00e4chliche und auf dieser Basis gelebte Gleichberechtigung der Frau, der Geschlechter, bringt allen Gewinn \u2013 davon bin ich \u00fcberzeugt. Gleichstellung h\u00e4lt Wahlm\u00f6glichkeiten bereit, verh\u00fctet h\u00e4usliche Gewalt, f\u00f6rdert Beziehungen, wird sp\u00e4tere Generationen st\u00e4rken. Doch mit jedem gewonnen Schritt gilt es wachsam zu bleiben, im Sinne von Simone de Beauvoir: \u201eN\u2019oubliez jamais qu\u2019il suffira d\u2019une crise politique, \u00e9conomique ou religieuse pour que les droits des femmes soient remis en question. Ces droits ne sont jamais acquis. Vous devrez rester vigilantes votre vie durant.\u201c <\/p>\n<\/div><span class='hidden team-member-affiliation'  itemprop=\"affiliation\" >CH2021<\/span><\/section><\/div>\n<style type=\"text\/css\" data-created_by=\"avia_inline_auto\" id=\"style-css-av-23vcdi-319518c959999fce5ebe72b7fe6f2b3f\">\n.flex_column.av-23vcdi-319518c959999fce5ebe72b7fe6f2b3f{\nborder-radius:0px 0px 0px 0px;\npadding:0px 0px 0px 0px;\n}\n<\/style>\n<div  class='flex_column av-23vcdi-319518c959999fce5ebe72b7fe6f2b3f av_one_third  avia-builder-el-160  el_after_av_one_third  el_before_av_one_third  flex_column_div av-zero-column-padding  column-top-margin'     ><section  class='avia-team-member av-kyd7zinr-158ca6f9a38166f9312bff2b4ed2f747  avia-builder-el-161  avia-builder-el-no-sibling '  itemscope=\"itemscope\" itemtype=\"https:\/\/schema.org\/Person\" ><div class=\"team-img-container\"><img fetchpriority=\"high\" class='wp-image-17466 avia-img-lazy-loading-not-17466 avia_image avia_image_team' src='https:\/\/ch2021.ch\/wp-content\/uploads\/2022\/01\/IMG_8552-773x1030.jpeg' alt='Ingrid Rusterholtz'  itemprop=\"image\"   height=\"1030\" width=\"773\" \/><\/div><h3 class='team-member-name '  itemprop=\"name\" >Ingrid Rusterholtz<\/h3><div class='team-member-job-title '  itemprop=\"jobTitle\" >heute KlimaSeniorin, Grossm\u00fctterRevolution\u00e4rin, Grossmutter<\/div><div class='team-member-description '  itemprop=\"description\" ><p>Ja, wir freuen und wir feiern uns! Wir w\u00fcrdigen unsere 50-j\u00e4hrige Demokratie! Die 100 Jahre Einsatz davor f\u00fcr unsere politische Menschwerdung \u2013 erstmals offiziell angemahnt schon vor der 1. Bundesverfassungsreform 1874 \u2013 vergessen wir gleichwohl nicht.<br \/>\nHeute gilt es zu reflektieren: K\u00f6nnen wir tats\u00e4chlich gleichwertig pr\u00e4gen, wie die Zukunft aussehen soll? Biosph\u00e4renkompatibel und von der im Westen ersonnenen, zerst\u00f6rerischen Wachstumsideologie befreit? Oder d\u00fcrfen wir einfach gleichberechtigt auf den eingeschlagenen Holzwegen mitlaufen? Ist unser Zeitalter, genannt Anthropoz\u00e4n \u2013 es steht f\u00fcr die Herrschaft \u00fcber die Natur \u2013, nicht schwergewichtig eher das Andropoz\u00e4n, wie die Geschichte nahelegt?<\/p>\n<\/div><span class='hidden team-member-affiliation'  itemprop=\"affiliation\" >CH2021<\/span><\/section><\/div>\n<style type=\"text\/css\" data-created_by=\"avia_inline_auto\" id=\"style-css-av-2ytvty-2756608e9d039e2495ef6ca9c52376cb\">\n.flex_column.av-2ytvty-2756608e9d039e2495ef6ca9c52376cb{\nborder-radius:0px 0px 0px 0px;\npadding:0px 0px 0px 0px;\n}\n<\/style>\n<div  class='flex_column av-2ytvty-2756608e9d039e2495ef6ca9c52376cb av_one_third  avia-builder-el-162  el_after_av_one_third  el_before_av_one_third  flex_column_div av-zero-column-padding  column-top-margin'     ><section  class='avia-team-member av-kyd50ec1-d795608af3acb074ad5f78e0aa05979e  avia-builder-el-163  avia-builder-el-no-sibling '  itemscope=\"itemscope\" itemtype=\"https:\/\/schema.org\/Person\" ><div class=\"team-img-container\"><img fetchpriority=\"high\" class='wp-image-2028 avia-img-lazy-loading-not-2028 avia_image avia_image_team' src='https:\/\/ch2021.ch\/wp-content\/uploads\/2019\/07\/Elke_Zappe_2-1030x686.jpg' alt='Elke Zappe'  itemprop=\"image\"   height=\"686\" width=\"1030\" \/><\/div><h3 class='team-member-name '  itemprop=\"name\" >Elke Zappe<\/h3><div class='team-member-job-title '  itemprop=\"jobTitle\" >Vorstand CH2021<\/div><div class='team-member-description '  itemprop=\"description\" ><p>Auch nach 50 Jahren gelebter Demokratie in der Schweiz bleibt die Erlangung gleicher Rechte f\u00fcr alle Menschen eine Aufgabe, die es zu l\u00f6sen gilt. Der Global Gender Gap 2020 zeigt die Schweiz auf Platz 18, da ist noch viel zu tun. Wir leben immer noch in einer M\u00e4nnerwelt mit Frauenbeteiligung, gerade in der Wirtschafts-, Sport,- Politik-, aber auch der Wissenschafts-Berichterstattung erkl\u00e4ren M\u00e4nner die Welt. Medikamente und Therapien wurden bis vor kurzem von und f\u00fcr M\u00e4nner entwickelt und auch nur an ihnen getestet. Es braucht jede und jeden um das alles zu \u00e4ndern. Packen wir es an, heute.<\/p>\n<\/div><span class='hidden team-member-affiliation'  itemprop=\"affiliation\" >CH2021<\/span><\/section><\/div>\n<style type=\"text\/css\" data-created_by=\"avia_inline_auto\" id=\"style-css-av-31rrk6-5e03715060cfc83b088956db31ed3584\">\n.flex_column.av-31rrk6-5e03715060cfc83b088956db31ed3584{\nborder-radius:0px 0px 0px 0px;\npadding:0px 0px 0px 0px;\n}\n<\/style>\n<div  class='flex_column av-31rrk6-5e03715060cfc83b088956db31ed3584 av_one_third  avia-builder-el-164  el_after_av_one_third  avia-builder-el-last  first flex_column_div av-zero-column-padding  column-top-margin'     ><section  class='avia-team-member av-kyd8gdch-f1e419c0e28564dbd38393e42c97aac3  avia-builder-el-165  avia-builder-el-no-sibling '  itemscope=\"itemscope\" itemtype=\"https:\/\/schema.org\/Person\" ><div class=\"team-img-container\"><img fetchpriority=\"high\" class='wp-image-3175 avia-img-lazy-loading-not-3175 avia_image avia_image_team' src='https:\/\/ch2021.ch\/wp-content\/uploads\/2019\/09\/EllivonPlanta1-1030x687.jpg' alt='Elli von Planta'  itemprop=\"image\"   height=\"687\" width=\"1030\" \/><\/div><h3 class='team-member-name '  itemprop=\"name\" >Elli von Planta<\/h3><div class='team-member-job-title '  itemprop=\"jobTitle\" >Vorstand CH2021<\/div><div class='team-member-description '  itemprop=\"description\" ><p>\"Nur\" ist ein Etikett, das auf allem Weiblichen klebt.<br \/>\nDer Einsatz f\u00fcr die Gleichstellung ist das Bem\u00fchen, dieses Etikett abzukratzen (loszuwerden).<\/p>\n<\/div><span class='hidden team-member-affiliation'  itemprop=\"affiliation\" >CH2021<\/span><\/section><\/div><\/div><\/div><\/div><!-- close content main div --><\/div><\/div><div id='after_section_3'  class='main_color av_default_container_wrap container_wrap sidebar_right'  ><div class='container av-section-cont-open' ><div class='template-page content  av-content-small alpha units'><div class='post-entry post-entry-type-page post-entry-3574'><div class='entry-content-wrapper clearfix'>\n","protected":false},"excerpt":{"rendered":"","protected":false},"author":6,"featured_media":0,"parent":0,"menu_order":0,"comment_status":"closed","ping_status":"closed","template":"","meta":{"_monsterinsights_skip_tracking":false,"_monsterinsights_sitenote_active":false,"_monsterinsights_sitenote_note":"","_monsterinsights_sitenote_category":0,"footnotes":""},"class_list":["post-3574","page","type-page","status-publish","hentry"],"_links":{"self":[{"href":"https:\/\/ch2021.ch\/rm\/wp-json\/wp\/v2\/pages\/3574","targetHints":{"allow":["GET"]}}],"collection":[{"href":"https:\/\/ch2021.ch\/rm\/wp-json\/wp\/v2\/pages"}],"about":[{"href":"https:\/\/ch2021.ch\/rm\/wp-json\/wp\/v2\/types\/page"}],"author":[{"embeddable":true,"href":"https:\/\/ch2021.ch\/rm\/wp-json\/wp\/v2\/users\/6"}],"replies":[{"embeddable":true,"href":"https:\/\/ch2021.ch\/rm\/wp-json\/wp\/v2\/comments?post=3574"}],"version-history":[{"count":92,"href":"https:\/\/ch2021.ch\/rm\/wp-json\/wp\/v2\/pages\/3574\/revisions"}],"predecessor-version":[{"id":17587,"href":"https:\/\/ch2021.ch\/rm\/wp-json\/wp\/v2\/pages\/3574\/revisions\/17587"}],"wp:attachment":[{"href":"https:\/\/ch2021.ch\/rm\/wp-json\/wp\/v2\/media?parent=3574"}],"curies":[{"name":"wp","href":"https:\/\/api.w.org\/{rel}","templated":true}]}}