{"id":902,"date":"2019-05-23T21:13:45","date_gmt":"2019-05-23T19:13:45","guid":{"rendered":"https:\/\/ch2021.ch\/?page_id=902"},"modified":"2025-01-20T16:29:30","modified_gmt":"2025-01-20T15:29:30","slug":"linksammlung","status":"publish","type":"page","link":"https:\/\/ch2021.ch\/rm\/geschichte\/linksammlung\/","title":{"rendered":"Literatur und Links"},"content":{"rendered":"\n<style type=\"text\/css\" data-created_by=\"avia_inline_auto\" id=\"style-css-av-jkjmqted-8df8ef2bc293873ff87811f9ab7e252e\">\n.avia-section.av-jkjmqted-8df8ef2bc293873ff87811f9ab7e252e{\nbackground-color:#7ecdca;\nbackground:linear-gradient( to bottom right, #7ecdca, #f6e9d3 );\n}\n.avia-section.av-jkjmqted-8df8ef2bc293873ff87811f9ab7e252e .av-extra-border-element .av-extra-border-inner{\nbackground-color:#ffffff;\n}\n<\/style>\n<div id='av_section_1'  class='avia-section av-jkjmqted-8df8ef2bc293873ff87811f9ab7e252e header_color avia-section-no-padding avia-no-shadow  avia-builder-el-0  el_before_av_section  avia-builder-el-first  avia-bg-style-scroll av-minimum-height av-minimum-height-custom av-height-custom  container_wrap sidebar_right'   data-av_minimum_height_px='350'><div class='container av-section-cont-open' style='height:350px'><main  role=\"main\" itemprop=\"mainContentOfPage\"  class='template-page content  av-content-small alpha units'><div class='post-entry post-entry-type-page post-entry-902'><div class='entry-content-wrapper clearfix'>\n\n<style type=\"text\/css\" data-created_by=\"avia_inline_auto\" id=\"style-css-av-1xn9f-60a3102d85cb0bac4be34634a8c4da3f\">\n.flex_column.av-1xn9f-60a3102d85cb0bac4be34634a8c4da3f{\nborder-radius:0px 0px 0px 0px;\npadding:0px 0px 0px 0px;\n}\n<\/style>\n<div  class='flex_column av-1xn9f-60a3102d85cb0bac4be34634a8c4da3f av_one_full  avia-builder-el-1  avia-builder-el-no-sibling  first flex_column_div av-animated-generic pop-up av-zero-column-padding  '     ><style type=\"text\/css\" data-created_by=\"avia_inline_auto\" id=\"style-css-av-10oii6-9cc6f92461b705569908df744b9eda48\">\n#top .av-special-heading.av-10oii6-9cc6f92461b705569908df744b9eda48{\npadding-bottom:10px;\nfont-size:5vw;\n}\nbody .av-special-heading.av-10oii6-9cc6f92461b705569908df744b9eda48 .av-special-heading-tag .heading-char{\nfont-size:25px;\n}\n#top #wrap_all .av-special-heading.av-10oii6-9cc6f92461b705569908df744b9eda48 .av-special-heading-tag{\nfont-size:5vw;\n}\n.av-special-heading.av-10oii6-9cc6f92461b705569908df744b9eda48 .av-subheading{\nfont-size:15px;\n}\n\n@media only screen and (min-width: 480px) and (max-width: 767px){ \n#top #wrap_all .av-special-heading.av-10oii6-9cc6f92461b705569908df744b9eda48 .av-special-heading-tag{\nfont-size:0.8em;\n}\n}\n\n@media only screen and (max-width: 479px){ \n#top #wrap_all .av-special-heading.av-10oii6-9cc6f92461b705569908df744b9eda48 .av-special-heading-tag{\nfont-size:0.8em;\n}\n}\n<\/style>\n<div  class='av-special-heading av-10oii6-9cc6f92461b705569908df744b9eda48 av-special-heading-h1 blockquote modern-quote  avia-builder-el-2  avia-builder-el-no-sibling  av-inherit-size av-linked-heading'><h1 class='av-special-heading-tag '  itemprop=\"headline\"  >Literatur und Links<\/h1><div class=\"special-heading-border\"><div class=\"special-heading-inner-border\"><\/div><\/div><\/div><\/div>\n\n<\/div><\/div><\/main><!-- close content main element --><\/div><div class='av-extra-border-element border-extra-diagonal border-extra-diagonal-inverse '><div class='av-extra-border-outer'><div class='av-extra-border-inner'><\/div><\/div><\/div><\/div><div id='av_section_2'  class='avia-section av-bbaqe-ebbf1727dd12de30c8328f3a446ee834 main_color avia-section-default avia-no-border-styling  avia-builder-el-3  el_after_av_section  avia-builder-el-last  avia-bg-style-scroll container_wrap sidebar_right'  ><div class='container av-section-cont-open' ><div class='template-page content  av-content-small alpha units'><div class='post-entry post-entry-type-page post-entry-902'><div class='entry-content-wrapper clearfix'>\n<section  class='av_textblock_section av-jy4h5hhm-a19413fc1010c2cd3a1ae99ec3b00b7e '   itemscope=\"itemscope\" itemtype=\"https:\/\/schema.org\/CreativeWork\" ><div class='avia_textblock'  itemprop=\"text\" ><p>Sie m\u00f6chten gerne mehr \u00fcber die Einf\u00fchrung des Schweizer Stimmrechts f\u00fcr Frauen und seine Wegbereiter*innen erfahren? Dann sind Sie hier genau richtig. Wir laden Sie ein durch unsere kleine Mediathek zu st\u00f6bern und sich von den bewegenden, kontroversen sowie brandaktuellen Geschichten der engagierten Personen mitreissen und inspirieren zu lassen.<\/p>\n<p>Wir haben etwas \u00fcbersehen? Dann kommen Sie auf uns zu und informieren Sie uns \u00fcber Sehens- und Lesenswertes!<\/p>\n<\/div><\/section>\n\n<style type=\"text\/css\" data-created_by=\"avia_inline_auto\" id=\"style-css-av-lo4su-649dca7d81eda586d7c07ecb55a4b9d0\">\n#top .av-special-heading.av-lo4su-649dca7d81eda586d7c07ecb55a4b9d0{\npadding-bottom:10px;\n}\nbody .av-special-heading.av-lo4su-649dca7d81eda586d7c07ecb55a4b9d0 .av-special-heading-tag .heading-char{\nfont-size:25px;\n}\n.av-special-heading.av-lo4su-649dca7d81eda586d7c07ecb55a4b9d0 .av-subheading{\nfont-size:15px;\n}\n<\/style>\n<div  class='av-special-heading av-lo4su-649dca7d81eda586d7c07ecb55a4b9d0 av-special-heading-h2 blockquote modern-quote  avia-builder-el-5  el_after_av_textblock  el_before_av_one_third  av-linked-heading'><h2 class='av-special-heading-tag '  itemprop=\"headline\"  >Aktuelle Tipps: <\/h2><div class=\"special-heading-border\"><div class=\"special-heading-inner-border\"><\/div><\/div><\/div>\n\n<style type=\"text\/css\" data-created_by=\"avia_inline_auto\" id=\"style-css-av-kzzz2-e820e622831f0829ab88481df4523483\">\n#top .flex_column.av-kzzz2-e820e622831f0829ab88481df4523483{\nmargin-top:1px;\nmargin-bottom:1px;\n}\n.flex_column.av-kzzz2-e820e622831f0829ab88481df4523483{\nborder-radius:0px 0px 0px 0px;\npadding:0px 0px 0px 0px;\n}\n.responsive #top #wrap_all .flex_column.av-kzzz2-e820e622831f0829ab88481df4523483{\nmargin-top:1px;\nmargin-bottom:1px;\n}\n<\/style>\n<div  class='flex_column av-kzzz2-e820e622831f0829ab88481df4523483 av_one_third  avia-builder-el-6  el_after_av_heading  el_before_av_one_third  first flex_column_div av-zero-column-padding  '     ><p><section  class='avia-team-member av-e0nd2-bd6330aa31c660e0275d21ea39ff616a  avia-builder-el-7  el_before_av_button  avia-builder-el-first '  itemscope=\"itemscope\" itemtype=\"https:\/\/schema.org\/Person\" ><div class=\"team-img-container\"><img fetchpriority=\"high\" class='wp-image-9912 avia-img-lazy-loading-not-9912 avia_image avia_image_team' src='https:\/\/ch2021.ch\/wp-content\/uploads\/2021\/01\/50JahreFrauenstimmrecht.jpg' alt='50 Jahre Frauenstimmrecht'  itemprop=\"image\"   height=\"200\" width=\"300\" \/><\/div><h3 class='team-member-name '  itemprop=\"name\" >50 Jahre Frauenstimmrecht<\/h3><div class='team-member-description '  itemprop=\"description\" ><p>25 Frauen \u00fcber Demokratie, Macht und Gleichberechtigung.<br \/>\nHerausgebeben von Isabel Rohner und Ir\u00e8ne Sch\u00e4ppi im Limmatverlag (2020)<\/p>\n<\/div><span class='hidden team-member-affiliation'  itemprop=\"affiliation\" >CH2021<\/span><\/section><br \/>\n<div  class='avia-button-wrap av-vz5q-ba7550cdb30689d7a81ff9f7a500b61c-wrap avia-button-center  avia-builder-el-8  el_after_av_team_member  avia-builder-el-last '><a href='https:\/\/www.limmatverlag.ch\/programm\/titel\/889-50-jahre-frauenstimmrecht.html'  class='avia-button av-vz5q-ba7550cdb30689d7a81ff9f7a500b61c av-link-btn avia-icon_select-yes-left-icon avia-size-large avia-position-center avia-color-theme-color'  target=\"_blank\"  rel=\"noopener noreferrer\"  aria-label=\"Zum Buch\"><span class='avia_button_icon avia_button_icon_left avia-iconfont avia-font-entypo-fontello' data-av_icon='\ue84d' data-av_iconfont='entypo-fontello' ><\/span><span class='avia_iconbox_title' >Zum Buch<\/span><\/a><\/div><\/p><\/div>\n<style type=\"text\/css\" data-created_by=\"avia_inline_auto\" id=\"style-css-av-19oyae-8-ccb779699e334186b2067be6ab469b8f\">\n#top .flex_column.av-19oyae-8-ccb779699e334186b2067be6ab469b8f{\nmargin-top:1px;\nmargin-bottom:1px;\n}\n.flex_column.av-19oyae-8-ccb779699e334186b2067be6ab469b8f{\nborder-radius:0px 0px 0px 0px;\npadding:0px 0px 0px 0px;\n}\n.responsive #top #wrap_all .flex_column.av-19oyae-8-ccb779699e334186b2067be6ab469b8f{\nmargin-top:1px;\nmargin-bottom:1px;\n}\n<\/style>\n<div  class='flex_column av-19oyae-8-ccb779699e334186b2067be6ab469b8f av_one_third  avia-builder-el-9  el_after_av_one_third  el_before_av_one_third  flex_column_div av-zero-column-padding  '     ><p><section  class='avia-team-member av-k9v5zlsi-9707f615c7d28f51ac783aa98e6a15d6  avia-builder-el-10  el_before_av_button  avia-builder-el-first '  itemscope=\"itemscope\" itemtype=\"https:\/\/schema.org\/Person\" ><div class=\"team-img-container\"><img fetchpriority=\"high\" class='wp-image-16806 avia-img-lazy-loading-not-16806 avia_image avia_image_team' src='https:\/\/ch2021.ch\/wp-content\/uploads\/2021\/11\/Unbenannt-1.jpg' alt='Die weiblichen Wurzeln des Bio-Landbaus'  itemprop=\"image\"   height=\"200\" width=\"300\" \/><\/div><h3 class='team-member-name '  itemprop=\"name\" >Die weiblichen Wurzeln des Bio-Landbaus<\/h3><div class='team-member-description '  itemprop=\"description\" ><p>Wir erinnern an eine starke Frau, der es um ein ganzheitliches Verst\u00e4ndnis der Gesundheit ging, das nicht nur eine gesunde Ern\u00e4hrung, sondern Pflanzen, Tiere, Menschen miteinander und untereinander vernetzt betrachtete. <\/p>\n<\/div><span class='hidden team-member-affiliation'  itemprop=\"affiliation\" >CH2021<\/span><\/section><br \/>\n<div  class='avia-button-wrap av-k9v65n0h-7-b993d4668834c2764263e58642ad89f5-wrap avia-button-center  avia-builder-el-11  el_after_av_team_member  avia-builder-el-last '><a href='https:\/\/www.bioforumschweiz.ch\/publikationen\/'  class='avia-button av-k9v65n0h-7-b993d4668834c2764263e58642ad89f5 av-link-btn avia-icon_select-yes-left-icon avia-size-large avia-position-center avia-color-theme-color'  target=\"_blank\"  rel=\"noopener noreferrer\"  aria-label=\"Zum Buch\"><span class='avia_button_icon avia_button_icon_left avia-iconfont avia-font-entypo-fontello' data-av_icon='\ue84d' data-av_iconfont='entypo-fontello' ><\/span><span class='avia_iconbox_title' >Zum Buch<\/span><\/a><\/div><\/p><\/div>\n<style type=\"text\/css\" data-created_by=\"avia_inline_auto\" id=\"style-css-av-19oyae-6-44851010a9ee4d99f62559fa2de63cbb\">\n#top .flex_column.av-19oyae-6-44851010a9ee4d99f62559fa2de63cbb{\nmargin-top:1px;\nmargin-bottom:1px;\n}\n.flex_column.av-19oyae-6-44851010a9ee4d99f62559fa2de63cbb{\nborder-radius:0px 0px 0px 0px;\npadding:0px 0px 0px 0px;\n}\n.responsive #top #wrap_all .flex_column.av-19oyae-6-44851010a9ee4d99f62559fa2de63cbb{\nmargin-top:1px;\nmargin-bottom:1px;\n}\n<\/style>\n<div  class='flex_column av-19oyae-6-44851010a9ee4d99f62559fa2de63cbb av_one_third  avia-builder-el-12  el_after_av_one_third  el_before_av_hr  flex_column_div av-zero-column-padding  '     ><p><section  class='avia-team-member av-k9v5zlsi-5-74ce67960ae3790b422f3c985c80d34a  avia-builder-el-13  el_before_av_button  avia-builder-el-first '  itemscope=\"itemscope\" itemtype=\"https:\/\/schema.org\/Person\" ><div class=\"team-img-container\"><img fetchpriority=\"high\" class='wp-image-8527 avia-img-lazy-loading-not-8527 avia_image avia_image_team' src='https:\/\/ch2021.ch\/wp-content\/uploads\/2020\/09\/GrussausderKueche.jpg' alt='Gruss aus der K\u00fcche \u2013 Texte zum Frauenstimmrecht'  itemprop=\"image\"   height=\"200\" width=\"300\" \/><\/div><h3 class='team-member-name '  itemprop=\"name\" >Gruss aus der K\u00fcche \u2013 Texte zum Frauenstimmrecht<\/h3><div class='team-member-description '  itemprop=\"description\" ><p>Die Buchneuerscheinung vereint die Stimmen von 31bekannten Autorinnen und Kolumnistinnen zwischen 30 und 80 Jahren.<br \/>\nHerausgebeben von Rita Jost und Heidi Kronenberg im Rotpunktverlag (2020)<\/p>\n<\/div><span class='hidden team-member-affiliation'  itemprop=\"affiliation\" >CH2021<\/span><\/section><br \/>\n<div  class='avia-button-wrap av-k9v65n0h-4-b8c25bba7461f7a6c0bfc2802283bbbf-wrap avia-button-center  avia-builder-el-14  el_after_av_team_member  avia-builder-el-last '><a href='https:\/\/rotpunktverlag.ch\/buecher\/gruss-aus-der-kuche'  class='avia-button av-k9v65n0h-4-b8c25bba7461f7a6c0bfc2802283bbbf av-link-btn avia-icon_select-yes-left-icon avia-size-large avia-position-center avia-color-theme-color'  target=\"_blank\"  rel=\"noopener noreferrer\"  aria-label=\"Zum Buch\"><span class='avia_button_icon avia_button_icon_left avia-iconfont avia-font-entypo-fontello' data-av_icon='\ue84d' data-av_iconfont='entypo-fontello' ><\/span><span class='avia_iconbox_title' >Zum Buch<\/span><\/a><\/div><\/p><\/div><div  class='hr av-14fxi6-4706c62e005ad9795e9c7419896d2301 hr-default  avia-builder-el-15  el_after_av_one_third  el_before_av_heading '><span class='hr-inner '><span class=\"hr-inner-style\"><\/span><\/span><\/div>\n\n<style type=\"text\/css\" data-created_by=\"avia_inline_auto\" id=\"style-css-av-fi4im-af55622fba2679a60a0f3134575184fb\">\n#top .av-special-heading.av-fi4im-af55622fba2679a60a0f3134575184fb{\npadding-bottom:10px;\n}\nbody .av-special-heading.av-fi4im-af55622fba2679a60a0f3134575184fb .av-special-heading-tag .heading-char{\nfont-size:25px;\n}\n.av-special-heading.av-fi4im-af55622fba2679a60a0f3134575184fb .av-subheading{\nfont-size:15px;\n}\n<\/style>\n<div  class='av-special-heading av-fi4im-af55622fba2679a60a0f3134575184fb av-special-heading-h2 blockquote modern-quote  avia-builder-el-16  el_after_av_hr  el_before_av_toggle_container  av-linked-heading'><h2 class='av-special-heading-tag '  itemprop=\"headline\"  >Literaturauswahl:<\/h2><div class=\"special-heading-border\"><div class=\"special-heading-inner-border\"><\/div><\/div><\/div>\n\n<style type=\"text\/css\" data-created_by=\"avia_inline_auto\" id=\"style-css-av-k7d8j8vv-81f4d1b8d5149055332001ed890b9814\">\n#top .togglecontainer.av-k7d8j8vv-81f4d1b8d5149055332001ed890b9814 p.toggler{\nborder-color:#000000;\n}\n#top .togglecontainer.av-k7d8j8vv-81f4d1b8d5149055332001ed890b9814 p.toggler:not(.activeTitle):hover{\nbackground-color:#f49b33;\n}\n#top .togglecontainer.av-k7d8j8vv-81f4d1b8d5149055332001ed890b9814 .toggle_wrap .toggle_content{\nborder-color:#000000;\n}\n<\/style>\n<div  class='togglecontainer av-k7d8j8vv-81f4d1b8d5149055332001ed890b9814  avia-builder-el-17  el_after_av_heading  avia-builder-el-last ' >\n<section class='av_toggle_section av-73muu-ca776ceddb6b25815310b7bae85b4278'  itemscope=\"itemscope\" itemtype=\"https:\/\/schema.org\/CreativeWork\" ><div role=\"tablist\" class=\"single_toggle\" data-tags=\"{All} \"  ><p id='toggle-toggle-id-1' data-fake-id='#toggle-id-1' class='toggler  av-title-above av-inherit-border-color'  itemprop=\"headline\"  role='tab' tabindex='0' aria-controls='toggle-id-1' data-slide-speed=\"200\" data-title=\"B\u00fccher\" data-title-open=\"\" data-aria_collapsed=\"Click to expand: B\u00fccher\" data-aria_expanded=\"Click to collapse: B\u00fccher\">B\u00fccher<span class=\"toggle_icon\"><span class=\"vert_icon\"><\/span><span class=\"hor_icon\"><\/span><\/span><\/p><div id='toggle-id-1' aria-labelledby='toggle-toggle-id-1' role='region' class='toggle_wrap  av-title-above'  ><div class='toggle_content invers-color av-inherit-border-color'  itemprop=\"text\" ><ul>\n<li><a href=\"https:\/\/www.dike.ch\/rechtsgebiete\/internationales-recht\/voelkerrecht\/boillet-hotz-hugentobler-kapferer-frauenstimmrecht-und-demokratie?srsltid=AfmBOor7wwVC9Zuw_a2hN7KLIV_2ttnL5cCE0dI7CeTK0vDQk2ErGAor\" target=\"_blank\" rel=\"noopener\">Frauenstimmrecht und Demokratie<\/a> (2025,\u00a0V\u00e9ronique Boillet, Sandra Hotz, Manuela Hugentobler, Nils Kapferer, Dike Verlag) <em>Welche Bedeutung hat das Recht f\u00fcr demokratische Partizipationsm\u00f6glichkeiten? Welche Demokratiedefizite ergeben sich aus historischen und aktuellen Strukturen?<\/em><\/li>\n<li><a href=\"https:\/\/www.zytglogge.ch\/Rahel-Senn-Ozelot-978-3-7296-5065-7\" target=\"_blank\" rel=\"noopener\">Ozelot<\/a> (2021, Rahel Seen, Zytglogge Verlag) <em>Wir schreiben das Jahr 1958. Victoria ist elf Jahre alt und verbringt viele Nachmittage im Z\u00fcrcher Frauensekretariat, f\u00fcr das ihre Mutter arbeitet. So erlebt sie, wie sich Frauen in der Schweiz zu Verb\u00e4nden zusammenschliessen, um sich gegen die fehlenden Rechte der Frau einzusetzen. Zum ersten Mal h\u00f6rt sie den Namen Iris von Roten.<\/em><\/li>\n<li><a href=\"https:\/\/www.bergli.ch\/products\/50-sensationelle-schweizerinnen-geschichten-die-du-kennen-solltest\" target=\"_blank\" rel=\"noopener\">50 sensationelle Schweizerinnen: Geschichten, die du kennen solltest<\/a> (2021, Laurie Theurer, Katie Hayoz, Anita Lehmann, Alnaaze Nathoo, Barbara Nigg, Bergli Verlag) <em>Im Februar 2021 feiern die Frauen in der Schweiz das 50-Jahre-Jubil\u00e4um ihres Stimm- und Wahlrechts. Dieses Buch w\u00fcrdigt die zahlreichen Errungenschaften von Schweizerinnen, beleuchtet ihre Schicksale und zeigt ihre St\u00e4rken auf. Kurze Biografien geben einen Einblick in das Leben von f\u00fcnfzig zeitgen\u00f6ssischen und historischen Frauen, die inspirieren und faszinieren.\u00a0<\/em><\/li>\n<li><a href=\"https:\/\/www.dike.ch\/juristinnen-schweiz-recht-und-geschlecht\" target=\"_blank\" rel=\"noopener\">Recht und Geschlecht<\/a> (2021, Juristinnen Schweiz, Dike Verlag) <em>Herausforderungen der Gleichstellung &#8211; Quelques r\u00e9flexions 50 ans apr\u00e8s le suffrage des femmes<\/em><\/li>\n<li><a href=\"https:\/\/www.droemer-knaur.de\/buch\/franziska-schutzbach-die-erschoepfung-der-frauen-9783426278581\" target=\"_blank\" rel=\"noopener\">Die Ersch\u00f6pfung der Frauen<\/a> (2021, Franziska Schutzbach, Droemer Knaur Verlag) <em>Frauen haben heute angeblich so viele Entscheidungsm\u00f6glichkeiten wie nie zuvor. Und sind gleichzeitig so ersch\u00f6pft wie nie zuvor. Denn nach wie vor wird von ihnen verlangt, permanent verf\u00fcgbar zu sein. Die Geschlechterforscherin Franziska Schutzbach schreibt \u00fcber ein System, das von Frauen alles erwartet und nichts zur\u00fcckgibt \u2013 und dar\u00fcber, wie Frauen sich dagegen auflehnen und alles ver\u00e4ndern: ihr Leben und die Gesellschaft. \u00a0<\/em><\/li>\n<li><a href=\"https:\/\/shop.arisverlag.ch\/shop\/buch\/helvetias-toechter\" target=\"_blank\" rel=\"noopener\">Helvetias T\u00f6chter<\/a> (2021, Nadine A. Br\u00fcgger, Arisverlag) <em>Kampf, Streik, Stimmrecht: Acht Frauengeschichten aus der Schweiz von 1846 bis 2019<\/em><\/li>\n<li><a href=\"https:\/\/www.hierundjetzt.ch\/de\/catalogue\/frauenstimmrecht_2100020\/\" target=\"_blank\" rel=\"noopener\">Frauenstimmrecht<\/a> (2021, Brigitte Studer, Judith Wyttenbach, Hier und Jetzt Verlag) <em>Historische und rechtliche Entwicklungen 1848 &#8211; 1971<\/em><\/li>\n<li><a href=\"https:\/\/www.kiwi-verlag.de\/buch\/torsten-koerner-in-der-maenner-republik-9783462001846\" target=\"_blank\" rel=\"noopener\">In der M\u00e4nner-Republik, Wie Frauen die Politik eroberten<\/a> (2021, Torsten K\u00f6rner, KiWi Verlag) <em>Die Bundesrepublik war lange eine M\u00e4nnerrepublik. Frauen, die sich politisch engagierten, waren wenig sichtbar. \u00bbIn der M\u00e4nner-Republik\u00ab ist die spannende Chronik des Kampfes um politische Gleichberechtigung, der bis heute anh\u00e4lt.<\/em><\/li>\n<li><a href=\"https:\/\/shop.beobachter.ch\/buchshop\/alltag-und-freizeit\/die-schweizer-politfrauen?utm_campaign=1864762721&amp;utm_source=google&amp;utm_medium=cpc&amp;utm_content=547867832381&amp;utm_term=schweizer%20politfrauen&amp;adgroupid=132896729892&amp;gclid=EAIaIQobChMIoorZu8un9AIVWOJ3Ch1KkQ9kEAAYASAAEgJGyfD_BwE\" target=\"_blank\" rel=\"noopener\">Schweizer Politfrauen<\/a> (2021, Nathalie Christen,\u00a0Linda Bourget,\u00a0Simona Cereghetti, Beobachter) <em>Die drei Journalistinnen Nathalie Christen, Linda Bourget und Simona Cereghetti haben 21 Politikerinnen aus verschiedenen Parteien und aus allen Landesteilen der Schweiz portr\u00e4tiert. Die Politikerinnen berichten von ihren Erfahrungen in unterschiedlichen \u00c4mtern. Spannenden Einblicke von bekannten Stimmen wie Viola Amherd, Petra G\u00f6ssi und Mattea Meyer.<\/em><\/li>\n<li><a href=\"https:\/\/www.gutbuch.ch\/\" target=\"_blank\" rel=\"noopener\">Frauenspuren<\/a> (2021, Projekt der Frauenspur Gossau) <em>Das Buch \u00abFrauenspuren\u00bb ist das neueste Projekt der \u00abFrauenspur Gossau\u00bb und zeigt anhand von 28 teils bisher unver\u00f6ffentlichten Lebensgeschichten, wie vielf\u00e4ltig und mutig Gossauer Frauen im 20. Jahrhundert waren<\/em><\/li>\n<li><a href=\"https:\/\/www.chronos-verlag.ch\/node\/28244\" target=\"_blank\" rel=\"noopener\">Die Frauen im Parlament. Kollektivbiografie der National- und St\u00e4nder\u00e4tinnen, 1971\u20132019<\/a> (2021, Margrit Steinhauser, Chronos Verlag) <em>Nach der Annahme des Frauenstimmrechts 1971 bildeten die Frauen im Parlament eine kleine Minderheit. Die Grundlagen f\u00fcr die Gleichberechtigung in Verfassung und Gesetzen zu schaffen, namentlich auch im neuen Eherecht von 1988, war gemeinsames Anliegen und eine grosse Herausforderung. Die Aufnahme der Politikerinnen durch die Kollegen gestaltete sich schwierig, wo Macht geteilt werden sollte.\u00a0<\/em><\/li>\n<li><a href=\"https:\/\/www.seismoverlag.ch\/de\/daten\/dem-laufgitter-entkommen\/\" target=\"_blank\" rel=\"noopener\">Dem Laufgitter entkommen<\/a> (2021, Marl\u00e8ne Gerber,\u00a0Anja Heidelberger (Hrsg.), Seismo Verlag) <em>Frauenforderungen im eidgen\u00f6ssischen Parlament seit 1950<\/em><\/li>\n<li><a href=\"https:\/\/shop.arisverlag.ch\/shop\/buch\/helvetias-toechter\" target=\"_blank\" rel=\"noopener\">Helvetias T\u00f6chter<\/a> (2021, Nadine A. Br\u00fcgger, Arisverlag) <em>Kampf, Streik, Stimmrecht: Acht Frauengeschichten aus der Schweiz von 1846 bis 2019<\/em><\/li>\n<li><a href=\"https:\/\/clareodea.com\/de\/der-tag-an-dem-die-manner-nein-sagten\/\" target=\"_blank\" rel=\"noopener\">Der Tag, an dem die M\u00e4nner Nein sagten<\/a> (2021, Clare O\u2019Dea) <em>Zweifellos ist es gut, 50 Jahre Frauenstimmrecht zu feiern. Dabei sollten wir allerdings nicht den Tag vergessen, an dem die M\u00e4nner Nein sagten \u2013 am 1. Februar 1959.<\/em><\/li>\n<li><a href=\"https:\/\/www.antipodes.ch\/produit\/100-femmes-qui-ont-fait-lausanne\/\" target=\"_blank\" rel=\"noopener\">100 femmes qui ont fait Lausanne<\/a> (2021, Becquelin, H\u00e9l\u00e8ne, Ouvrage collectif, Antipodes) <em>Dieses Buch erz\u00e4hlt die Geschichten von inspirierenden und herausragenden Frauen aus Lausanne. Sie sind K\u00fcnstlerinnen, Aktivistinnen, Wissenschaftlerinnen, Politikerinnen, Sportlerinnen oder Lehrerinnen und haben vom Jahr 1000 bis ins 20. Jahrhundert die Entwicklung der Stadt Lausanne gepr\u00e4gt. Jede dieser Frauen ist eine Heldin! <\/em><\/li>\n<li><a href=\"https:\/\/www.merianverlag.ch\/produkt\/basel-und-geschichte\/auf-abwegen\/fd22e1df-44ad-42c7-bf0f-8f5a369bd262.html\" target=\"_blank\" rel=\"noopener\">Auf Abwegen &#8211; Geschlechtergeschichte in Basel neu erz\u00e4hlt<\/a> (2021, Verein Frauenstadtrundgang Basel, Christoph Merian Verlag) <em>Aufm\u00fcpfige Arbeiterinnen und liederliche B\u00fcrger: Im Basel des\u00a019. und fr\u00fchen 20. Jahrhunderts gibt es vielf\u00e4ltige Beispiele\u00a0f\u00fcr den Umgang mit b\u00fcrgerlichen Moralvorstellungen. Damals\u00a0wurde die Stadt zu einem bedeutenden Industriestandort, zugleich\u00a0war sie ein Hort des etablierten B\u00fcrgertums. Die in Fabriken\u00a0und Privathaushalten Arbeitenden, vor allem Frauen, wurden\u00a0mit den Normen b\u00fcrgerlicher Ordnung konfrontiert. Als unsittlich\u00a0oder strafbar geltende Handlungen wie die Durchf\u00fchrung von\u00a0Abtreibungen mussten verborgen im Hinterzimmer stattfinden.\u00a0<\/em><\/li>\n<li><a href=\"https:\/\/www.chronos-verlag.ch\/node\/27361\" target=\"_blank\" rel=\"noopener\">Hinter dem Ladentisch<\/a> (2020, Jolanda Spirig, Chronos Verlag) <em>Hinter dem Ladentisch steht nicht nur \u00adMartha Artho, die Detaillistin. Dort steht auch Martha junior, geboren 1941. Auf der zweiten Stufe der Treppenleiter verfolgt sie die Verkaufsgespr\u00e4che, die keinesfalls unterbrochen werden d\u00fcrfen. Das gewissenhafte M\u00e4dchen w\u00e4chst zwischen Mutters Kolonialwarenladen und der Vatikanischen Botschaft in Bern auf. Der apostolische Garten ist ihr Paradies. Gepflegt wird er vom G\u00e4rtner-Chauffeur der Nuntiatur, ihrem Vater.<\/em><\/li>\n<li><a href=\"https:\/\/www.bioforumschweiz.ch\/publikationen\/\" target=\"_blank\" rel=\"noopener\">Maria M\u00fcller-Bigler: Die weiblichen Wurzeln des Bio-Landbaus<\/a> (2020, Diana Bach und Werner Scheidegger, Bioforum Schweiz) <em>Mit diesem Buch, welches das Bioforum Schweiz herausgibt, gedenken wir einer Frau, die sich auf verschiedenen Ebenen ein Leben lang f\u00fcr den giftfreien und \u00f6kologischen Garten- und Landbau sowie f\u00fcr die Bildung und gesellschaftliche Bedeutung der B\u00e4uerinnen eingesetzt hat. Wir erinnern an eine starke Frau, der es um ein ganzheitliches Verst\u00e4ndnis der Gesundheit ging, das nicht nur eine gesunde Ern\u00e4hrung, sondern Pflanzen, Tiere, Menschen miteinander und untereinander vernetzt betrachtete, und mithin die Mitsprache der Frauen sowie Mitverantwortlichkeit der M\u00e4nner verlangte.<\/em><\/li>\n<li><a href=\"https:\/\/www.penguinrandomhouse.de\/Paperback\/Unsichtbare-Frauen\/Caroline-Criado-Perez\/btb\/e561586.rhd\" target=\"_blank\" rel=\"noopener\">Unsichtbare Frauen &#8211; Wie eine von Daten beherrschte Welt die H\u00e4lfte der Bev\u00f6lkerung ignoriert<\/a> (2020, btb Verlag, Caroline Criado-Perez) Auch in Englisch erh\u00e4ltlich <a href=\"https:\/\/www.penguin.co.uk\/books\/1113605\/invisible-women\/9781784706289.html\" target=\"_blank\" rel=\"noopener\">Invisible Women &#8211; Exposing Data Bias in a World Designed for Men<\/a> (2020, Penguin UK, Caroline Criado-Perez) <em>Unsere Welt ist von M\u00e4nnern f\u00fcr M\u00e4nner gemacht und tendiert dazu, die H\u00e4lfte der Bev\u00f6lkerung zu ignorieren. Caroline Criado-Perez erkl\u00e4rt, wie dieses System funktioniert. Sie legt die geschlechtsspezifischen Unterschiede bei der Erhebung wissenschaftlicher Daten offen. Die so entstandene Wissensl\u00fccke liegt der kontinuierlichen und systematischen Diskriminierung von Frauen zugrunde und erzeugt eine unsichtbare Verzerrung, die sich stark auf das Leben von Frauen auswirkt. Kraftvoll und provokant pl\u00e4diert Criado-Perez f\u00fcr einen Wandel dieses Systems und l\u00e4sst uns die Welt mit neuen Augen sehen.<\/em><\/li>\n<li><a href=\"https:\/\/www.nzz-libro.ch\/rogger-julie-ryff-wir-werden-auf-das-stimmrecht-hinarbeiten-frauenrechtbewegung-schweiz-pressetext\" target=\"_blank\" rel=\"noopener\">Wir werden auf das Stimmrecht hinarbeiten!<\/a> (2021, NZZ Libro, Franziska Rogger) <em>Am 7. Februar 2021 feiert die Schweiz 50 Jahre Frauenstimmrecht. Das Ringen darum hat sehr lange gedauert. Entscheidende Impulse gaben ab Mitte des 19. Jahrhunderts Frauenverb\u00e4nde und einzelne Frauen, die sich f\u00fcr bessere Lebensumst\u00e4nde einsetzten. Franziska Rogger, die Expertin f\u00fcr Schweizer Frauengeschichte beantwortet in ihrem neuen Buch die Frage, wie die Schweizerinnen \u00fcberhaupt auf die Idee kamen, dieses Recht einzufordern. Rogger zeichnet aufgrund Hunderter authentischer Quellen und am Beispiel der Frauenrechtlerin Julie Ryff die Vorgeschichte auf, die bis anhin nur rudiment\u00e4r skizziert worden ist.<\/em><\/li>\n<li><a href=\"https:\/\/www.merianverlag.ch\/produkt\/basel-und-geschichte\/auf-abwegen\/fd22e1df-44ad-42c7-bf0f-8f5a369bd262.html\">Auf Abwegen &#8211; Frauen im Brennpunkt b\u00fcrgerlicher Moral<\/a> (2021, Christoph Merian Verlag,Verein Frauenstadtrundgang Basel (Hg.)), <em>50 Jahre Frauenstimmrecht in der Schweiz: 7. Februar 2021, Aufm\u00fcpfige Arbeiterinnen und liederliche B\u00fcrger: Im Basel des\u00a019. und fr\u00fchen 20. Jahrhunderts gibt es vielf\u00e4ltige Beispiele\u00a0f\u00fcr den Umgang mit b\u00fcrgerlichen Moralvorstellungen. Damals\u00a0wurde die Stadt zu einem bedeutenden Industriestandort, zugleich\u00a0war sie ein Hort des etablierten B\u00fcrgertums. Die in Fabriken\u00a0und Privathaushalten Arbeitenden, vor allem Frauen, wurden\u00a0mit den Normen b\u00fcrgerlicher Ordnung konfrontiert. Als unsittlich\u00a0oder strafbar geltende Handlungen wie die Durchf\u00fchrung von\u00a0Abtreibungen mussten verborgen im Hinterzimmer stattfinden.<\/em><\/li>\n<li><a href=\"https:\/\/www.alphil.com\/alphileuro\/index.php\/la-conquete-d-un-droit-le-suffrage-feminin-en-suisse.html\" target=\"_blank\" rel=\"noopener\">La conqu\u00eate d&#8217;un droit. Le suffrage f\u00e9minin en Suisse<\/a> (2020, \u00c9ditions Livreo-Alphil, Brigitte Studer) <em>Le 7 f\u00e9vrier 1971 les Suissesses obtiennent le droit de vote. Pour que les femmes suisses acc\u00e8dent \u00e0 un droit accord\u00e9 aux hommes en 1848 d\u00e9j\u00e0, il aura fallu 120 ans et plus de 90 votations \u2013 communales, cantonales, f\u00e9d\u00e9rales. Pour y arriver, les femmes se sont organis\u00e9es et largement mobilis\u00e9es, parfois soutenues par des hommes f\u00e9ministes. Elles ont \u00e9crit des essais et des pamphlets, fait campagne, donn\u00e9 des conf\u00e9rences, p\u00e9titionn\u00e9.<\/em><\/li>\n<li><a href=\"https:\/\/www.suzanne-gaede.ch\/buecher.html\" target=\"_blank\" rel=\"noopener\">50 Jahre Frauenstimmrecht &#8211; F\u00fcr Kinder, Jugendliche &#8230; Junggebliebene<\/a> (2020, Suzanne Gaede) <em>Der Verein CH2021 rief die kulturschaffenden Frauen auf, im Jubil\u00e4umsjahr etwas zum Ereignis beizutragen. \u00abEin Kinderbuch mit diesem Thema?\u00bb, dachte ich. \u00abDas ist unm\u00f6glich!\u00bb Trotzdem klickte ich alles an, \u00fcberflog die geschichtlichen Daten, bestaunte die Bilder der fr\u00fcheren K\u00e4mpferinnen \u2013 und blieb an ihnen h\u00e4ngen.<\/em><\/li>\n<li><a href=\"https:\/\/wasgeschahnach1971.wixsite.com\/1971\" target=\"_blank\" rel=\"noopener\">Was geschah nach 1971? &#8211; Wie Schweizer Frauen in die Politik fanden<\/a> (2020, Books on Demand, \u00c9lodie Peter)<em> 1971 erhielten die Schweizer Frauen das Stimm- und Wahlrecht auf eidgen\u00f6ssischer Ebene. \u00abWas geschah nach 1971? Wie Schweizer Frauen in die Politik fanden\u00bb befasst sich mit der Zeit nach dem Frauenstimmrecht. Denn selbst als Frauen das Stimm- und Wahlrecht hatten und politische \u00c4mter innehatten, wurden sie noch lange nicht als normal betrachtet. Auf pers\u00f6nlich durchgef\u00fchrten Interviews basierend geht diese Studie den Spuren dieser Zeit nach und zeigt auf, wie es zum Frauenstimmrecht kam, wie es sich als Frau damals so lebte und wie es f\u00fcr Frauen war in die Politik zu finden.<\/em><\/li>\n<li><a href=\"https:\/\/www.chronos-verlag.ch\/node\/27663\" target=\"_blank\" rel=\"noopener\">Auf die Wartebank geschoben<\/a> (2020, Chronos Verlag, Werner Seitz) <em>Der Kampf um die politische Gleichstellung der Frauen in der Schweiz seit 1900. Die Publikation gibt einen \u00dcberblick \u00fcber die jahrzehntelangen Auseinandersetzungen um das Frauenstimmrecht und beleuchtet die Hintergr\u00fcnde, welche die Schweiz im europ\u00e4ischen Vergleich zum \u00abgleichstellungspolitischen Sonderfall\u00bb machten. Abschliessend wird der Einstieg der Frauen in die Schweizer Politik und die Entwicklung ihrer Vertretung auf Bundes- und Kantonsebene w\u00e4hrend der letzten f\u00fcnfzig Jahre analysiert.<\/em><\/li>\n<li><a href=\"https:\/\/www.limmatverlag.ch\/programm\/titel\/889-50-jahre-frauenstimmrecht.html\" target=\"_blank\" rel=\"noopener\">50 Jahre Frauenstimmrecht<\/a> (2020, Limmat Verlag, Isabel Rohner, Ir\u00e8ne Sch\u00e4ppi)<em> 25 Frauen \u00fcber Demokratie, Macht und Gleichberechtigung. Mit Portr\u00e4ts, Gespr\u00e4chen und Beitr\u00e4gen von Viola Amherd, Kathrin Bertschy, Margrith Bigler-Eggenberger, Adrienne Corboud Fumagalli, Fanni Fetzer, Fina Girard, Serpentina Hagner, Gardi Hutter, Clo\u00e9 Jans, Anne-Sophie Keller, Bea Knecht, Elisabeth Kopp, Zita K\u00fcng, Lea Lu, Andrea Maihofer, Samira Marti, Christa Rigozzi, Ellen Ringier, Isabel Rohner, Ir\u00e8ne Sch\u00e4ppi, Christine Schraner Burgener, Regula St\u00e4mpfli, Katja Stauber, Petra Volpe und Nathalie Wappler.<\/em><\/li>\n<li><a href=\"https:\/\/www.hierundjetzt.ch\/de\/catalogue\/jeder-frau-ihre-stimme_20000016\/\" target=\"_blank\" rel=\"noopener\">Jeder Frau ihre Stimme, 50 Jahre Schweizer Frauengeschichte<\/a> (2020, Hier und Jetzt Verlag, Denise Schmid) <em>Was hat sich politisch, wirtschaftlich und gesellschaftlich seit der Einf\u00fchrung des Frauenstimmrechts 1971 mit Fokus auf die Frauen getan? Renommierte Historikerinnen erz\u00e4hlen in f\u00fcnf ausf\u00fchrlichen Essays, wie stark sich die Schweiz in jedem dieser f\u00fcnf vergangenen Jahrzehnte gewandelt hat.<\/em><\/li>\n<li><a href=\"https:\/\/rotpunktverlag.ch\/buecher\/gruss-aus-der-kuche\" target=\"_blank\" rel=\"noopener\">Gruss aus der K\u00fcche<\/a> (2020, Rotpunktverlag, Rita Jost &amp; Heidi Kronenberg) <em>Die Buchneuerscheinung vereint die Stimmen von 31bekannten Autorinnen und Kolumnistinnen zwischen 30 und 80 Jahren.<\/em><\/li>\n<li><a href=\"http:\/\/diebrotsuppe.de\/titel\/i-will-be-different-every-time\" target=\"_blank\" rel=\"noopener\">I will be different every time<\/a> (2020, Verlag die Brotsuppe, Fork Burke,\u00a0Myriam Diarra\u00a0und\u00a0Franziska Schutzbach) <em>Dieses Buch erz\u00e4hlt ein St\u00fcck \u00bbBlack History\u00ab in der Schweiz. Es macht Frauen mit ihren Stimmen, Biographien, Denkweisen, Perspektiven und Lebenswelten sichtbar, die in der Schweiz selten zur Kenntnis genommen werden.<\/em><\/li>\n<li><a href=\"https:\/\/www.merianverlag.ch\/produkt\/kultur-und-gesellschaft\/wir-fotografinnen-am-frauenstreik\/af6cda58-5deb-43bd-ae04-b4696b14daf1.html\" target=\"_blank\" rel=\"noopener\">Wir &#8211; Lebhafte und starke Fotografien vom historischen Frauen*streik 2019<\/a> (2020, Christoph Merian Verlag) <em>Am 14. Juni 2019 fand in der Schweiz ein Ereignis statt, das in die Geschichte des Landes eingehen sollte: \u00dcber eine halbe Million Schweizerinnen und Schweizer gingen landesweit auf die Strasse, um eine rasche Umsetzung der Gleichstellung zu fordern. Unter ihnen ein Kollektiv von 31 Fotografinnen und ein Fotografix aus der ganzen Schweiz, die an dem Tag nicht streikten, sondern den Streik aus ihrer Sicht dokumentierten. Wir ist das Resultat davon: eine fotografische Dokumentation der gr\u00f6ssten politischen Aktion in der Schweiz seit dem Generalstreik von 1918. Es ist ein kraftvolles Abbild der Schweizer Gesellschaft, das weit \u00fcber die Forderung nach Gleichstellung hinaus geht.<\/em><\/li>\n<li><a href=\"https:\/\/www.biderundtanner.ch\/buchhandlung\/buchhandlung-aktuell\/sachbuch\/wirtschaft-management\/wirtschaft\/wirtschaft-schweiz\/detail\/ISBN-9783907237229\/Planta-Elli-von\/Wessen-Interessen\" target=\"_blank\" rel=\"noopener\">Wessen Interessen?<\/a> (2020, Elli von Planta, Infol\u00fccke-Verlag ILV) <em>Elli von Planta beschreibt den Umbruch der Banken- und Arbeitswelt durch Globalisierung, Digitalisierung und die \u00dcbernahme US-amerikanischer Spielregeln und Wertvorstellungen. Dabei geht es ihr im Wesentlichen darum, dass diesem Wandel Vertrauen und Respekt zum Opfer fielen, was mit einem tiefen Unbehagen einherging. Der Wirtschafts- und Arbeitswelt stellt die Autorin die Werte <span class=\"full\">und Werthaltungen in Familie und Gesellschaft gegen\u00fcber und bedient sich dabei der Beispiele aus ihrer eigenen Geschichte: der Herkunft als Tochter aus einer Unternehmerfamilie, aufgewachsenen auf dem v\u00e4terlichen Gut in Deutschland sowie als Mutter und F\u00fchrungskraft ihrer vier Kinder (und Jurastudentin) in der Schweiz. Hier macht sie die universellen, menschlichen Grundbed\u00fcrfnisse nach Zugeh\u00f6rigkeit, Selbstbestimmung, Wertsch\u00e4tzung und Ermutigung aus, die &#8211; wie alle ideellen Werte &#8211; an Gef\u00fchle gekn\u00fcpft sind. Sie sind es &#8211; so ihre These &#8211; die eine Gesellschaft zusammenhalten, denn an den Gef\u00fchlen h\u00e4ngen Ethik und Moral<\/span><\/em><\/li>\n<li><a href=\"http:\/\/clafvd.ch\/cms\/index.php\/actualites\/203-equal-pay-day-elles-se-sont-levees\" target=\"_blank\" rel=\"noopener\">Equal Pay Day. Elles se sont lev\u00e9es.\u00a0<\/a><span class=\"subtitle product-field\" translate=\"no\" data-ellide=\"true\" data-track-info=\"{\" data-force-track=\"\">Pour l&#8217;\u00e9galit\u00e9 salariale en Suisse.\u00a0<\/span>(2020, Cathy Savioz) <em>Partout dans le monde, les femmes gagnent moins que les hommes. En Suisse aussi, dans le secteur de la finance et des assurances, elles gagnent 33% de moins.<\/em><\/li>\n<li><a href=\"https:\/\/www.republik.ch\/2020\/04\/28\/in-den-koepfen-vieler-menschen-gibt-es-diese-koppelung-von-expertise-und-maennlichkeit?utm_source=newsletter&amp;utm_medium=email&amp;utm_campaign=republik%2Fnewsletter-editorial-nl-28-04-2020\" target=\"_blank\" rel=\"noopener\">\u00abIn den K\u00f6pfen vieler Menschen gibt es diese Koppelung von Expertise und M\u00e4nnlichkeit\u00bb<\/a> (2020, Republik, Andrea Arezina, Anne Morgenstern)<\/li>\n<li><a href=\"https:\/\/www.zytglogge.ch\/frau-macht-medien-schweiz-journalistinnen-bader-fopp?c=702\" target=\"_blank\" rel=\"noopener\">Frauen macht Medien: Warum die Schweiz mehr Journalistinnen braucht<\/a> (2020, Nora\u00a0Bader, Andrea\u00a0Fopp)<\/li>\n<li><a href=\"https:\/\/www.helbing.ch\/detail\/ISBN-9783719042349\/Stimmrecht-und-kantonale-Autonomie\" target=\"_blank\" rel=\"noopener\">Stimmrecht und kantonale Autonomie: Allgemeines und gleiches Stimmrecht am Beispiel der Nordwestschweizer Kantone<\/a> (2019, Sibylle von Heydebrand) <em>Diese Arbeit untersucht, wie die Nordwestschweizer Kantone in den Bereichen des allgemeinen und des gleichen Stimmrechts ihre Autonomie gestalten, worin sich die L\u00f6sungen unterscheiden, wo Verbesserungs- oder Diskussionsbedarf besteht und ob die bundesrechtlichen Vorgaben eingehalten werden.<\/em><\/li>\n<li><span class=\"\"><a href=\"https:\/\/www.silke-redolfi.info\" target=\"_blank\" rel=\"noopener\">Die verlorenen T\u00f6chter<\/a> (2019, Silke Margherita Redolfi) <\/span><em>Bis 1952 verloren Tausende von Schweizerinnen das B\u00fcrgerrecht, weil sie einen Ausl\u00e4nder heirateten. F\u00fcr die betroffenen Frauen bedeutete der Verlust des B\u00fcrgerrechts eine Einschr\u00e4nkung ihrer Grundrechte. Silke Margherita Redolfi ergr\u00fcndet die Ursachen dieser Rechtsprechung, untersucht die Haltung der Beh\u00f6rden und geht den Schicksalen der Betroffenen nach.<\/em><\/li>\n<li><a href=\"https:\/\/ch2021.ch\/wp-content\/uploads\/2019\/11\/work-Brosch\u00fcre-Frauenrechte_Elisabeth-Joris1.pdf\" target=\"_blank\" rel=\"noopener\">62 Jahre bis zum Frauenstimmrecht: Man ist nie Mensch. Man ist entweder Frau oder Mann&#8221;<\/a> (2018, Elisabeth Joris)<\/li>\n<li><a href=\"https:\/\/ch2021.ch\/wp-content\/uploads\/2019\/10\/CMV_Kreis_Frauenstimmrecht_S127-147_low.pdf\" target=\"_blank\" rel=\"noopener\">\u00abDer Staat bin Ich! Was geht das die Frauen an?\u00bb\u00a0Plakate in der Auseinandersetzung um das Frauenstimmrecht im Kanton Basel-Stadt<\/a> (2016, Regina Wecker)<\/li>\n<li><a href=\"https:\/\/www.merianverlag.ch\/produkt\/basel-und-geschichte\/das-basler-frauenstimmrecht\/b66fabb3-d968-4c27-9345-d07b30df1cc4.html\" target=\"_blank\" rel=\"noopener\">Das Basler Frauenstimmrecht \u2013 Der lange Weg zur politischen Gleichberechtigung von 1966.<\/a> (2016, Georg Kreis) <em>Nach jahrzehntelangem Ringen sprach sich in Basel-Stadt als erster deutschsprachiger Kanton 1966 eine M\u00e4nnermehrheit f\u00fcr die Einf\u00fchrung des Frauenstimmrechts aus. In diesem Sammelband werden in Beitr\u00e4gen von Fabienne Amlinger, Esther Baur, Noemi Crain Merz, Anita Fetz, Ursa Krattiger, Georg Kreis, Andrea Maihofer, Sabine Strebel und Regina Wecker die einzelnen Abstimmungsrunden rekonstruiert und die heute schwer nachvollziehbaren Argumente gegen die politische Gleichstellung der Frau analysiert.<\/em><\/li>\n<li><a href=\"https:\/\/www.penguin.co.uk\/books\/292\/292385\/the-suffragettes\/9780241252116.html\" target=\"_blank\" rel=\"noopener\">The Suffragettes<\/a> (2016, Penguin Verlag, in Englisch)<\/li>\n<li><a href=\"https:\/\/www.youtube.com\/watch?v=EWYDG1uDcUE\">Votes for Women<\/a> (2015, Bryan Talbot, Kate Charlesworth, Mary M. Talbot) <em>Sally hat sich nie besonders f\u00fcr Politik interessiert. Die Gruppierung um Emmeline Pankhurst verfolgt das Dienstm\u00e4dchen jedoch mit wachsendem Interesse. Schlie\u00dflich schlie\u00dft sie sich den Suffragetten an, die f\u00fcr das Frauenwahlrecht k\u00e4mpfen. Demonstrationen, Schl\u00e4gereien und Inhaftierungen sind an der Tagesordnung, doch die Regierung nimmt die Frauen nicht ernst. Sally erkennt, dass andere Mittel n\u00f6tig sind, um etwas zu bewirken. Eine historisch minuti\u00f6s recherchierte Graphic Novel, die den Leser tief eintauchen l\u00e4sst in das British Empire vor dem Ersten Weltkrieg.<\/em><\/li>\n<li><a href=\"https:\/\/www.nzz-libro.ch\/9783038100065\/gebt-den-schweizerinnen-ihre-geschichte\" target=\"_blank\" rel=\"noopener\">Gebt den Schweizerinnen ihre Geschichte! <\/a>(2015, Franziska Rogger) <em>Ein Buch \u00fcber Marthe Gosteli, ihr Archiv und der \u00fcbersehene Kampf ums Frauenstimmrecht.<\/em><\/li>\n<li><a href=\"https:\/\/www.hep-verlag.ch\/geboren-am\" target=\"_blank\" rel=\"noopener\">Geboren am 7.2.1971 &#8211; Die M\u00fctter und T\u00f6chter des Frauenstimmrechts<\/a> (2011, Barbara Ritschard, Hrsg.) <em>Die Journalistinnen Patricia G\u00f6tti und Ursina Trautmann sowie die Fotografin Annette Boutellier haben in allen Landesteilen der Schweiz Frauen besucht, die an diesem 7. Februar 1971 geboren sind. Sie lassen sie zusammen mit ihren M\u00fcttern und T\u00f6chtern zu Wort kommen.\u00a0<\/em><\/li>\n<li><a href=\"https:\/\/www.alexandria.unisg.ch\/218282\/1\/Bigler-Eggenberger%2C%20Margrith%20%282009%29%20-%20Der%20Kampf%20um%20gleiche%20Rechte%20%28Ruckstuhl%29.pdf\" target=\"_blank\" rel=\"noopener\">Der Kampf um gleiche Rechte \/ Le combat pour les drois \u00e9gaux<\/a> (2009, Schweizerischer Verband f\u00fcr Frauenrechte)<\/li>\n<li><a href=\"http:\/\/www.furter.net\/downloads\/Lizentiat_Die_Gegnerinnen_des_Frauenstimmrechts.pdf\" target=\"_blank\" rel=\"noopener\">\u00abDie umgekehrten Suffragetten\u00bb Die Gegnerinnen des Frauenstimmrechts in der Schweiz von 1958 bis 1971<\/a> (2003, Daniel Furter)<\/li>\n<li><a href=\"https:\/\/www.ekf.admin.ch\/ekf\/de\/home\/dokumentation\/geschichte-der-gleichstellung--frauen-macht-geschichte\/frauen-macht-geschichte-18482000.html\" target=\"_blank\" rel=\"noopener\">Frauen Macht Geschichte. Frauen- und gleichstellungspolitische Ereignisse in der Schweiz 1848\u20131998<\/a> (2001, Online-Dossier der Eidgen\u00f6ssische Kommission f\u00fcr Frauenfragen) <em>Eine kompakte Chronologie f\u00fcr alle, die sich f\u00fcr die Geschichte der Frauen und der Gleichstellung in der Schweiz interessieren und einen raschen \u00dcberblick gewinnen wollen.<\/em><\/li>\n<li><a href=\"https:\/\/www.chronos-verlag.ch\/node\/19873\" target=\"_blank\" rel=\"noopener\">Zwischen Hausrat und Rathaus, Auseinandersetzungen um die politische Gleichberechtigung der Frauen in der Schweiz 1945\u20131971<\/a> (1997, Yvonne Voegeli) <em>Ein weiteres Standardwerk zum Thema Schweizer Frauenstimmrecht.<\/em><\/li>\n<li><a href=\"http:\/\/www.stiftung-interfeminas.ch\/Menu\/Buecher-Interfeminas-Verlag.5.html\" target=\"_blank\" rel=\"noopener\">Frauen sprengen Fesseln. Hindernislauf zum Frauenstimmrecht in der Schweiz<\/a> (1986, Lotti Ruckstuhl) <em>Das Standardwerk zur Frauenstimmrechtsfrage in der Schweiz. Verkn\u00fcpft mit der Geschichte des Schweizerischen Verbandes f\u00fcr Frauenstimmrecht zeigt das Werk die vielf\u00e4ltigen und beharrlichen Eins\u00e4tze f\u00fcr das Frauenstimmrecht auf eidgen\u00f6ssischer und kantonaler Ebene, bis zum Erfolg im Jahr 1971.<\/em><\/li>\n<li><a href=\"http:\/\/www.efefverlag.ch\/product\/frauen-im-laufgitter\/\" target=\"_blank\" rel=\"noopener\">Frauen im Laufgitter \u2013 Offene Worte zur Stellung der Frau<\/a> (1957, Iris von Roten) <em>Dieses engagierte Buch heizte die Diskussion um das Frauenstimmrecht vor der Volksabstimmung von 1959 an, bei der das Frauenstimmrecht abgelehnt wurde.<\/em><\/li>\n<\/ul>\n<div>\n<div class=\"WordSection1\">\n<div class=\"\"><\/div>\n<\/div>\n<\/div>\n<\/div><\/div><\/div><\/section>\n<section class='av_toggle_section av-728pa-b60357434d73bcf436e67d41bed9586d'  itemscope=\"itemscope\" itemtype=\"https:\/\/schema.org\/CreativeWork\" ><div role=\"tablist\" class=\"single_toggle\" data-tags=\"{All} \"  ><p id='toggle-toggle-id-2' data-fake-id='#toggle-id-2' class='toggler  av-title-above av-inherit-border-color'  itemprop=\"headline\"  role='tab' tabindex='0' aria-controls='toggle-id-2' data-slide-speed=\"200\" data-title=\"Dokumentationen, Videos, Spielfilme und Podcasts\" data-title-open=\"\" data-aria_collapsed=\"Click to expand: Dokumentationen, Videos, Spielfilme und Podcasts\" data-aria_expanded=\"Click to collapse: Dokumentationen, Videos, Spielfilme und Podcasts\">Dokumentationen, Videos, Spielfilme und Podcasts<span class=\"toggle_icon\"><span class=\"vert_icon\"><\/span><span class=\"hor_icon\"><\/span><\/span><\/p><div id='toggle-id-2' aria-labelledby='toggle-toggle-id-2' role='region' class='toggle_wrap  av-title-above'  ><div class='toggle_content invers-color av-inherit-border-color'  itemprop=\"text\" ><ul>\n<li data-content-field=\"title\"><a href=\"https:\/\/www.firsthandfilms.ch\/de\/von-der-kuche-ins-parlament\/\" target=\"_blank\" rel=\"noopener\">De la cuisine au parlement<\/a> (2021, St\u00e9phane Go\u00ebl) <em>Der Weg\u00a0<strong>VON DER K\u00dcCHE INS PARLAMENT<\/strong>\u00a0war f\u00fcr die Schweizer Frauen steinig und lang\u00a0\u2013\u00a0vier Generationen mussten daf\u00fcr k\u00e4mpfen,\u00a0dass das\u00a0m\u00e4nnliche Stimmvolk\u00a0den Frauen das\u00a0Recht auf politische Mitbestimmung\u00a0gew\u00e4hrte. Mit Feingef\u00fchl und Humor zeichnet St\u00e9phane Go\u00ebls Dokumentarfilm\u00a0<strong>DE LA CUISINE AU PARLEMENT \u2013 EDITION 2021<\/strong>\u00a0diesen Weg\u00a0nach.<\/em><\/li>\n<li data-content-field=\"title\"><a href=\"https:\/\/www.survivingclassicalmusic.com\/episodes\/jessica-horsley\" target=\"_blank\" rel=\"noopener\">Talking about Women in Classical music<\/a> (2021, Podcast Jessica Horsley)<\/li>\n<li data-content-field=\"title\"><a href=\"https:\/\/www.feminism.ch\/deutsch\/film-frauenstimmrecht\/\" target=\"_blank\" rel=\"noopener\">Film &#8220;Wir feiern 50 Jahre Frauenstimmrecht&#8221; &#8211; Pionierinnen damals &#8211; heute &#8211; morgen<\/a> (2021, SVF &#8211; Schweizerischer Verband f\u00fcr Frauenrechte) <em>Das Recht zu w\u00e4hlen und das Recht, gew\u00e4hlt zu werden, beides ist das Resultat eines langen Kampfes. Sehr vieles hat es dazu gebraucht: Hartn\u00e4ckigkeit, Engagement, Sitzungen, Briefe, Konferenzen, \u00f6ffentliche Proteste und eine unb\u00e4ndige Willenskraft, um R\u00fcckschl\u00e4ge zu \u00fcberwinden<\/em><\/li>\n<li data-content-field=\"title\"><a href=\"https:\/\/soundcloud.com\/bundeshausradio\/50-jahre-frauenstimm-und-wahlrecht-schweiz\" target=\"_blank\" rel=\"noopener\">Bundeshaus Radio. 50 Jahre Frauenstimm- und Wahlrecht Schweiz<\/a> (2021, Podcast) <em>Erlebnisse und Geschichten zu 50 Jahre Frauenstimm- und Wahlrecht. Von der 97-j\u00e4hrigen Frau bis zum 8-j\u00e4hrigen M\u00e4dchen. Von der Bundesr\u00e4tin bis zur Gymnasiastin.<\/em><\/li>\n<li data-content-field=\"title\"><a href=\"https:\/\/www.youtube.com\/watch?v=jwHOrLdSal0\" target=\"_blank\" rel=\"noopener\">Jeder Frau ihre Stimme. 50 Jahre Schweizer Frauengeschichte<\/a> (2020, YouTube Film, Hier und Jetzt Verlag) <em>Der Film zum Buch \u2013 mit Herausgeberin Denise Schmid (Hier und Jetzt Verlag) und Beitr\u00e4gen von Caroline Arni, Elisabeth Joris, Leena Schmitter, Angelika Hardegger, Anja Suter und Fabienne Amlinger.<\/em><\/li>\n<li data-content-field=\"title\"><a href=\"https:\/\/www.youtube.com\/watch?v=8gKUlWeKbdw&amp;app=desktop\" target=\"_blank\" rel=\"noopener\">50 Jahre Frauenstimmrecht &#8211; ein Grund zum Feiern?<\/a> (2020, Interview Radio 3FACH) <em>Ein Treffen mit der Historikerin und Kuratorin Silvia Hess sowie der Psychotherapeutin und Aktivistin Hanna Portmann bei der Ausstellung &#8220;Eine Stimme haben&#8221; im Historischen Museum Luzern zeigt: Frauen sollen ihre Errungenschaften feiern, doch es gibt noch vieles zu tun, bis sich Gleichstellung in unserer Gesellschaft verankert.<\/em><\/li>\n<li data-content-field=\"title\"><a href=\"https:\/\/www.srf.ch\/audio\/kontext\/jung-und-politisch-die-bewegen-was?id=11858854\" target=\"_blank\" rel=\"noopener\">Jung und politisch: Die bewegen was!<\/a> (2020, SRF Radio) <em>Sie sind jung, politisch und sprudeln vor Ideen. Am\u00e9lie Gallad\u00e9 (15) und David Mumenthaler (19) engagieren sich auf vielf\u00e4ltige Weise und treffen bei \u00abKontext\u00bb auf SP-Nationar\u00e4tin Samira Marti und CVP-Nationalrat Simon Stadler.<\/em><\/li>\n<li data-content-field=\"title\"><a href=\"https:\/\/www.youtube.com\/watch?v=G69bRZDNIYk\" target=\"_blank\" rel=\"noopener\">50 Jahren Frauenstimmrecht: Corona und die Demokratie \u2013 wie verschaffen sich Frauen* in der Schweiz Geh\u00f6r<\/a>? (2020, YouTube Feministische Sondersession)<\/li>\n<li data-content-field=\"title\"><a href=\"https:\/\/www.srf.ch\/sendungen\/regionaljournal-bern-freiburg-wallis\/die-frauen-hatten-sogar-den-bischof-auf-ihrer-seite\">Die Frauen hatten sogar den Bischof auf ihrer Seite<\/a>\u00a0(2020, Radio SRF, Regionaljournal Bern Freiburg Wallis)<\/li>\n<li data-content-field=\"title\"><a href=\"https:\/\/www.srf.ch\/news\/schweiz\/genfer-initiative-100-elles-zehn-weitere-oertlichkeiten-fuer-beruehmte-frauen-in-genf\" target=\"_blank\" rel=\"noopener\">Genfer Initiative \u00ab100 Elles\u00bb Zehn weitere \u00d6rtlichkeiten f\u00fcr ber\u00fchmte Frauen in Genf<\/a> (2020, SRF)<\/li>\n<li data-content-field=\"title\"><a href=\"https:\/\/www.dsj.ch\/veranstaltungen\/fachveranstaltungen\/politlunch\/politlunch-9-dezember-2020\/\" target=\"_blank\" rel=\"noopener\">Politlunch: Frauen in der Politik &#8211; fr\u00fcher, heute und in Zukunft<\/a> (2019, DSJ)<\/li>\n<li data-content-field=\"title\"><a href=\"https:\/\/www.turicana.com\/podcasts\/2019\/2\/27\/emilie-kempin-spyri-die-erste-juristin-europas\" target=\"_blank\" rel=\"noopener\">Emilie Kempin Spyri &#8211; die erste Juristin Europas<\/a> (2019, Podcast von Turicana)<\/li>\n<li><a href=\"https:\/\/www.bbc.co.uk\/programmes\/p071x66z\" target=\"_blank\" rel=\"noopener\">Swiss men kept women out of politics until 1971<\/a> (2019, BBC)\u00a0<em>Ruth Dreifuss als Zeitzeugin in einem Kurzfilm der BBC in der Reihe Witness History<\/em><\/li>\n<li><a href=\"https:\/\/www.youtube.com\/watch?v=PxEmWF67csY\" target=\"_blank\" rel=\"noopener\">Swiss Women: 50 Years of struggles and development of political rights<\/a> (2019, TED Talk mit Zita K\u00fcng)<\/li>\n<li><a href=\"https:\/\/www.srf.ch\/play\/tv\/dok\/video\/1968---frauen-veraendern-die-gesellschaft?id=5643332e-7213-471c-afc7-8974da7b0a91\" target=\"_blank\" rel=\"noopener\">1968 \u2013 Frauen ver\u00e4ndern die Gesellschaft<\/a> (2018, SRF DOK)\u00a0<em>Eine Aktivistin von 1968 trifft eine Feministin von 2018.<\/em><\/li>\n<li><a href=\"https:\/\/www.youtube.com\/watch?v=YgMV9zA5El0\" target=\"_blank\" rel=\"noopener\">Von B\u00fcrgern und ,B\u00fcrgerinnen\u2019 \u2013 50 Jahre Frauenstimmrecht im Baselbiet<\/a> (2018, Kanton BL) <em>Der\u00a0Animationsfilm zeigt mit einem Augenzwinkern, wie das Frauenstimmrecht in Basel-Land errungen wurde.<\/em><\/li>\n<li><a href=\"https:\/\/cdnapisec.kaltura.com\/index.php\/extwidget\/preview\/partner_id\/1750922\/uiconf_id\/33142321\/entry_id\/0_ndyq20te\/embed\/dynamic\" target=\"_blank\" rel=\"noopener\">Frauenbewegung in der Schweiz: Von Frauen ohne Stimmrecht zu Pussyhats<\/a> (2017, NZZ)\u00a0<em>Ein R\u00fcckblick auf die Geschichte der Schweizer Frauen- und Frauenstimmrechtsbewegung im Video<\/em><\/li>\n<li><a href=\"https:\/\/www.goettlicheordnung.ch\" target=\"_blank\" rel=\"noopener\">Die g\u00f6ttliche Ordnung<\/a> (Petra Volpe, 2017) <em>Humorvoller Film \u00fcber die Einf\u00fchrung des \u00adFrauenstimmrechts in der Schweiz des Jahres 1971<\/em><\/li>\n<li><a href=\"https:\/\/www.srf.ch\/kultur\/gesellschaft-religion\/der-kampf-der-schweizerinnen-fuer-ein-menschenrecht\" target=\"_blank\" rel=\"noopener\">Der Kampf der Schweizerinnen f\u00fcr ein Menschenrecht<\/a> (2016, SRF Video Archiv)\u00a0<em>Sammlung von Kurzvideos aus der Rubrik \u00abKultur\u00bb des Schweizer Radio und Fernsehen<\/em><\/li>\n<li><a href=\"https:\/\/www.srf.ch\/sendungen\/myschool\/helveticus-das-frauenstimmrecht-24-26\" target=\"_blank\" rel=\"noopener\">Das Frauenstimmrecht<\/a> (2013, Helveticus, SRF)\u00a0<em>Erkl\u00e4rvideo f\u00fcr Kinder zw. vier und sechs Jahren, Folge 24 von 26 der animierten Reihe \u00abHelveticus\u00bb des SRF<\/em><\/li>\n<li><a href=\"https:\/\/www.youtube.com\/watch?time_continue=17&amp;v=AeP5P8JW9aY\" target=\"_blank\" rel=\"noopener\">Parlamentarierinnen<\/a> (1971, Schweizer Filmwochenschau, Schweizer Parlament)\u00a0<em>Originalaufnahmen des Einzugs der ersten Frauen ins Bundesparlament<\/em><\/li>\n<li>Suchergebnisse zum Frauenstimmrecht auf <a href=\"https:\/\/www.srf.ch\/suche?q=Frauenstimmrecht\" target=\"_blank\" rel=\"noopener\">SRF.ch <\/a><em>Sammlung von Kurzvideos zu der Einf\u00fchrung des Frauenstimmrechts in den einzelnen Kantonen<\/em><\/li>\n<\/ul>\n<\/div><\/div><\/div><\/section>\n<section class='av_toggle_section av-8gdhi-1826643ee7fc0b88b417abdaa4b795c6'  itemscope=\"itemscope\" itemtype=\"https:\/\/schema.org\/CreativeWork\" ><div role=\"tablist\" class=\"single_toggle\" data-tags=\"{All} \"  ><p id='toggle-toggle-id-3' data-fake-id='#toggle-id-3' class='toggler  av-title-above av-inherit-border-color'  itemprop=\"headline\"  role='tab' tabindex='0' aria-controls='toggle-id-3' data-slide-speed=\"200\" data-title=\"Zeitungen und Magazine\" data-title-open=\"\" data-aria_collapsed=\"Click to expand: Zeitungen und Magazine\" data-aria_expanded=\"Click to collapse: Zeitungen und Magazine\">Zeitungen und Magazine<span class=\"toggle_icon\"><span class=\"vert_icon\"><\/span><span class=\"hor_icon\"><\/span><\/span><\/p><div id='toggle-id-3' aria-labelledby='toggle-toggle-id-3' role='region' class='toggle_wrap  av-title-above'  ><div class='toggle_content invers-color av-inherit-border-color'  itemprop=\"text\" ><ul>\n<li><a href=\"https:\/\/ch2021.ch\/wp-content\/uploads\/2023\/05\/Buergi_Burkart_Maihofer-2022_Wie-Unrecht-nicht-erinnert-wird_In-Widerspruch-79.pdf\" target=\"_blank\" rel=\"noopener\">Wie Unrecht (nicht) erinnert wird, Eine Analyse des Medienechos anl\u00e4sslich des Frauenstimmrechtsjubil\u00e4ums<\/a>, Sophie B\u00fcrgi, Joana Burkard, Andrea Maihofer, Widerspruch Nr. 79, 2022<\/li>\n<li><a href=\"https:\/\/svin.ch\/wordpress\/wp-content\/uploads\/2021\/08\/SVIN_News_51_2021.pdf\" target=\"_blank\" rel=\"noopener\">SVIN, Schweizerische Vereinigung der Ingenieurinnen<\/a>, Frauenstimmen, News Nr. 51, Juli 2021<\/li>\n<li><a href=\"https:\/\/www.republik.ch\/2021\/05\/07\/kein-stimmrecht-in-den-eigenen-vier-waenden\" target=\"_blank\" rel=\"noopener\">Kein Stimmrecht in den eigenen vier W\u00e4nden<\/a>, Jurczok 1001, Republik.ch, 07.05.2021<\/li>\n<li><a href=\"https:\/\/www.republik.ch\/2021\/04\/19\/sie-ist-huebsch-er-ist-stark-er-ist-lehrer-sie-ist-kindergaertnerin?\" target=\"_blank\" rel=\"noopener\">Sie ist h\u00fcbsch. Er ist stark. Er ist Lehrer. Sie ist Kinderg\u00e4rtnerin<\/a>, Marie-Jos\u00e9 Kolly &amp; Simon Schmid, Republik.ch, 19.04.2021<\/li>\n<li><a href=\"https:\/\/ch2021.ch\/wp-content\/uploads\/2021\/04\/210205_Brugg_Frauenstimmrecht_Heinz_Trachsel.pdf\" target=\"_blank\" rel=\"noopener\">Entscheid zum Frauenstimmrecht: \u00abNiemand dachte, dass ich Nein stimmen k\u00f6nnte\u00bb<\/a>, Claudia Meier, Aargauer Zeitung, 5.02.2021<\/li>\n<li><a href=\"https:\/\/www.nzz.ch\/geschichte\/wie-ungleichheit-fabriziert-wird-ld.1598265?reduced=true\" target=\"_blank\" rel=\"noopener\">Die Angst vor der Frau: Wie Ungleichheit fabriziert wird<\/a>, Brigitte Studer, NZZ Geschichte Nr. 32, Februar 2021, S. 24-37<\/li>\n<li><a href=\"https:\/\/www.studienverlag.at\/bookimport\/oezgArchiv\/media\/data0393\/5461_oezg2_2015_s14_40_studer.pdf\" target=\"_blank\" rel=\"noopener\">Das Frauenstimm- und Wahlrecht in der Schweiz 1848\u20131971<\/a>, Brigitte Studer, O\u0308ZG 26 (2015) 2, S, \u00a014-27<\/li>\n<li><a href=\"https:\/\/www.e-periodica.ch\/cntmng?pid=szg-006:1996:46::714\" target=\"_blank\" rel=\"noopener\">\u00abL\u2019Etat c&#8217;est l&#8217;homme\u00bb. Politique, citoyennet\u00e9 et genre dans le d\u00e9bat autour du suffrage f\u00e9minin apr\u00e8s<\/a> 1945, Brigitte Studer, in: Schweizerische Zeitschrift f\u00fcr Geschichte 1996, Nr. 3, S. 356-382.<a name=\"x_OLE_LINK2\"><\/a><\/li>\n<li><span lang=\"EN-US\"><a href=\"https:\/\/ch2021.ch\/wp-content\/uploads\/2021\/03\/Universal-Suffrage-and-Direct-Democracy_2003.pdf\" target=\"_blank\" rel=\"noopener\">Universal Suffrage and Direct Democracy: The Swiss Case<\/a>, 1848-1990, in: Christine Faur\u00e9 (Hg.), Poli\u00adtical and Historical Encyclopedia of Women, Brigitte Studer, New York, London 2003, S. 447-457<\/span><span lang=\"EN-US\">.<\/span><\/li>\n<li><a href=\"https:\/\/www.journal21.ch\/wie-das-anrennen-gegen-eine-wand\" target=\"_blank\" rel=\"noopener\">Wie das Anrennen gegen eine Wand<\/a> (Werner Seitz, Journal21.ch, 29.01.2021)<\/li>\n<li><a href=\"https:\/\/www.unibas.ch\/de\/Aktuell\/News\/Uni-Research\/Schweizer-Frauenstimmrecht-Es-war-der-reine-Unwille.html\" target=\"_blank\" rel=\"noopener\">Schweizer Frauenstimmrecht: &#8220;Es war der reine Unwille&#8221;<\/a> (Interview Caroline Arni, Universit\u00e4t Basel, 1.12.2020)<\/li>\n<li><a href=\"https:\/\/www.nzz.ch\/wie-eine-maennerbuendlerische-kultur-und-die-referendumsdemokratie-die-einfuehrung-des-frauenstimmrechts-verhinderten-ld.1588013?reduced=true&amp;fbclid=IwAR1LRT5WqmB8BTUvLxCWKXLMlDEfxm4mIZr-xV4ZhY70BLq9dTRM8PxtwfI\" target=\"_blank\" rel=\"noopener\">Wie eine m\u00e4nnerb\u00fcndlerische Kultur und die Referendumsdemokratie die Einf\u00fchrung des Frauenstimmrechts verhinderten<\/a> (Werner Seitz, NZZ, 24.11.2020)<\/li>\n<li><a href=\"https:\/\/www.bzbasel.ch\/kommentare-aaz\/die-frau-ist-ein-anhaengsel-oft-zaehlt-nur-die-marketingstrategie-nicht-die-kompetenz-139529483\" target=\"_blank\" rel=\"noopener\">Die Frau ist ein Anh\u00e4ngsel: Oft z\u00e4hlt nur die Markenstrategie, nicht die Kompetenz<\/a> (Esther Girsberger, BZ Basel, 19.10.2020)<\/li>\n<li><a href=\"https:\/\/www.republik.ch\/2020\/09\/01\/der-patriarch-in-dir?utm_source=newsletter&amp;utm_medium=email&amp;utm_campaign=republik%2Fnewsletter-editorial-nl-01-09-2020\" target=\"_blank\" rel=\"noopener\">Der Patriarch in dir<\/a> (Anja Nora Schulthess, Republik, 01.09.2020)<\/li>\n<li><a href=\"https:\/\/www.nytimes.com\/interactive\/2020\/08\/17\/us\/suffrage-movement-photos-history.html\" target=\"_blank\" rel=\"noopener\">Suffrage at 100, A visual Story<\/a> (Jennifer Harlan, New York Times, 20.08.2020)<\/li>\n<li class=\"p1\"><a href=\"https:\/\/ch2021.ch\/wp-content\/uploads\/2020\/09\/Neue_Zu\u0308rcher_Zeitung_20200814_Seite_27.pdf\" target=\"_blank\" rel=\"noopener\">Unkonforme Geister braucht die Zeit<\/a> (Claudia M\u00e4der, NZZ, 14.08.2020)<\/li>\n<\/ul>\n<\/div><\/div><\/div><\/section>\n<section class='av_toggle_section av-8hyl2-705d682508231c52a7e6d25f76c2dd1a'  itemscope=\"itemscope\" itemtype=\"https:\/\/schema.org\/CreativeWork\" ><div role=\"tablist\" class=\"single_toggle\" data-tags=\"{All} \"  ><p id='toggle-toggle-id-4' data-fake-id='#toggle-id-4' class='toggler  av-title-above av-inherit-border-color'  itemprop=\"headline\"  role='tab' tabindex='0' aria-controls='toggle-id-4' data-slide-speed=\"200\" data-title=\"Links zu Frauen und Politik \u2013 heute\" data-title-open=\"\" data-aria_collapsed=\"Click to expand: Links zu Frauen und Politik \u2013 heute\" data-aria_expanded=\"Click to collapse: Links zu Frauen und Politik \u2013 heute\">Links zu Frauen und Politik \u2013 heute<span class=\"toggle_icon\"><span class=\"vert_icon\"><\/span><span class=\"hor_icon\"><\/span><\/span><\/p><div id='toggle-id-4' aria-labelledby='toggle-toggle-id-4' role='region' class='toggle_wrap  av-title-above'  ><div class='toggle_content invers-color av-inherit-border-color'  itemprop=\"text\" ><ul>\n<li>Eidgen\u00f6ssisches Justiz- und Polizeidepartement EJPD, <a href=\"https:\/\/www.ejpd.admin.ch\/ejpd\/de\/home\/themen\/50-jahre-frauenstimmrecht.html\" target=\"_blank\" rel=\"noopener\">50 Jahre Frauenstimm- und Wahlrecht<\/a><\/li>\n<li>Dossier des <a href=\"https:\/\/www.bfs.admin.ch\/bfs\/de\/home\/statistiken\/politik\/wahlen\/frauen.html\" target=\"_blank\" rel=\"noopener\">Bundesamtes f\u00fcr Statistik<\/a> mit Publikationen und Tabellen rund um die Thema Frauen in den politischen Institutionen<\/li>\n<li>Die Webseite der Parlamentsdienste <a href=\"https:\/\/www.parlament.ch\/de\/\u00fcber-das-parlament\/politfrauen\" target=\"_blank\" rel=\"noopener\">\u00abPolitfrauen\u00bb<\/a> will die Frauen ermutigen, sich politisch zu engagieren und in die Fussstapfen der Pionierinnen zu treten, die 1971 ins Parlament einzogen.<\/li>\n<li><a href=\"https:\/\/www.ch.ch\/de\/wahlen2019\/frauen-und-wahlen\/\" target=\"_blank\" rel=\"noopener\">\u00abFrauen und Wahlen\u00bb<\/a> &#8211; Aktuelles Dossier der Bundeskanzlei anl\u00e4sslich der Schweizer Parlamentswahlen 2019<\/li>\n<li>Fachzeitschrift <a href=\"https:\/\/www.ekf.admin.ch\/ekf\/de\/home\/dokumentation\/fachzeitschrift--frauenfragen-.html\" target=\"_blank\" rel=\"noopener\">\u00abFrauenfragen\u00bb<\/a> der Eidgen\u00f6ssischen Kommission f\u00fcr Frauenfragen EKF (seit 1978) <em>Die Zeitschrift bietet Grundlagen und Diskussionen zur schweizerischen Gleichstellungspolitik. Jede Nummer ist einem aktuellen Thema gewidmet.<\/em><\/li>\n<\/ul>\n<\/div><\/div><\/div><\/section>\n<section class='av_toggle_section av-auwge-935b31de1fc56fd7f2e7ba355ce43fed'  itemscope=\"itemscope\" itemtype=\"https:\/\/schema.org\/CreativeWork\" ><div role=\"tablist\" class=\"single_toggle\" data-tags=\"{All} \"  ><p id='toggle-toggle-id-5' data-fake-id='#toggle-id-5' class='toggler  av-title-above av-inherit-border-color'  itemprop=\"headline\"  role='tab' tabindex='0' aria-controls='toggle-id-5' data-slide-speed=\"200\" data-title=\"Links zu interessanten Projekten, Kampagnen und Angeboten\" data-title-open=\"\" data-aria_collapsed=\"Click to expand: Links zu interessanten Projekten, Kampagnen und Angeboten\" data-aria_expanded=\"Click to collapse: Links zu interessanten Projekten, Kampagnen und Angeboten\">Links zu interessanten Projekten, Kampagnen und Angeboten<span class=\"toggle_icon\"><span class=\"vert_icon\"><\/span><span class=\"hor_icon\"><\/span><\/span><\/p><div id='toggle-id-5' aria-labelledby='toggle-toggle-id-5' role='region' class='toggle_wrap  av-title-above'  ><div class='toggle_content invers-color av-inherit-border-color'  itemprop=\"text\" ><ul>\n<li>Auf der Plattform <a href=\"http:\/\/www.sheknows.ch\" target=\"_blank\" rel=\"noopener\">sheknows.ch<\/a>, die von Alliance F (Bund Schweizerischer Frauenorganisationen) initiiert wurde, stellen sich Expert*innen aller Bereiche f\u00fcr Medienanfragen, Panels und Podien zur Verf\u00fcgung und geben ihr Expert*innenwissen weiter.<\/li>\n<li>Die \u00fcberparteiliche Kampagne <a href=\"http:\/\/www.helvetia-ruft.ch\" target=\"_blank\" rel=\"noopener\">\u00abHelvetia ruft!\u00bb<\/a> von Alliance F und Operation Libero setzt sich daf\u00fcr ein, dass sich mehr Frauen in der Schweizer Politik engagieren und ruft W\u00e4hler*innen dazu auf, Frauen zu w\u00e4hlen.<\/li>\n<li>Mit der Kampagne <a href=\"http:\/\/www.bundesraetinnen.ch\" target=\"_blank\" rel=\"noopener\">\u00abBundesr\u00e4tinnen\u00bb<\/a> fordert Alliance F das Parlament auf, eine ausgeglichene Frauenvertretung im Bundesrat umzusetzen, dass die Bundesverfassung entsprechend erg\u00e4nzt und die Konkordanz auch auf das Geschlecht angewendet wird.<\/li>\n<li>Auf dem Blog <a href=\"http:\/\/100frauen.ch\" target=\"_blank\" rel=\"noopener\">100Frauen.ch<\/a> finden sich verschiedene Portr\u00e4ts und Interviews von bemerkenswerten Frauen (u.a. mit der ersten Schweizer Bundesrichterin Margrith Bigler-Eggenberger), die in der Schweiz leben oder einen starken Bezug zur Schweiz haben.<\/li>\n<li>Das Netzwerk f\u00fcr Frauen in Schweizer Medien <a href=\"https:\/\/www.medienfrauen.ch\/\" target=\"_blank\" rel=\"noopener\">\u00abMedienfrauen\u00bb<\/a> bietet eine Datenbank, in der sich Expert*innen registrieren k\u00f6nnen.<\/li>\n<li><a href=\"https:\/\/neuefrauenbewegung.sozialarchiv.ch\/index.php\" target=\"_blank\" rel=\"noopener\">Neue Frauenbewegung 2.0.<\/a> ist ein digitales Archiv zur Geschichte der Neuen Frauenbewegung in der Schweiz.<\/li>\n<\/ul>\n<\/div><\/div><\/div><\/section>\n<\/div>\n<\/div><\/div><\/div><!-- close content main div --><\/div><\/div><div id='after_section_2'  class='main_color av_default_container_wrap container_wrap sidebar_right'  ><div class='container av-section-cont-open' ><div class='template-page content  av-content-small alpha units'><div class='post-entry post-entry-type-page post-entry-902'><div class='entry-content-wrapper clearfix'>\n","protected":false},"excerpt":{"rendered":"","protected":false},"author":7,"featured_media":0,"parent":66,"menu_order":0,"comment_status":"closed","ping_status":"closed","template":"","meta":{"_monsterinsights_skip_tracking":false,"_monsterinsights_sitenote_active":false,"_monsterinsights_sitenote_note":"","_monsterinsights_sitenote_category":0,"footnotes":""},"class_list":["post-902","page","type-page","status-publish","hentry"],"_links":{"self":[{"href":"https:\/\/ch2021.ch\/rm\/wp-json\/wp\/v2\/pages\/902","targetHints":{"allow":["GET"]}}],"collection":[{"href":"https:\/\/ch2021.ch\/rm\/wp-json\/wp\/v2\/pages"}],"about":[{"href":"https:\/\/ch2021.ch\/rm\/wp-json\/wp\/v2\/types\/page"}],"author":[{"embeddable":true,"href":"https:\/\/ch2021.ch\/rm\/wp-json\/wp\/v2\/users\/7"}],"replies":[{"embeddable":true,"href":"https:\/\/ch2021.ch\/rm\/wp-json\/wp\/v2\/comments?post=902"}],"version-history":[{"count":133,"href":"https:\/\/ch2021.ch\/rm\/wp-json\/wp\/v2\/pages\/902\/revisions"}],"predecessor-version":[{"id":18490,"href":"https:\/\/ch2021.ch\/rm\/wp-json\/wp\/v2\/pages\/902\/revisions\/18490"}],"up":[{"embeddable":true,"href":"https:\/\/ch2021.ch\/rm\/wp-json\/wp\/v2\/pages\/66"}],"wp:attachment":[{"href":"https:\/\/ch2021.ch\/rm\/wp-json\/wp\/v2\/media?parent=902"}],"curies":[{"name":"wp","href":"https:\/\/api.w.org\/{rel}","templated":true}]}}